{"id":7565,"date":"2022-09-08T07:39:09","date_gmt":"2022-09-08T06:39:09","guid":{"rendered":"https:\/\/bestatterportal.ch\/standort\/servizio-funebre-seetal\/"},"modified":"2025-12-22T15:04:46","modified_gmt":"2025-12-22T14:04:46","slug":"bestattungsdienst-seetal-umgebung","status":"publish","type":"standort","link":"https:\/\/bestatter.ch\/it\/posizione\/bestattungsdienst-seetal-umgebung\/","title":{"rendered":"Servizio funebre Seetal e dintorni"},"content":{"rendered":"<p><span dir=\"auto\" style=\"vertical-align: inherit;\"><span dir=\"auto\" style=\"vertical-align: inherit;\">Servizi funebri Seetal e dintorni<\/span><\/span><\/p>\n<p><span dir=\"auto\" style=\"vertical-align: inherit;\"><span dir=\"auto\" style=\"vertical-align: inherit;\">Un&#8217;azienda familiare con tradizione, che fornisce servizi rispettosi dal 1954<\/span><\/span><\/p>\n<p><span dir=\"auto\" style=\"vertical-align: inherit;\"><span dir=\"auto\" style=\"vertical-align: inherit;\">L&#8217;impresa di onoranze funebri Seetal \u00e8 gestita dal 1954 dalla famiglia Jurt, giunta ormai alla terza generazione. Per decenni abbiamo potuto contare sul supporto dei nostri affidabili dipendenti e partner commerciali. <\/span><\/span><\/p>\n<p><span dir=\"auto\" style=\"vertical-align: inherit;\"><span dir=\"auto\" style=\"vertical-align: inherit;\">Manteniamo strette collaborazioni con la falegnameria R\u00e4ber di Kleinwangen, la falegnameria Egger di Baldegg e, fino alla fine del 2015, con la falegnameria Manzocchi di Ballwil. Il 1\u00b0 gennaio 2016 siamo stati lieti di acquisire la Manzocchi Funeral Services. Bruno Manzocchi, tuttavia, continua a lavorare come impresario funebre all&#8217;interno della nostra azienda. La sua esperienza decennale e la sua rete locale a Ballwil, Eschenbach e Inwil sono una grande risorsa per Seetal Funeral Services.   <\/span><\/span><\/p>\n<p><span dir=\"auto\" style=\"vertical-align: inherit;\"><span dir=\"auto\" style=\"vertical-align: inherit;\">La nostra massima priorit\u00e0 in tutti i nostri servizi \u00e8 sempre il trattamento rispettoso del defunto, cos\u00ec come l&#8217;empatia e la discrezione nei confronti del lutto. Per noi \u00e8 molto importante trovare la soluzione pi\u00f9 adatta in accordo con la famiglia in lutto. <\/span><\/span><\/p>\n","protected":false},"author":6,"featured_media":17403,"parent":0,"template":"","categories":[],"tags":[],"class_list":["post-7565","standort","type-standort","status-publish","has-post-thumbnail","hentry"],"acf":{"entitats-id":"3193","teammitglieder":false,"adresse":{"zeile_1":"Heglerstrasse 2","zeile_2":"","stadt":"Hitzkirch","region":"LU","postleitzahl":"6285","iso-landercode":"CH"},"angebote":[{"titel":"Servizio funebre","symbol":"fas fa-dove","beschreibung":"Servizio funebre"},{"titel":"Consulenza \/ organizzazione \/ funzionario","symbol":"fas fa-mani-aiuto","beschreibung":"Consulenza \/ organizzazione \/ funzionario"},{"titel":"Disposizioni funerarie","symbol":"fas fa-busta","beschreibung":"Consulenza sulle pensioni"},{"titel":"Articoli funerari","symbol":"fas fa-cross","beschreibung":"Articoli funerari"},{"titel":"Trasferimenti nazionali","symbol":"fas fa-mano-tenere-cuore","beschreibung":"Trasferimenti nazionali"}],"telefon":"+41419173344","galerie":[{"ID":17407,"id":17407,"title":"4608x3072","filename":"4608x3072-scaled.avif","filesize":276210,"url":"https:\/\/bestatter.ch\/wp-content\/uploads\/2022\/09\/4608x3072-scaled.avif","link":"https:\/\/bestatter.ch\/it\/posizione\/bestattungsdienst-seetal-umgebung\/4608x3072-2\/","alt":"","author":"0","description":"","caption":"","name":"4608x3072-2","status":"inherit","uploaded_to":7565,"date":"2025-12-02 06:05:50","modified":"2025-12-02 06:05:50","menu_order":0,"mime_type":"image\/jpeg","type":"image","subtype":"jpeg","icon":"https:\/\/bestatter.ch\/wp-includes\/images\/media\/default.png","width":2880,"height":1920,"sizes":{"thumbnail":"https:\/\/bestatter.ch\/wp-content\/uploads\/2022\/09\/4608x3072-150x150.avif","thumbnail-width":150,"thumbnail-height":150,"medium":"https:\/\/bestatter.ch\/wp-content\/uploads\/2022\/09\/4608x3072-300x200.avif","medium-width":300,"medium-height":200,"medium_large":"https:\/\/bestatter.ch\/wp-content\/uploads\/2022\/09\/4608x3072-768x512.avif","medium_large-width":640,"medium_large-height":427,"large":"https:\/\/bestatter.ch\/wp-content\/uploads\/2022\/09\/4608x3072-1024x683.avif","large-width":640,"large-height":427,"1536x1536":"https:\/\/bestatter.ch\/wp-content\/uploads\/2022\/09\/4608x3072-1536x1024.avif","1536x1536-width":1536,"1536x1536-height":1024,"2048x2048":"https:\/\/bestatter.ch\/wp-content\/uploads\/2022\/09\/4608x3072-2048x1365.avif","2048x2048-width":2048,"2048x2048-height":1365,"vp_sm":"https:\/\/bestatter.ch\/wp-content\/uploads\/2022\/09\/4608x3072-500x333.avif","vp_sm-width":500,"vp_sm-height":333,"vp_md":"https:\/\/bestatter.ch\/wp-content\/uploads\/2022\/09\/4608x3072-800x533.avif","vp_md-width":800,"vp_md-height":533,"vp_lg":"https:\/\/bestatter.ch\/wp-content\/uploads\/2022\/09\/4608x3072-1280x853.avif","vp_lg-width":1280,"vp_lg-height":853,"vp_xl":"https:\/\/bestatter.ch\/wp-content\/uploads\/2022\/09\/4608x3072-1920x1280.avif","vp_xl-width":1920,"vp_xl-height":1280,"vp_sm_popup":"https:\/\/bestatter.ch\/wp-content\/uploads\/2022\/09\/4608x3072-500x333.avif","vp_sm_popup-width":500,"vp_sm_popup-height":333,"vp_md_popup":"https:\/\/bestatter.ch\/wp-content\/uploads\/2022\/09\/4608x3072-800x533.avif","vp_md_popup-width":800,"vp_md_popup-height":533,"vp_xl_popup":"https:\/\/bestatter.ch\/wp-content\/uploads\/2022\/09\/4608x3072-1920x1280.avif","vp_xl_popup-width":1920,"vp_xl_popup-height":1280}},{"ID":19052,"id":19052,"title":"4608x3072-2","filename":"4608x3072-2-scaled.avif","filesize":333509,"url":"https:\/\/bestatter.ch\/wp-content\/uploads\/2022\/09\/4608x3072-2-scaled.avif","link":"https:\/\/bestatter.ch\/it\/posizione\/bestattungsdienst-seetal-umgebung\/4608x3072-2-2\/","alt":"","author":"0","description":"","caption":"","name":"4608x3072-2-2","status":"inherit","uploaded_to":7565,"date":"2025-12-03 08:34:59","modified":"2025-12-03 08:34:59","menu_order":0,"mime_type":"image\/jpeg","type":"image","subtype":"jpeg","icon":"https:\/\/bestatter.ch\/wp-includes\/images\/media\/default.png","width":2880,"height":1920,"sizes":{"thumbnail":"https:\/\/bestatter.ch\/wp-content\/uploads\/2022\/09\/4608x3072-2-150x150.avif","thumbnail-width":150,"thumbnail-height":150,"medium":"https:\/\/bestatter.ch\/wp-content\/uploads\/2022\/09\/4608x3072-2-300x200.avif","medium-width":300,"medium-height":200,"medium_large":"https:\/\/bestatter.ch\/wp-content\/uploads\/2022\/09\/4608x3072-2-768x512.avif","medium_large-width":640,"medium_large-height":427,"large":"https:\/\/bestatter.ch\/wp-content\/uploads\/2022\/09\/4608x3072-2-1024x683.avif","large-width":640,"large-height":427,"1536x1536":"https:\/\/bestatter.ch\/wp-content\/uploads\/2022\/09\/4608x3072-2-1536x1024.avif","1536x1536-width":1536,"1536x1536-height":1024,"2048x2048":"https:\/\/bestatter.ch\/wp-content\/uploads\/2022\/09\/4608x3072-2-2048x1365.avif","2048x2048-width":2048,"2048x2048-height":1365,"vp_sm":"https:\/\/bestatter.ch\/wp-content\/uploads\/2022\/09\/4608x3072-2-500x333.avif","vp_sm-width":500,"vp_sm-height":333,"vp_md":"https:\/\/bestatter.ch\/wp-content\/uploads\/2022\/09\/4608x3072-2-800x533.avif","vp_md-width":800,"vp_md-height":533,"vp_lg":"https:\/\/bestatter.ch\/wp-content\/uploads\/2022\/09\/4608x3072-2-1280x853.avif","vp_lg-width":1280,"vp_lg-height":853,"vp_xl":"https:\/\/bestatter.ch\/wp-content\/uploads\/2022\/09\/4608x3072-2-1920x1280.avif","vp_xl-width":1920,"vp_xl-height":1280,"vp_sm_popup":"https:\/\/bestatter.ch\/wp-content\/uploads\/2022\/09\/4608x3072-2-500x333.avif","vp_sm_popup-width":500,"vp_sm_popup-height":333,"vp_md_popup":"https:\/\/bestatter.ch\/wp-content\/uploads\/2022\/09\/4608x3072-2-800x533.avif","vp_md_popup-width":800,"vp_md_popup-height":533,"vp_xl_popup":"https:\/\/bestatter.ch\/wp-content\/uploads\/2022\/09\/4608x3072-2-1920x1280.avif","vp_xl_popup-width":1920,"vp_xl_popup-height":1280}},{"ID":19400,"id":19400,"title":"4608x3072-4","filename":"4608x3072-4-scaled.avif","filesize":126600,"url":"https:\/\/bestatter.ch\/wp-content\/uploads\/2022\/09\/4608x3072-4-scaled.avif","link":"https:\/\/bestatter.ch\/it\/posizione\/bestattungsdienst-seetal-umgebung\/4608x3072-4-2\/","alt":"","author":"6","description":"","caption":"","name":"4608x3072-4-2","status":"inherit","uploaded_to":7565,"date":"2025-12-04 10:52:23","modified":"2025-12-04 10:52:23","menu_order":0,"mime_type":"image\/jpeg","type":"image","subtype":"jpeg","icon":"https:\/\/bestatter.ch\/wp-includes\/images\/media\/default.png","width":2880,"height":1920,"sizes":{"thumbnail":"https:\/\/bestatter.ch\/wp-content\/uploads\/2022\/09\/4608x3072-4-150x150.avif","thumbnail-width":150,"thumbnail-height":150,"medium":"https:\/\/bestatter.ch\/wp-content\/uploads\/2022\/09\/4608x3072-4-300x200.avif","medium-width":300,"medium-height":200,"medium_large":"https:\/\/bestatter.ch\/wp-content\/uploads\/2022\/09\/4608x3072-4-768x512.avif","medium_large-width":640,"medium_large-height":427,"large":"https:\/\/bestatter.ch\/wp-content\/uploads\/2022\/09\/4608x3072-4-1024x683.avif","large-width":640,"large-height":427,"1536x1536":"https:\/\/bestatter.ch\/wp-content\/uploads\/2022\/09\/4608x3072-4-1536x1024.avif","1536x1536-width":1536,"1536x1536-height":1024,"2048x2048":"https:\/\/bestatter.ch\/wp-content\/uploads\/2022\/09\/4608x3072-4-2048x1365.avif","2048x2048-width":2048,"2048x2048-height":1365,"vp_sm":"https:\/\/bestatter.ch\/wp-content\/uploads\/2022\/09\/4608x3072-4-500x333.avif","vp_sm-width":500,"vp_sm-height":333,"vp_md":"https:\/\/bestatter.ch\/wp-content\/uploads\/2022\/09\/4608x3072-4-800x533.avif","vp_md-width":800,"vp_md-height":533,"vp_lg":"https:\/\/bestatter.ch\/wp-content\/uploads\/2022\/09\/4608x3072-4-1280x853.avif","vp_lg-width":1280,"vp_lg-height":853,"vp_xl":"https:\/\/bestatter.ch\/wp-content\/uploads\/2022\/09\/4608x3072-4-1920x1280.avif","vp_xl-width":1920,"vp_xl-height":1280,"vp_sm_popup":"https:\/\/bestatter.ch\/wp-content\/uploads\/2022\/09\/4608x3072-4-500x333.avif","vp_sm_popup-width":500,"vp_sm_popup-height":333,"vp_md_popup":"https:\/\/bestatter.ch\/wp-content\/uploads\/2022\/09\/4608x3072-4-800x533.avif","vp_md_popup-width":800,"vp_md_popup-height":533,"vp_xl_popup":"https:\/\/bestatter.ch\/wp-content\/uploads\/2022\/09\/4608x3072-4-1920x1280.avif","vp_xl_popup-width":1920,"vp_xl_popup-height":1280}},{"ID":19404,"id":19404,"title":"4608x3072-5","filename":"4608x3072-5-scaled.avif","filesize":372830,"url":"https:\/\/bestatter.ch\/wp-content\/uploads\/2022\/09\/4608x3072-5-scaled.avif","link":"https:\/\/bestatter.ch\/it\/posizione\/bestattungsdienst-seetal-umgebung\/4608x3072-5-2\/","alt":"","author":"6","description":"","caption":"","name":"4608x3072-5-2","status":"inherit","uploaded_to":7565,"date":"2025-12-04 10:53:31","modified":"2025-12-04 11:49:48","menu_order":0,"mime_type":"image\/jpeg","type":"image","subtype":"jpeg","icon":"https:\/\/bestatter.ch\/wp-includes\/images\/media\/default.png","width":2880,"height":1920,"sizes":{"thumbnail":"https:\/\/bestatter.ch\/wp-content\/uploads\/2022\/09\/4608x3072-5-150x150.avif","thumbnail-width":150,"thumbnail-height":150,"medium":"https:\/\/bestatter.ch\/wp-content\/uploads\/2022\/09\/4608x3072-5-300x200.avif","medium-width":300,"medium-height":200,"medium_large":"https:\/\/bestatter.ch\/wp-content\/uploads\/2022\/09\/4608x3072-5-768x512.avif","medium_large-width":640,"medium_large-height":427,"large":"https:\/\/bestatter.ch\/wp-content\/uploads\/2022\/09\/4608x3072-5-1024x683.avif","large-width":640,"large-height":427,"1536x1536":"https:\/\/bestatter.ch\/wp-content\/uploads\/2022\/09\/4608x3072-5-1536x1024.avif","1536x1536-width":1536,"1536x1536-height":1024,"2048x2048":"https:\/\/bestatter.ch\/wp-content\/uploads\/2022\/09\/4608x3072-5-2048x1365.avif","2048x2048-width":2048,"2048x2048-height":1365,"vp_sm":"https:\/\/bestatter.ch\/wp-content\/uploads\/2022\/09\/4608x3072-5-500x333.avif","vp_sm-width":500,"vp_sm-height":333,"vp_md":"https:\/\/bestatter.ch\/wp-content\/uploads\/2022\/09\/4608x3072-5-800x533.avif","vp_md-width":800,"vp_md-height":533,"vp_lg":"https:\/\/bestatter.ch\/wp-content\/uploads\/2022\/09\/4608x3072-5-1280x853.avif","vp_lg-width":1280,"vp_lg-height":853,"vp_xl":"https:\/\/bestatter.ch\/wp-content\/uploads\/2022\/09\/4608x3072-5-1920x1280.avif","vp_xl-width":1920,"vp_xl-height":1280,"vp_sm_popup":"https:\/\/bestatter.ch\/wp-content\/uploads\/2022\/09\/4608x3072-5-500x333.avif","vp_sm_popup-width":500,"vp_sm_popup-height":333,"vp_md_popup":"https:\/\/bestatter.ch\/wp-content\/uploads\/2022\/09\/4608x3072-5-800x533.avif","vp_md_popup-width":800,"vp_md_popup-height":533,"vp_xl_popup":"https:\/\/bestatter.ch\/wp-content\/uploads\/2022\/09\/4608x3072-5-1920x1280.avif","vp_xl_popup-width":1920,"vp_xl_popup-height":1280}},{"ID":19496,"id":19496,"title":"2020x888","filename":"2020x888.avif","filesize":191926,"url":"https:\/\/bestatter.ch\/wp-content\/uploads\/2022\/09\/2020x888.avif","link":"https:\/\/bestatter.ch\/it\/posizione\/bestattungsdienst-seetal-umgebung\/2020x888-2\/","alt":"","author":"6","description":"","caption":"","name":"2020x888-2","status":"inherit","uploaded_to":7565,"date":"2025-12-04 11:50:44","modified":"2025-12-04 11:51:27","menu_order":0,"mime_type":"image\/jpeg","type":"image","subtype":"jpeg","icon":"https:\/\/bestatter.ch\/wp-includes\/images\/media\/default.png","width":2020,"height":888,"sizes":{"thumbnail":"https:\/\/bestatter.ch\/wp-content\/uploads\/2022\/09\/2020x888-150x150.avif","thumbnail-width":150,"thumbnail-height":150,"medium":"https:\/\/bestatter.ch\/wp-content\/uploads\/2022\/09\/2020x888-300x132.avif","medium-width":300,"medium-height":132,"medium_large":"https:\/\/bestatter.ch\/wp-content\/uploads\/2022\/09\/2020x888-768x338.avif","medium_large-width":640,"medium_large-height":282,"large":"https:\/\/bestatter.ch\/wp-content\/uploads\/2022\/09\/2020x888-1024x450.avif","large-width":640,"large-height":281,"1536x1536":"https:\/\/bestatter.ch\/wp-content\/uploads\/2022\/09\/2020x888-1536x675.avif","1536x1536-width":1536,"1536x1536-height":675,"2048x2048":"https:\/\/bestatter.ch\/wp-content\/uploads\/2022\/09\/2020x888.avif","2048x2048-width":2020,"2048x2048-height":888,"vp_sm":"https:\/\/bestatter.ch\/wp-content\/uploads\/2022\/09\/2020x888-500x220.avif","vp_sm-width":500,"vp_sm-height":220,"vp_md":"https:\/\/bestatter.ch\/wp-content\/uploads\/2022\/09\/2020x888-800x352.avif","vp_md-width":800,"vp_md-height":352,"vp_lg":"https:\/\/bestatter.ch\/wp-content\/uploads\/2022\/09\/2020x888-1280x563.avif","vp_lg-width":1280,"vp_lg-height":563,"vp_xl":"https:\/\/bestatter.ch\/wp-content\/uploads\/2022\/09\/2020x888-1920x844.avif","vp_xl-width":1920,"vp_xl-height":844,"vp_sm_popup":"https:\/\/bestatter.ch\/wp-content\/uploads\/2022\/09\/2020x888-500x220.avif","vp_sm_popup-width":500,"vp_sm_popup-height":220,"vp_md_popup":"https:\/\/bestatter.ch\/wp-content\/uploads\/2022\/09\/2020x888-800x352.avif","vp_md_popup-width":800,"vp_md_popup-height":352,"vp_xl_popup":"https:\/\/bestatter.ch\/wp-content\/uploads\/2022\/09\/2020x888-1920x844.avif","vp_xl_popup-width":1920,"vp_xl_popup-height":844}}],"sprachen":[{"sprache":"Deutsch"}],"website-url":"http:\/\/www.bestattungsdienst-seetal.ch\/","fahigkeitsausweise":"Bestatter mit Eidgen\u00f6ssischem Fachausweis","gutesiegel":false,"lieferant":false,"bestattungsvorsorge":false,"ansprechperson":{"name":"Viktor Jurt","telefonnummer":"041 917 33 44","e-mail":"viktor.jurt@icloud.com","bezeichnung":"","bestattungsvorsorge":false,"bild":{"ID":19491,"id":19491,"title":"1255x1255","filename":"1255x1255.avif","filesize":70913,"url":"https:\/\/bestatter.ch\/wp-content\/uploads\/2022\/09\/1255x1255.avif","link":"https:\/\/bestatter.ch\/it\/posizione\/bestattungsdienst-seetal-umgebung\/1255x1255-2\/","alt":"","author":"6","description":"","caption":"","name":"1255x1255-2","status":"inherit","uploaded_to":7565,"date":"2025-12-04 11:48:03","modified":"2025-12-04 11:48:03","menu_order":0,"mime_type":"image\/png","type":"image","subtype":"png","icon":"https:\/\/bestatter.ch\/wp-includes\/images\/media\/default.png","width":1255,"height":1255,"sizes":{"thumbnail":"https:\/\/bestatter.ch\/wp-content\/uploads\/2022\/09\/1255x1255-150x150.avif","thumbnail-width":150,"thumbnail-height":150,"medium":"https:\/\/bestatter.ch\/wp-content\/uploads\/2022\/09\/1255x1255-300x300.avif","medium-width":300,"medium-height":300,"medium_large":"https:\/\/bestatter.ch\/wp-content\/uploads\/2022\/09\/1255x1255-768x768.avif","medium_large-width":640,"medium_large-height":640,"large":"https:\/\/bestatter.ch\/wp-content\/uploads\/2022\/09\/1255x1255-1024x1024.avif","large-width":640,"large-height":640,"1536x1536":"https:\/\/bestatter.ch\/wp-content\/uploads\/2022\/09\/1255x1255.avif","1536x1536-width":1255,"1536x1536-height":1255,"2048x2048":"https:\/\/bestatter.ch\/wp-content\/uploads\/2022\/09\/1255x1255.avif","2048x2048-width":1255,"2048x2048-height":1255,"vp_sm":"https:\/\/bestatter.ch\/wp-content\/uploads\/2022\/09\/1255x1255-500x500.avif","vp_sm-width":500,"vp_sm-height":500,"vp_md":"https:\/\/bestatter.ch\/wp-content\/uploads\/2022\/09\/1255x1255-800x800.avif","vp_md-width":800,"vp_md-height":800,"vp_lg":"https:\/\/bestatter.ch\/wp-content\/uploads\/2022\/09\/1255x1255.avif","vp_lg-width":1255,"vp_lg-height":1255,"vp_xl":"https:\/\/bestatter.ch\/wp-content\/uploads\/2022\/09\/1255x1255.avif","vp_xl-width":1255,"vp_xl-height":1255,"vp_sm_popup":"https:\/\/bestatter.ch\/wp-content\/uploads\/2022\/09\/1255x1255-500x500.avif","vp_sm_popup-width":500,"vp_sm_popup-height":500,"vp_md_popup":"https:\/\/bestatter.ch\/wp-content\/uploads\/2022\/09\/1255x1255-800x800.avif","vp_md_popup-width":800,"vp_md_popup-height":800,"vp_xl_popup":"https:\/\/bestatter.ch\/wp-content\/uploads\/2022\/09\/1255x1255.avif","vp_xl_popup-width":1255,"vp_xl_popup-height":1255}}},"e-mails":[{"e-mail":"viktor.jurt@icloud.com"}],"lieferantenkategorien":false,"grundungsjahr":"1954","youtube-url":"","facebook-url":"https:\/\/www.facebook.com\/ViktorJurt","stadtkoordinaten":{"latitude":"47.2249542","longitude":"8.2632896"}},"_links":{"self":[{"href":"https:\/\/bestatter.ch\/it\/wp-json\/wp\/v2\/standort\/7565","targetHints":{"allow":["GET"]}}],"collection":[{"href":"https:\/\/bestatter.ch\/it\/wp-json\/wp\/v2\/standort"}],"about":[{"href":"https:\/\/bestatter.ch\/it\/wp-json\/wp\/v2\/types\/standort"}],"author":[{"embeddable":true,"href":"https:\/\/bestatter.ch\/it\/wp-json\/wp\/v2\/users\/6"}],"wp:featuredmedia":[{"embeddable":true,"href":"https:\/\/bestatter.ch\/it\/wp-json\/wp\/v2\/media\/17403"}],"wp:attachment":[{"href":"https:\/\/bestatter.ch\/it\/wp-json\/wp\/v2\/media?parent=7565"}],"wp:term":[{"taxonomy":"category","embeddable":true,"href":"https:\/\/bestatter.ch\/it\/wp-json\/wp\/v2\/categories?post=7565"},{"taxonomy":"post_tag","embeddable":true,"href":"https:\/\/bestatter.ch\/it\/wp-json\/wp\/v2\/tags?post=7565"}],"curies":[{"name":"wp","href":"https:\/\/api.w.org\/{rel}","templated":true}]}}