{"id":7422,"date":"2022-09-08T07:39:12","date_gmt":"2022-09-08T06:39:12","guid":{"rendered":"https:\/\/bestatterportal.ch\/standort\/geiser-e-von-aesch\/"},"modified":"2026-01-08T12:08:52","modified_gmt":"2026-01-08T11:08:52","slug":"geiser-und-von-aesch-brugg","status":"publish","type":"standort","link":"https:\/\/bestatter.ch\/it\/posizione\/geiser-und-von-aesch-brugg\/","title":{"rendered":"Funerali Geiser | von Aesch"},"content":{"rendered":"<p>Benvenuti a Geiser e von Aesch. Nei momenti di dolore e di perdita, siamo al vostro fianco come partner affidabile. Siamo un team esperto e compassionevole di impresari funebri che garantir\u00e0 che il funerale del vostro caro sia condotto con dignit\u00e0 e rispetto.<\/p>\n<p>Con noi potete essere certi che tutto si svolger\u00e0 secondo i vostri desideri e le vostre idee. Ci prendiamo il tempo necessario per ascoltare le vostre esigenze e siamo lieti di consigliarvi su tutti gli aspetti del funerale.  Siamo consapevoli che ogni persona \u00e8 unica e merita un addio personalizzato.<\/p>\n<p>Se stai cercando un&#8217;impresa funebre affidabile ed esperta, sei nel posto giusto. Contattaci per una consulenza non vincolante in modo da poterti aiutare in questo momento difficile. <\/p>\n","protected":false},"author":6,"featured_media":0,"parent":0,"template":"","categories":[],"tags":[],"class_list":["post-7422","standort","type-standort","status-publish","hentry"],"acf":{"entitats-id":"3225","teammitglieder":[{"name":"Ueli Zahnd","bezeichnung":"Bestatter","bild":{"ID":18992,"id":18992,"title":"525x525","filename":"525x525.avif","filesize":12531,"url":"https:\/\/bestatter.ch\/wp-content\/uploads\/2022\/09\/525x525.avif","link":"https:\/\/bestatter.ch\/it\/posizione\/geiser-und-von-aesch-brugg\/525x525-2\/","alt":"","author":"0","description":"","caption":"","name":"525x525-2","status":"inherit","uploaded_to":7422,"date":"2025-12-03 08:10:06","modified":"2025-12-03 08:10:06","menu_order":0,"mime_type":"image\/jpeg","type":"image","subtype":"jpeg","icon":"https:\/\/bestatter.ch\/wp-includes\/images\/media\/default.png","width":525,"height":525,"sizes":{"thumbnail":"https:\/\/bestatter.ch\/wp-content\/uploads\/2022\/09\/525x525-150x150.avif","thumbnail-width":150,"thumbnail-height":150,"medium":"https:\/\/bestatter.ch\/wp-content\/uploads\/2022\/09\/525x525-300x300.avif","medium-width":300,"medium-height":300,"medium_large":"https:\/\/bestatter.ch\/wp-content\/uploads\/2022\/09\/525x525.avif","medium_large-width":525,"medium_large-height":525,"large":"https:\/\/bestatter.ch\/wp-content\/uploads\/2022\/09\/525x525.avif","large-width":525,"large-height":525,"1536x1536":"https:\/\/bestatter.ch\/wp-content\/uploads\/2022\/09\/525x525.avif","1536x1536-width":525,"1536x1536-height":525,"2048x2048":"https:\/\/bestatter.ch\/wp-content\/uploads\/2022\/09\/525x525.avif","2048x2048-width":525,"2048x2048-height":525,"vp_sm":"https:\/\/bestatter.ch\/wp-content\/uploads\/2022\/09\/525x525-500x500.avif","vp_sm-width":500,"vp_sm-height":500,"vp_md":"https:\/\/bestatter.ch\/wp-content\/uploads\/2022\/09\/525x525.avif","vp_md-width":525,"vp_md-height":525,"vp_lg":"https:\/\/bestatter.ch\/wp-content\/uploads\/2022\/09\/525x525.avif","vp_lg-width":525,"vp_lg-height":525,"vp_xl":"https:\/\/bestatter.ch\/wp-content\/uploads\/2022\/09\/525x525.avif","vp_xl-width":525,"vp_xl-height":525,"vp_sm_popup":"https:\/\/bestatter.ch\/wp-content\/uploads\/2022\/09\/525x525-500x500.avif","vp_sm_popup-width":500,"vp_sm_popup-height":500,"vp_md_popup":"https:\/\/bestatter.ch\/wp-content\/uploads\/2022\/09\/525x525.avif","vp_md_popup-width":525,"vp_md_popup-height":525,"vp_xl_popup":"https:\/\/bestatter.ch\/wp-content\/uploads\/2022\/09\/525x525.avif","vp_xl_popup-width":525,"vp_xl_popup-height":525}}},{"name":"Matias B\u00f6gli","bezeichnung":"Stv. Gesch\u00e4ftsf\u00fchrer","bild":{"ID":18996,"id":18996,"title":"526x526","filename":"526x526.avif","filesize":16952,"url":"https:\/\/bestatter.ch\/wp-content\/uploads\/2022\/09\/526x526.avif","link":"https:\/\/bestatter.ch\/it\/posizione\/geiser-und-von-aesch-brugg\/526x526-2\/","alt":"","author":"0","description":"","caption":"","name":"526x526-2","status":"inherit","uploaded_to":7422,"date":"2025-12-03 08:10:15","modified":"2025-12-03 08:10:15","menu_order":0,"mime_type":"image\/jpeg","type":"image","subtype":"jpeg","icon":"https:\/\/bestatter.ch\/wp-includes\/images\/media\/default.png","width":526,"height":526,"sizes":{"thumbnail":"https:\/\/bestatter.ch\/wp-content\/uploads\/2022\/09\/526x526-150x150.avif","thumbnail-width":150,"thumbnail-height":150,"medium":"https:\/\/bestatter.ch\/wp-content\/uploads\/2022\/09\/526x526-300x300.avif","medium-width":300,"medium-height":300,"medium_large":"https:\/\/bestatter.ch\/wp-content\/uploads\/2022\/09\/526x526.avif","medium_large-width":526,"medium_large-height":526,"large":"https:\/\/bestatter.ch\/wp-content\/uploads\/2022\/09\/526x526.avif","large-width":526,"large-height":526,"1536x1536":"https:\/\/bestatter.ch\/wp-content\/uploads\/2022\/09\/526x526.avif","1536x1536-width":526,"1536x1536-height":526,"2048x2048":"https:\/\/bestatter.ch\/wp-content\/uploads\/2022\/09\/526x526.avif","2048x2048-width":526,"2048x2048-height":526,"vp_sm":"https:\/\/bestatter.ch\/wp-content\/uploads\/2022\/09\/526x526-500x500.avif","vp_sm-width":500,"vp_sm-height":500,"vp_md":"https:\/\/bestatter.ch\/wp-content\/uploads\/2022\/09\/526x526.avif","vp_md-width":526,"vp_md-height":526,"vp_lg":"https:\/\/bestatter.ch\/wp-content\/uploads\/2022\/09\/526x526.avif","vp_lg-width":526,"vp_lg-height":526,"vp_xl":"https:\/\/bestatter.ch\/wp-content\/uploads\/2022\/09\/526x526.avif","vp_xl-width":526,"vp_xl-height":526,"vp_sm_popup":"https:\/\/bestatter.ch\/wp-content\/uploads\/2022\/09\/526x526-500x500.avif","vp_sm_popup-width":500,"vp_sm_popup-height":500,"vp_md_popup":"https:\/\/bestatter.ch\/wp-content\/uploads\/2022\/09\/526x526.avif","vp_md_popup-width":526,"vp_md_popup-height":526,"vp_xl_popup":"https:\/\/bestatter.ch\/wp-content\/uploads\/2022\/09\/526x526.avif","vp_xl_popup-width":526,"vp_xl_popup-height":526}}},{"name":"Fritz von Aesch","bezeichnung":"Bestatter","bild":{"ID":19000,"id":19000,"title":"524x524","filename":"524x524.avif","filesize":17886,"url":"https:\/\/bestatter.ch\/wp-content\/uploads\/2022\/09\/524x524.avif","link":"https:\/\/bestatter.ch\/it\/posizione\/geiser-und-von-aesch-brugg\/524x524-2\/","alt":"","author":"0","description":"","caption":"","name":"524x524-2","status":"inherit","uploaded_to":7422,"date":"2025-12-03 08:10:23","modified":"2025-12-03 08:10:23","menu_order":0,"mime_type":"image\/jpeg","type":"image","subtype":"jpeg","icon":"https:\/\/bestatter.ch\/wp-includes\/images\/media\/default.png","width":524,"height":524,"sizes":{"thumbnail":"https:\/\/bestatter.ch\/wp-content\/uploads\/2022\/09\/524x524-150x150.avif","thumbnail-width":150,"thumbnail-height":150,"medium":"https:\/\/bestatter.ch\/wp-content\/uploads\/2022\/09\/524x524-300x300.avif","medium-width":300,"medium-height":300,"medium_large":"https:\/\/bestatter.ch\/wp-content\/uploads\/2022\/09\/524x524.avif","medium_large-width":524,"medium_large-height":524,"large":"https:\/\/bestatter.ch\/wp-content\/uploads\/2022\/09\/524x524.avif","large-width":524,"large-height":524,"1536x1536":"https:\/\/bestatter.ch\/wp-content\/uploads\/2022\/09\/524x524.avif","1536x1536-width":524,"1536x1536-height":524,"2048x2048":"https:\/\/bestatter.ch\/wp-content\/uploads\/2022\/09\/524x524.avif","2048x2048-width":524,"2048x2048-height":524,"vp_sm":"https:\/\/bestatter.ch\/wp-content\/uploads\/2022\/09\/524x524-500x500.avif","vp_sm-width":500,"vp_sm-height":500,"vp_md":"https:\/\/bestatter.ch\/wp-content\/uploads\/2022\/09\/524x524.avif","vp_md-width":524,"vp_md-height":524,"vp_lg":"https:\/\/bestatter.ch\/wp-content\/uploads\/2022\/09\/524x524.avif","vp_lg-width":524,"vp_lg-height":524,"vp_xl":"https:\/\/bestatter.ch\/wp-content\/uploads\/2022\/09\/524x524.avif","vp_xl-width":524,"vp_xl-height":524,"vp_sm_popup":"https:\/\/bestatter.ch\/wp-content\/uploads\/2022\/09\/524x524-500x500.avif","vp_sm_popup-width":500,"vp_sm_popup-height":500,"vp_md_popup":"https:\/\/bestatter.ch\/wp-content\/uploads\/2022\/09\/524x524.avif","vp_md_popup-width":524,"vp_md_popup-height":524,"vp_xl_popup":"https:\/\/bestatter.ch\/wp-content\/uploads\/2022\/09\/524x524.avif","vp_xl_popup-width":524,"vp_xl_popup-height":524}}},{"name":"Janita Geiser","bezeichnung":"Administration","bild":{"ID":19004,"id":19004,"title":"524x524-1","filename":"524x524-1.avif","filesize":14749,"url":"https:\/\/bestatter.ch\/wp-content\/uploads\/2022\/09\/524x524-1.avif","link":"https:\/\/bestatter.ch\/it\/posizione\/geiser-und-von-aesch-brugg\/524x524-1-2\/","alt":"","author":"0","description":"","caption":"","name":"524x524-1-2","status":"inherit","uploaded_to":7422,"date":"2025-12-03 08:10:31","modified":"2025-12-03 08:10:31","menu_order":0,"mime_type":"image\/jpeg","type":"image","subtype":"jpeg","icon":"https:\/\/bestatter.ch\/wp-includes\/images\/media\/default.png","width":524,"height":524,"sizes":{"thumbnail":"https:\/\/bestatter.ch\/wp-content\/uploads\/2022\/09\/524x524-1-150x150.avif","thumbnail-width":150,"thumbnail-height":150,"medium":"https:\/\/bestatter.ch\/wp-content\/uploads\/2022\/09\/524x524-1-300x300.avif","medium-width":300,"medium-height":300,"medium_large":"https:\/\/bestatter.ch\/wp-content\/uploads\/2022\/09\/524x524-1.avif","medium_large-width":524,"medium_large-height":524,"large":"https:\/\/bestatter.ch\/wp-content\/uploads\/2022\/09\/524x524-1.avif","large-width":524,"large-height":524,"1536x1536":"https:\/\/bestatter.ch\/wp-content\/uploads\/2022\/09\/524x524-1.avif","1536x1536-width":524,"1536x1536-height":524,"2048x2048":"https:\/\/bestatter.ch\/wp-content\/uploads\/2022\/09\/524x524-1.avif","2048x2048-width":524,"2048x2048-height":524,"vp_sm":"https:\/\/bestatter.ch\/wp-content\/uploads\/2022\/09\/524x524-1-500x500.avif","vp_sm-width":500,"vp_sm-height":500,"vp_md":"https:\/\/bestatter.ch\/wp-content\/uploads\/2022\/09\/524x524-1.avif","vp_md-width":524,"vp_md-height":524,"vp_lg":"https:\/\/bestatter.ch\/wp-content\/uploads\/2022\/09\/524x524-1.avif","vp_lg-width":524,"vp_lg-height":524,"vp_xl":"https:\/\/bestatter.ch\/wp-content\/uploads\/2022\/09\/524x524-1.avif","vp_xl-width":524,"vp_xl-height":524,"vp_sm_popup":"https:\/\/bestatter.ch\/wp-content\/uploads\/2022\/09\/524x524-1-500x500.avif","vp_sm_popup-width":500,"vp_sm_popup-height":500,"vp_md_popup":"https:\/\/bestatter.ch\/wp-content\/uploads\/2022\/09\/524x524-1.avif","vp_md_popup-width":524,"vp_md_popup-height":524,"vp_xl_popup":"https:\/\/bestatter.ch\/wp-content\/uploads\/2022\/09\/524x524-1.avif","vp_xl_popup-width":524,"vp_xl_popup-height":524}}}],"adresse":{"zeile_1":"Obergasse 16\/h","zeile_2":"","stadt":"Br\u00fcgg","region":"BE","postleitzahl":"2555","iso-landercode":"CH"},"angebote":[{"titel":"Servizio funebre","symbol":"fas fa-dove","beschreibung":"Servizio funebre"},{"titel":"Consulenza \/ organizzazione \/ funzionario","symbol":"fas fa-hands-helping","beschreibung":"Consulenza \/ organizzazione \/ funzionario"},{"titel":"Disposizioni funerarie","symbol":"fas fa-envelope","beschreibung":"Consulenza sulle pensioni"},{"titel":"Consulenza per le lapidi","symbol":"fas fa-cross","beschreibung":"Consulenza per le lapidi"},{"titel":"Funerale","symbol":"fas fa-music","beschreibung":"Funerale"},{"titel":"Cancellazione dei social media","symbol":"fas fa-desktop","beschreibung":"Cancellazione dei social media"},{"titel":"Pulizia","symbol":"fas fa-soap","beschreibung":"Pulizia generale"},{"titel":"Sgomberi di case e appartamenti","symbol":"fas fa-dumpster","beschreibung":"Sgomberi di case e appartamenti"},{"titel":"Decorazioni floreali","symbol":"fas fa-leaf","beschreibung":"Bouquet di fiori"},{"titel":"Articoli funerari","symbol":"fas fa-cross","beschreibung":"Articoli funerari"},{"titel":"Trasferimenti nazionali","symbol":"fas fa-hand-holding-heart","beschreibung":"Trasferimenti nazionali"},{"titel":"Trasferimenti internazionali","symbol":"fas fa-people-arrows","beschreibung":"Trasferimenti internazionali"}],"telefon":"+41323731374","sprachen":[{"sprache":"Deutsch"}],"website-url":"https:\/\/geiser-bestattungen.ch","fahigkeitsausweise":"","gutesiegel":false,"lieferant":false,"bestattungsvorsorge":false,"ansprechperson":{"name":"Samuel Geiser","telefonnummer":"032 373 13 74","e-mail":"info@geiser-bestattungen.ch","bezeichnung":"Gesch\u00e4ftsf\u00fchrer","bestattungsvorsorge":false,"bild":{"ID":18988,"id":18988,"title":"510x510-1","filename":"510x510-1.avif","filesize":22262,"url":"https:\/\/bestatter.ch\/wp-content\/uploads\/2022\/09\/510x510-1.avif","link":"https:\/\/bestatter.ch\/it\/posizione\/geiser-und-von-aesch-brugg\/510x510-1-2\/","alt":"","author":"0","description":"","caption":"","name":"510x510-1-2","status":"inherit","uploaded_to":7422,"date":"2025-12-03 08:09:56","modified":"2025-12-03 08:09:56","menu_order":0,"mime_type":"image\/jpeg","type":"image","subtype":"jpeg","icon":"https:\/\/bestatter.ch\/wp-includes\/images\/media\/default.png","width":510,"height":510,"sizes":{"thumbnail":"https:\/\/bestatter.ch\/wp-content\/uploads\/2022\/09\/510x510-1-150x150.avif","thumbnail-width":150,"thumbnail-height":150,"medium":"https:\/\/bestatter.ch\/wp-content\/uploads\/2022\/09\/510x510-1-300x300.avif","medium-width":300,"medium-height":300,"medium_large":"https:\/\/bestatter.ch\/wp-content\/uploads\/2022\/09\/510x510-1.avif","medium_large-width":510,"medium_large-height":510,"large":"https:\/\/bestatter.ch\/wp-content\/uploads\/2022\/09\/510x510-1.avif","large-width":510,"large-height":510,"1536x1536":"https:\/\/bestatter.ch\/wp-content\/uploads\/2022\/09\/510x510-1.avif","1536x1536-width":510,"1536x1536-height":510,"2048x2048":"https:\/\/bestatter.ch\/wp-content\/uploads\/2022\/09\/510x510-1.avif","2048x2048-width":510,"2048x2048-height":510,"vp_sm":"https:\/\/bestatter.ch\/wp-content\/uploads\/2022\/09\/510x510-1-500x500.avif","vp_sm-width":500,"vp_sm-height":500,"vp_md":"https:\/\/bestatter.ch\/wp-content\/uploads\/2022\/09\/510x510-1.avif","vp_md-width":510,"vp_md-height":510,"vp_lg":"https:\/\/bestatter.ch\/wp-content\/uploads\/2022\/09\/510x510-1.avif","vp_lg-width":510,"vp_lg-height":510,"vp_xl":"https:\/\/bestatter.ch\/wp-content\/uploads\/2022\/09\/510x510-1.avif","vp_xl-width":510,"vp_xl-height":510,"vp_sm_popup":"https:\/\/bestatter.ch\/wp-content\/uploads\/2022\/09\/510x510-1-500x500.avif","vp_sm_popup-width":500,"vp_sm_popup-height":500,"vp_md_popup":"https:\/\/bestatter.ch\/wp-content\/uploads\/2022\/09\/510x510-1.avif","vp_md_popup-width":510,"vp_md_popup-height":510,"vp_xl_popup":"https:\/\/bestatter.ch\/wp-content\/uploads\/2022\/09\/510x510-1.avif","vp_xl_popup-width":510,"vp_xl_popup-height":510}}},"e-mails":[{"e-mail":"info@geiser-bestattungen.ch"}],"lieferantenkategorien":false,"grundungsjahr":"","youtube-url":"","facebook-url":"","stadtkoordinaten":{"latitude":"47.1237068","longitude":"7.2812588"}},"_links":{"self":[{"href":"https:\/\/bestatter.ch\/it\/wp-json\/wp\/v2\/standort\/7422","targetHints":{"allow":["GET"]}}],"collection":[{"href":"https:\/\/bestatter.ch\/it\/wp-json\/wp\/v2\/standort"}],"about":[{"href":"https:\/\/bestatter.ch\/it\/wp-json\/wp\/v2\/types\/standort"}],"author":[{"embeddable":true,"href":"https:\/\/bestatter.ch\/it\/wp-json\/wp\/v2\/users\/6"}],"wp:attachment":[{"href":"https:\/\/bestatter.ch\/it\/wp-json\/wp\/v2\/media?parent=7422"}],"wp:term":[{"taxonomy":"category","embeddable":true,"href":"https:\/\/bestatter.ch\/it\/wp-json\/wp\/v2\/categories?post=7422"},{"taxonomy":"post_tag","embeddable":true,"href":"https:\/\/bestatter.ch\/it\/wp-json\/wp\/v2\/tags?post=7422"}],"curies":[{"name":"wp","href":"https:\/\/api.w.org\/{rel}","templated":true}]}}