{"id":4241,"date":"2022-04-11T09:05:23","date_gmt":"2022-04-11T08:05:23","guid":{"rendered":"https:\/\/bestatterportal.ch\/cancellazioni-e-cessazioni\/"},"modified":"2025-04-16T16:22:34","modified_gmt":"2025-04-16T15:22:34","slug":"guida-disdette-e-annullamenti-dopo-un-lutto","status":"publish","type":"page","link":"https:\/\/bestatter.ch\/it\/guida-disdette-e-annullamenti-dopo-un-lutto\/","title":{"rendered":"Disdette e annullamenti"},"content":{"rendered":"<div class=\"dot-bg hero\">\n      <div class=\"container-xl\">\n        <div class=\"row row-cols-1 row-cols-md-2 align-items-center\">\n \n          <div class=\"col\">\n            <div class=\"get-child-height\">\n                \n             \n \n    <img decoding=\"async\" class=\"img-oversized\" style=\" \" src=\"https:\/\/bestatter.ch\/wp-content\/uploads\/2021\/08\/sohn-mami-1.avif\" \/>\n\n            <\/div>\n          <\/div>\n          <div class=\"col ps-lg-3 ps-xxl-5 text\">\n            <p class=\"newp\">\n                    Cara mamma            <\/p>\n            <h2 class=\" newh1\">\n            Le passeggiate nel parco hanno sempre significato molto per me.            <\/h2>\n          <\/div>\n        <\/div> \n      <\/div>\n      <style type=\"text\/css\">\n          .newh1{\n            color: #2f5d63 ;\n           \n            }\n\n           .newp{\n            color:  ;\n           \n            }\n        \n          \n           \n    <\/style>\n    <\/div><style>\n\t.subh {\n\t\tcolor: #212529 ;\n\n\t}\n\t.newh {\n\t\tcolor: #2f5d63 ;\n\t}\n<\/style>\n  <div class=\"section bg-brand-light fleck fleck3\">\n    <div class=\"container-xl\">\n      <div class=\"row\">\n        <div class=\"col-12\">\n         \t<p class=\"mb-0 fs-5 subh\"> Avete domande? <\/p>\n      \t\t<h3 class=\"newh\"> Le risposte alle vostre domande. <\/h3>\n\t\t\t<style>\n\t.search-bar-searchsection-defualt {\n\t\tborder: 4px solid #2F5D63 !important;\n\t\tborder-radius: 15px !important;\n\t}\n\n\t.search-bar-searchsection-defualt form .input-group input[type=\"search\"] {\n\t\tborder: none;\n\t\tmargin: 0;\n\t\tpadding-right: 0;\n\t}\n\n\t.search-bar-searchsection-defualt form .input-group input[type=\"search\"]:focus,\n\t.search-bar-searchsection-defualt form .input-group input[type=\"search\"]:active {\n\t\tborder: none;\n\t\tbox-shadow: none;\n\t\toutline: none;\n\t}\n\n\t.search-bar-searchsection-defualt form .input-group button[type=\"submit\"] {\n\t\tbackground: #fff;\n\t\tborder: none;\n\t\tbackground-color: #fff;\n\t\tpadding: 0.75rem 1rem;\n\t}\n\n\t.search-bar-searchsection-defualt form .input-group button[type=\"submit\"] img {\n\t\theight: 2em;\n\t\twidth: 2em;\n\t}\n\n\t.search-bar-searchsection-defualt .autocomplete-box {\n\t\tposition: absolute;\n\t\tmargin-top: 10px;\n\t\twidth: 100%;\n\t\toverflow-y: auto;\n\t\tdisplay: none;\n\t\tz-index: 1000;\n\t\tborder: 4px solid #2F5D63;\n\t\tborder-radius: 0px 0px 20px 20px;\n\t\tbackground-color: #ffffff;\n\t}\n\n\t.search-bar-searchsection-defualt .autocomplete-box.active {\n\t\tdisplay: block;\n\t}\n\n\t.search-bar-searchsection-defualt .autocomplete-box ul {\n\t\tmargin: 0;\n\t\tpadding: 0;\n\t\tlist-style: none;\n\t}\n\n\t.search-bar-searchsection-defualt .autocomplete-box li {\n\t\tpadding: 5px 15px;\n\t\tcursor: pointer;\n\t\tline-height: 1.4;\n\t\tfont-size: 1rem;\n\t\tcolor: #212121;\n\t\tfont-weight: 400;\n\t}\n\n\t.search-bar-searchsection-defualt .autocomplete-box li:hover {\n\t\tbackground: #f0f0f0;\n\t}\n<\/style>\n\n<div class=\"search-container mb-5\">\n\t<div class=\"search-bar-searchsection-defualt position-relative\">\n\t\t<form id=\"defualt-search-form\" class=\"defualt-search-form\">\n\t\t\t<div class=\"input-group\">\n\t\t\t\t<input type=\"search\"\n\t\t\t\t\t   id=\"defualt-search-input\"\n\t\t\t\t\t   class=\"form-control\"\n\t\t\t\t\t   placeholder=\"Cerca per localit\u00e0 o argomento...\"\n\t\t\t\t\t   autocomplete=\"off\">\n\t\t\t\t<button type=\"submit\" class=\"btn btn-primary\">\n\t\t\t\t\t<img decoding=\"async\" src=\"https:\/\/bestatter.ch\/wp-content\/themes\/bestatter-ch\/bestatterfile\/assets\/searchglass.png\" alt=\"Search Icon\" class=\"Icon-image\">\n\t\t\t\t<\/button>\n\t\t\t<\/div>\n\t\t\t<div class=\"autocomplete-box\"><\/div>\n\t\t<\/form>\n\t<\/div>\n<\/div>\n\n<script>\n\tjQuery(document).ready(function ($) {\n\t\t\/\/ === CONFIG \/ PHP \u2192 JS ===\n\t\tconst BESTATTER_AUTOCOMPLETE_ENDPOINT = \"https:\/\/bestatter.ch\/it\/wp-json\/bestatter\/v1\/autocomplete\";\n\t\tconst IS_SEARCH_ONLY                  = false;\n\t\tconst RESULT_BASE_URL                 = \"https:\/\/bestatter.ch\/it\/result\/\";\n\n\t\t\/\/ Icon paths\n\t\tconst SEARCH_ICON_SRC  = \"https:\/\/bestatter.ch\/wp-content\/themes\/bestatter-ch\/bestatterfile\/assets\/searchglass.png\";\n\t\tconst SPINNER_ICON_SRC = \"https:\/\/bestatter.ch\/wp-content\/themes\/bestatter-ch\/bestatterfile\/assets\/spinner.svg\";\n\n\t\t\/\/ This instance's section key (e.g. \"footer\", \"header\")\n\t\tconst SECTION_KEY = \"defualt\";\n\t\tconst lang = \"it\";\n\t\tconst FIXED_SUGGESTIONS = {\n\t\t\tde: [\n\t\t\t\t\"Was kostet eine Bestattungsvorsorge?\",\n\t\t\t\t\"Was tun im Todesfall?\",\n\t\t\t],\n\t\t\ten: [\n\t\t\t\t\"What does a funeral pre-arrangement cost?\",\n\t\t\t\t\"What to do in case of death?\",\n\t\t\t],\n\t\t\tfr: [\n\t\t\t\t\"Combien coute une prevoyance funeraire ?\",\n\t\t\t\t\"Que faire en cas de deces ?\",\n\t\t\t],\n\t\t\tit: [\n\t\t\t\t\"Quanto costa una previdenza funeraria?\",\n\t\t\t\t\"Cosa fare in caso di decesso?\",\n\t\t\t],\n\t\t};\n\n\t\t\/\/ Dynamic selectors based on section\n\t\tconst formSelector        = \"#\" + SECTION_KEY + \"-search-form\";\n\t\tconst inputSelector       = \"#\" + SECTION_KEY + \"-search-input\";\n\t\tconst boxSelector         = formSelector + \" .autocomplete-box\";\n\t\tconst buttonImgSelector   = formSelector + ' button[type=\"submit\"] img';\n\n\t\t\/\/ === Autocomplete state for this instance ===\n\t\tlet autocompleteTimer           = null;\n\t\tlet autocompleteController      = null;\n\t\tlet autocompleteCache           = {};\n\t\tlet autocompleteLastRequestId   = 0;\n\t\tlet autocompleteLastHandledId   = 0;\n\t\tlet currentLoadingRequestId     = 0; \/\/ tracks which request controls the spinner\n\n\t\t\/\/ === Helpers ===\n\t\tfunction redirectToResult(queryText) {\n\t\t\tconst q = queryText.trim();\n\t\t\tif (!q) return;\n\t\t\tconst url = RESULT_BASE_URL + '?query=' + encodeURIComponent(q) + '&page=1';\n\t\t\twindow.location.href = url;\n\t\t}\n\n\t\tfunction setButtonLoading(isLoading, requestId) {\n\t\t\t\/\/ If we're tying spinner to a specific request, ensure only that request can turn it off\n\t\t\tif (typeof requestId !== \"undefined\" && !isLoading && requestId !== currentLoadingRequestId) {\n\t\t\t\t\/\/ Not the latest request, don't change spinner\n\t\t\t\treturn;\n\t\t\t}\n\n\t\t\tconst img = document.querySelector(buttonImgSelector);\n\t\t\tif (!img) return;\n\n\t\t\tif (isLoading) {\n\t\t\t\timg.src = SPINNER_ICON_SRC;\n\t\t\t} else {\n\t\t\t\timg.src = SEARCH_ICON_SRC;\n\t\t\t}\n\t\t}\n\n\t\tfunction selectSuggestion(text) {\n\t\t\tconst input = document.querySelector(inputSelector);\n\t\t\tconst box   = document.querySelector(boxSelector);\n\t\t\tif (!input || !box) return;\n\n\t\t\tinput.value = text;\n\t\t\tbox.innerHTML = \"\";\n\t\t\tbox.classList.remove(\"active\");\n\n\t\t\tredirectToResult(text);\n\t\t}\n\n\t\t\/\/ --- Autocomplete rendering ---\n\t\tfunction renderAutocomplete(box, titles) {\n\t\t\tif (!titles || !titles.length) {\n\t\t\t\tbox.innerHTML = \"\";\n\t\t\t\tbox.classList.remove(\"active\");\n\t\t\t\treturn;\n\t\t\t}\n\n\t\t\tlet html = \"<ul>\";\n\t\t\ttitles.forEach((title) => {\n\t\t\t\thtml += '<li class=\"autocomplete-item\" data-value=\"' + title + '\">' + title + '<\/li>';\n\t\t\t});\n\t\t\thtml += \"<\/ul>\";\n\n\t\t\tbox.innerHTML = html;\n\t\t\tbox.classList.add(\"active\");\n\n\t\t\tbox.querySelectorAll(\".autocomplete-item\").forEach((li) => {\n\t\t\t\tli.addEventListener(\"click\", function () {\n\t\t\t\t\tconst val = this.getAttribute(\"data-value\");\n\t\t\t\t\tselectSuggestion(val);\n\t\t\t\t});\n\t\t\t});\n\t\t}\n\n\t\tfunction showFixedSuggestionsIfEmpty() {\n\t\t\tif (!FIXED_SUGGESTIONS || typeof FIXED_SUGGESTIONS !== \"object\" || Object.keys(FIXED_SUGGESTIONS).length === 0) return;\n\n\t\t\tconst input = document.querySelector(inputSelector);\n\t\t\tconst box   = document.querySelector(boxSelector);\n\t\t\tif (!input || !box) return;\n\n\t\t\tconst q = input.value.trim();\n\t\t\tif (q !== \"\") return;\n\n\t\t\t\/\/ No spinner for fixed suggestions\n\t\t\trenderAutocomplete(box, FIXED_SUGGESTIONS[lang]);\n\t\t}\n\n\t\t\/\/ --- Autocomplete main ---\n\t\tfunction runAutocomplete(searchText) {\n\t\t\tconst input = document.querySelector(inputSelector);\n\t\t\tconst box   = document.querySelector(boxSelector);\n\t\t\tif (!input || !box) return;\n\n\t\t\tconst q = searchText.trim();\n\t\t\tif (!q) {\n\t\t\t\tbox.innerHTML = \"\";\n\t\t\t\tbox.classList.remove(\"active\");\n\t\t\t\treturn;\n\t\t\t}\n\n\t\t\t\/\/ 1) From cache (no loading state)\n\t\t\tif (autocompleteCache[q]) {\n\t\t\t\trenderAutocomplete(box, autocompleteCache[q]);\n\t\t\t\treturn;\n\t\t\t}\n\n\t\t\t\/\/ 2) Cancel previous request\n\t\t\tif (autocompleteController) {\n\t\t\t\tautocompleteController.abort();\n\t\t\t}\n\n\t\t\tconst controller = new AbortController();\n\t\t\tautocompleteController = controller;\n\n\t\t\tconst requestId = ++autocompleteLastRequestId;\n\t\t\tcurrentLoadingRequestId = requestId;\n\t\t\tsetButtonLoading(true, requestId);\n\n\t\t\taxios.get(BESTATTER_AUTOCOMPLETE_ENDPOINT, {\n\t\t\t\tparams: { q, limit: 10 },\n\t\t\t\tsignal: controller.signal,\n\t\t\t})\n\t\t\t\t.then((response) => {\n\t\t\t\t\/\/ Ignore outdated responses\n\t\t\t\tif (requestId < autocompleteLastHandledId) {\n\t\t\t\t\tsetButtonLoading(false, requestId);\n\t\t\t\t\treturn;\n\t\t\t\t}\n\t\t\t\tautocompleteLastHandledId = requestId;\n\n\t\t\t\tlet titles = [];\n\t\t\t\tif (response.data.titles) {\n\t\t\t\t\ttitles = response.data.titles;\n\t\t\t\t}\n\n\t\t\t\tautocompleteCache[q] = titles;\n\t\t\t\trenderAutocomplete(box, titles);\n\t\t\t\tsetButtonLoading(false, requestId);\n\t\t\t})\n\t\t\t\t.catch((error) => {\n\t\t\t\t\/\/ Even if aborted, if this was the current loading request, stop spinner\n\t\t\t\tsetButtonLoading(false, requestId);\n\t\t\t\tif (\n\t\t\t\t\t(controller.signal && controller.signal.aborted) ||\n\t\t\t\t\terror.name === \"CanceledError\" ||\n\t\t\t\t\terror.code === \"ERR_CANCELED\"\n\t\t\t\t) {\n\t\t\t\t\treturn;\n\t\t\t\t}\n\t\t\t\tconsole.error(\"Autocomplete error:\", error);\n\t\t\t});\n\t\t}\n\n\t\tfunction attachSearchHandlers() {\n\t\t\tconst form  = document.querySelector(formSelector);\n\t\t\tconst input = document.querySelector(inputSelector);\n\t\t\tconst box   = document.querySelector(boxSelector);\n\t\t\tif (!form || !input || !box) return;\n\n\t\t\tform.addEventListener('submit', function (e) {\n\t\t\t\te.preventDefault();\n\t\t\t\tconst q = input.value.trim();\n\t\t\t\tif (q !== '') {\n\t\t\t\t\tredirectToResult(q);\n\t\t\t\t}\n\t\t\t});\n\n\t\t\tinput.addEventListener('focus', function () {\n\t\t\t\tshowFixedSuggestionsIfEmpty();\n\t\t\t});\n\n\t\t\tinput.addEventListener('keydown', function (e) {\n\t\t\t\tif (e.key === 'Enter') {\n\t\t\t\t\te.preventDefault();\n\t\t\t\t\tconst q = input.value.trim();\n\t\t\t\t\tif (q !== '') {\n\t\t\t\t\t\tredirectToResult(q);\n\t\t\t\t\t}\n\t\t\t\t\tbox.innerHTML = \"\";\n\t\t\t\t\tbox.classList.remove(\"active\");\n\t\t\t\t}\n\t\t\t});\n\n\t\t\tinput.addEventListener(\"keyup\", function () {\n\t\t\t\tconst q = this.value.trim();\n\t\t\t\tif (q === \"\") {\n\t\t\t\t\tclearTimeout(autocompleteTimer);\n\t\t\t\t\tshowFixedSuggestionsIfEmpty();\n\t\t\t\t\treturn;\n\t\t\t\t}\n\n\t\t\t\t\/\/ Debounce API calls\n\t\t\t\tclearTimeout(autocompleteTimer);\n\t\t\t\tconst currentValue = q;\n\t\t\t\tautocompleteTimer = setTimeout(() => {\n\t\t\t\t\trunAutocomplete(currentValue);\n\t\t\t\t}, 150);\n\t\t\t});\n\t\t}\n\n\t\tattachSearchHandlers();\n\n\t\t\/\/ Close autocomplete when clicking outside\n\t\tdocument.addEventListener(\"click\", function (e) {\n\t\t\tconst input = document.querySelector(inputSelector);\n\t\t\tconst box   = document.querySelector(boxSelector);\n\n\t\t\tif (!box || !input) return;\n\n\t\t\tif (!box.contains(e.target) && e.target !== input) {\n\t\t\t\tbox.innerHTML = \"\";\n\t\t\t\tbox.classList.remove(\"active\");\n\t\t\t}\n\t\t});\n\t});\n<\/script>\n          \t<p class=\"newp\"> Il portale bestatter.ch risponde a tutte le vostre domande su servizi funebri e disposizioni funerarie. <\/p>\n        <\/div>\n      <\/div>\n    <\/div>\n  <\/div>\n\n <div class=\"section img-text\">\n        <div class=\"container-xl\">\n          <div class=\"row row-cols-1 row-cols-lg-2 align-items-center img-left\">\n            <div class=\"col\"> <!-- Insert content from wp -->\n            \n                             <h1>\n                Disdette e annullamenti              <\/h1>\n                             <p>\n               <p>Dopo il decesso di una persona, ci sono molte faccende amministrative da sbrigare. Questo include anche i contratti. In caso di decesso, i contratti in cui compare il nome della persona deceduta devono essere modificati, alcuni persino disdetti (ad esempio l&#8217;assicurazione malattia).  Pu\u00f2 darsi che una coppia abbia stipulato un contratto collettivo: in questo caso il contratto dovr\u00e0 essere modificato a nome della persona rimanente (p. es. contratto di locazione).<\/p>\n<p>I contratti sono per loro natura molto individuali e personalizzati. Di seguito proponiamo una lista non esaustiva di esempi indicativi:<\/p>\n<ul>\n<li>Cassa pensione<\/li>\n<li>Assicurazione malattia<\/li>\n<li>Assicurazioni: infortuni, vita, responsabilit\u00e0 civile, economia domestica, veicoli, immobili, protezione giuridica<\/li>\n<li>Contratto di locazione appartamento, garage, parcheggio, atelier<\/li>\n<li>Ufficio della circolazione<\/li>\n<li>Telefono: cellulare, fisso, internet, elenco telefonico<\/li>\n<li>Giornali e riviste<\/li>\n<li>FFS, abbonamenti, abbonamento generale o met\u00e0 prezzo ecc.<\/li>\n<li>Elettricit\u00e0\/gas<\/li>\n<li>Medico di famiglia, medici specialisti, dentista<\/li>\n<li>Associazioni e federazioni<\/li>\n<li>Spitex, servizio pasti<\/li>\n<li>Datore di lavoro<\/li>\n<li>Serafe (non serve intervenire, il comune informa Serafe mensilmente)<\/li>\n<\/ul>\n              <\/p>\n            <\/div>\n            <div class=\"col\">\n              <div class=\"get-child-height\">\n                     <img decoding=\"async\"    src=\"https:\/\/bestatter.ch\/wp-content\/uploads\/2022\/04\/johan-mouchet-mZ-85UhC14I-unsplash.png\" alt=\"Schweiz. Verband der Bestattungsdienste Un uomo e un bambino camminano lungo un sentiero.\" class=\"img-oversized\"\/>\n                 \n              <\/div>\n            <\/div>\n          <\/div>\n        <\/div>\n         <style type=\"text\/css\">\n       .h1{\n            color:  !important;\n            font-size: px !important;\n            }\n        \n        \n    <\/style>\n      <\/div>\n \n    <!-- [C]CTA 1 -->\n        <div class=\"section dot-bg-gradient\"> <!--- class dot-bg can be replaced with bg-brand-primary - dynamic -->\n          <div class=\"container-xl\">\n            <div class=\"row\">           \n              <div class=\"col-sm\">\n                <h3 class=\"subz\">Trovare l&#8217;impresario funebre giusto.<\/h3>\n       \n                <p class=\"newz\">\n                 Il portale svizzero delle imprese funebri.                <\/p>\n              <\/div>\n              <div class=\"col-sm offset-md-1 align-self-center\">\n                <a class=\"big-button\" href=\"#footer\">\n                  <div class=\"row\">\n                    <div class=\"col-auto\">\n                      <div class=\"icon\">\n                        <i class=\"fas fa-search\"><\/i> <!--- Not dynamic -->\n                      <\/div>\n                    <\/div>\n                    <div class=\"col offset-md-1 align-self-center\">\n                      <div class=\"text\">Trovare un impresario funebre<\/div> <!--- dynamic content -->\n                    <\/div>\n                  <\/div>\n                <\/a>\n              <\/div>\n            <\/div>\n          <\/div>\n          <style type=\"text\/css\">\n            .subz{\n            color: #2f5d63 ;\n            font-size: px !important;\n            }\n\n           .newz{\n            color:  ;\n            \n            }\n            \n        \n          @media only screen and (max-width: 600px) {\n           \n            .subz{\n            font-size: px!important;\n            }\n             }\n           \n    <\/style>\n        <\/div>\n\n \n\t\t<div class=\"section faqs\">\n\t\t\t<h3 class=\"mb-5 text-center\"><\/h3>\n\t\t\t<div class=\"container-xl\">\n\t\t\t\t<div class=\"row\"><div class=\"col-md-6 odd\">\n\t\t\t<div class=\"collapse-container collapsed\">\n\t\t\t\t<div class=\"card\" itemscope itemtype=\"https:\/\/schema.org\/Question\">\n\t\t\t\t\t<div class=\"\" data-bs-toggle=\"collapse\" href=\"#collapseExample4660707411388\">\n\t\t\t\t\t\t<div class=\"faq-header\"> \n\t\t\t\t\t\t\t<h5 class=\"question\" itemprop=\"name\" style=\"color:#2F5D63;\">Che cosa si deve considerare in caso di disdetta di un contratto di locazione?<\/h5>\n\t\t\t\t\t\t<\/div>\n\t\t\t\t\t<\/div>\n\t\t\t\t\t<div class=\"collapse\" itemprop=\"description\" id=\"collapseExample4660707411388\">\n\t\t\t\t\t\t<p>\n<p>Ai sensi dell&#8217;art. 266i CO, avete un&#8217;opzione di risoluzione straordinaria in caso di decesso. \u00c8 possibile disdire il contratto di locazione con il periodo di preavviso previsto dalla legge. <\/p>\n\n<p>Il periodo di preavviso previsto dalla legge \u00e8 di tre mesi per gli appartamenti e di sei mesi per i locali commerciali. <\/p>\n\n<p>La scadenza di disdetta prevista dalla legge \u00e8 quella abituale a livello locale. <\/p>\n\n<p>In alcune circostanze, tuttavia, il contratto di locazione consente una disdetta pi\u00f9 rapida rispetto all&#8217;art. 266i CO, ad esempio nella citt\u00e0 di Zurigo, dove ci sono solo due date di disdetta abituali all&#8217;anno. Il contratto di locazione pu\u00f2 essere disdetto in base ai periodi di preavviso e alle scadenze di disdetta previsti dal contratto. <\/p>\n\n<p>Avete anche la possibilit\u00e0 di proporre nuovi inquilini al proprietario. In questo caso non \u00e8 nemmeno necessario rispettare il periodo di preavviso di tre mesi. <\/p>\n\n<p><strong>Un contratto di locazione non si estingue automaticamente alla morte dell&#8217;inquilino.  <\/strong><\/p>\n\n<p>XXXXXXXXXXX Gli eredi devono disdire il contratto. In linea di principio, tutti gli eredi dovrebbero farlo insieme. <\/p>\n\n<p>Tuttavia, in base alle disposizioni di legge sulla gestione senza mandato (art. 419 e segg. CO), dovrebbe essere valida anche la risoluzione da parte del solo erede.<\/p>\n<\/p>\n\t\t\t\t\t\t<div class=\"spacer\"><\/div>\n\t\t\t\t\t<\/div>\n\t\t\t\t<\/div>\n\t\t\t<\/div>\n\t\t\t<div class=\"collapse-container collapsed\">\n\t\t\t\t<div class=\"card\" itemscope itemtype=\"https:\/\/schema.org\/Question\">\n\t\t\t\t\t<div class=\"\" data-bs-toggle=\"collapse\" href=\"#collapseExample46731210741424\">\n\t\t\t\t\t\t<div class=\"faq-header\"> \n\t\t\t\t\t\t\t<h5 class=\"question\" itemprop=\"name\" style=\"color:#2F5D63;\">Lista di controllo per i tutori in caso di decesso<\/h5>\n\t\t\t\t\t\t<\/div>\n\t\t\t\t\t<\/div>\n\t\t\t\t\t<div class=\"collapse\" itemprop=\"description\" id=\"collapseExample46731210741424\">\n\t\t\t\t\t\t<p>\n<p><strong>Grundsatz<\/strong><\/p>\n\n<p>La tutela e i compiti del tutore cessano per legge con la morte della persona interessata (art. 399 cpv. 1 e art. 421 cpv. 2 CC).<\/p>\n\n<p>Al termine del mandato, \u00e8 previsto l&#8217;obbligo di presentare all&#8217;Autorit\u00e0 di protezione dei minori e degli adulti (APMA) una relazione finale e, se del caso, un rendiconto finale (art. 425 CC).<\/p>\n\n<p><strong>Rechtsnachfolge<\/strong><\/p>\n\n<p>Il tutore legale pu\u00f2 essere incaricato di eseguire un ordine specifico dai successori legali, che devono legittimarsi mediante un certificato di eredit\u00e0.<\/p>\n\n<p>Se la tutela agisce senza mandato e legittimazione, i compiti devono essere svolti secondo le regole della gestione senza mandato (art. 419 e segg. CO). L&#8217;attivit\u00e0 sar\u00e0 quindi condotta a beneficio della persona deceduta e in conformit\u00e0 alla sua presunta volont\u00e0. Il tutore \u00e8 personalmente responsabile dei danni causati da un comportamento imprudente o negligente.<\/p>\n\n<p><strong>In der Praxis<\/strong><\/p>\n\n<p>Spesso \u00e8 necessario occuparsi di alcune questioni dopo la morte della persona interessata, in particolare dell&#8217;organizzazione del funerale se non ci sono eredi\/eredi noti o se questi non si occupano della persona deceduta.<\/p>\n\n<p>Ogni comune ha l&#8217;obbligo di dare una degna sepoltura a una persona deceduta (diritto alla dignit\u00e0 umana, art. 7 Cost.). Se non ci sono familiari che si occupano della sepoltura, la responsabilit\u00e0 di una sepoltura dignitosa spetta al comune. Se necessario, l&#8217;ex tutore deve informare il comune.<\/p>\n\n<p><strong>Erbschaftsamt<\/strong><\/p>\n\n<p>I comuni fungono da uffici di successione e sono autorizzati a nominare un amministratore di successione. Il tutore pu\u00f2 essere previsto a questo scopo (art. 554 cpv. 3 CC). L&#8217;APMA deve essere coinvolta in questioni ereditarie solo in rappresentanza di eredi assenti o incapaci di discernimento o eredi che necessitano di assistenza\/protezione.<\/p>\n\n<p><strong>Mietverh\u00e4ltnis<\/strong><\/p>\n\n<p>Per quanto riguarda la locazione, questa non si estingue automaticamente con la morte, ma il contratto di locazione passa agli eredi. Gli eredi possono recedere con il termine di preavviso previsto dalla legge (art. 266i CO).<\/p>\n\n<p>Se non sono noti o disponibili eredi, l&#8217;ex tutore deve informare il locatore del decesso. La locazione pu\u00f2 essere interrotta solo su espressa indicazione degli eredi o di un esecutore\/amministratore dell&#8217;eredit\u00e0 ufficialmente nominato. <\/p>\n\n<p>Ulteriori compiti in caso di assenza di parenti\/eredi<\/p>\n\n<ul class=\"wp-block-list\">\n<li>Wegschaffen verderblicher Ware<\/li>\n\n\n\n<li>F\u00fcttern und Umsorgen von Haustieren<\/li>\n\n\n\n<li>Kl\u00e4rung der Bestattung (aber keine Auftragserteilung)<\/li>\n\n\n\n<li>Vorbeugen unn\u00f6tiger Kostenfolgen<\/li>\n\n\n\n<li>Anordnungen, die wegen unabwendbar drohendem oder wachsendem Schaden keinen Aufschub dulden<\/li>\n\n\n\n<li>Buchhaltung abschliessen \/ Abschluss per Todestag erstellen \/ Schlussbericht und Schlussrechnung per Todestag erstellen<\/li>\n\n\n\n<li>Depot-\/Kontoausz\u00fcge per Todestag bestellen<\/li>\n\n\n\n<li>Pendenzenliste f\u00fcr Erben erstellen (Dauerauftr\u00e4ge stoppen, LSV aufheben, R\u00fcckforderungen, wie. Krankenkassenpr\u00e4mien, Krankheitskosten, Krankheitskosten bei EL)<\/li>\n<\/ul>\n\n<p>Compiti su incarico degli eredi<\/p>\n\n<ul class=\"wp-block-list\">\n<li>Benachrichtigung von Angeh\u00f6rigen und Bezugspersonen<\/li>\n\n\n\n<li>Bestattung organisieren<\/li>\n\n\n\n<li>K\u00fcndigung der Wohnung<\/li>\n\n\n\n<li>R\u00fcckforderung Mietkaution<\/li>\n\n\n\n<li>Gl\u00e4ubiger benachrichtigen<\/li>\n\n\n\n<li>K\u00fcndigung Strom<\/li>\n\n\n\n<li>K\u00fcndigung Telefon<\/li>\n\n\n\n<li>K\u00fcndigung Zeitungsabonnement<\/li>\n\n\n\n<li>K\u00fcndigung Hausrat-\/Haftpflichtversicherung usw.<\/li>\n\n\n\n<li>Kommunale Steuerverwaltung informieren<\/li>\n<\/ul>\n<\/p>\n\t\t\t\t\t\t<div class=\"spacer\"><\/div>\n\t\t\t\t\t<\/div>\n\t\t\t\t<\/div>\n\t\t\t<\/div>\n\t\t\t<div class=\"collapse-container collapsed\">\n\t\t\t\t<div class=\"card\" itemscope itemtype=\"https:\/\/schema.org\/Question\">\n\t\t\t\t\t<div class=\"\" data-bs-toggle=\"collapse\" href=\"#collapseExample46771589652564\">\n\t\t\t\t\t\t<div class=\"faq-header\"> \n\t\t\t\t\t\t\t<h5 class=\"question\" itemprop=\"name\" style=\"color:#2F5D63;\">La procura si estingue in caso di morte?<\/h5>\n\t\t\t\t\t\t<\/div>\n\t\t\t\t\t<\/div>\n\t\t\t\t\t<div class=\"collapse\" itemprop=\"description\" id=\"collapseExample46771589652564\">\n\t\t\t\t\t\t<p>\n<p>In caso di morte, spesso le procure non sono pi\u00f9 valide o sono valide solo in misura limitata:<\/p>\n\n<ul class=\"wp-block-list\"><li>di norma, la procura si estingue con il decesso ai sensi del Codice delle obbligazioni<\/li><li>esistono procure bancarie valide anche dopo la morte. Tuttavia, queste non sono valide senza limitazioni.<\/li><\/ul>\n<\/p>\n\t\t\t\t\t\t<div class=\"spacer\"><\/div>\n\t\t\t\t\t<\/div>\n\t\t\t\t<\/div>\n\t\t\t<\/div>\n\t\t\t<div class=\"collapse-container collapsed\">\n\t\t\t\t<div class=\"card\" itemscope itemtype=\"https:\/\/schema.org\/Question\">\n\t\t\t\t\t<div class=\"\" data-bs-toggle=\"collapse\" href=\"#collapseExample4688405505406\">\n\t\t\t\t\t\t<div class=\"faq-header\"> \n\t\t\t\t\t\t\t<h5 class=\"question\" itemprop=\"name\" style=\"color:#2F5D63;\">\u00c8 necessaria la dichiarazione dei redditi in caso di morte?<\/h5>\n\t\t\t\t\t\t<\/div>\n\t\t\t\t\t<\/div>\n\t\t\t\t\t<div class=\"collapse\" itemprop=\"description\" id=\"collapseExample4688405505406\">\n\t\t\t\t\t\t<p>\n<p>Nel caso di persone decedute, gli eredi devono compilare la dichiarazione dei redditi per il periodo fino alla data del decesso (= assoggettamento fiscale nel corso dell&#8217;anno). In caso di decesso di una persona sposata, i coniugi sono valutati congiuntamente fino alla data del decesso. Per il periodo successivo alla data del decesso, il coniuge superstite viene valutato separatamente.<\/p>\n\n<p>Un decesso \u00e8 un evento drastico per i familiari e gli amici della persona deceduta. L&#8217;amministrazione fiscale cerca di tenerne conto inviando i documenti solo dopo un periodo di attesa di 30 giorni.<\/p>\n\n<p>In ogni caso, l&#8217;amministrazione fiscale deve intervenire in caso di decesso. Questo perch\u00e9 pone fine all&#8217;obbligo fiscale della persona deceduta. Pertanto, il debito fiscale esiste solo per una parte dell&#8217;anno. Il reddito maturato fino alla data del decesso \u00e8 imponibile. Il patrimonio della persona deceduta viene tassato proporzionalmente fino alla data del decesso.<\/p>\n\n<p>Gli eredi devono presentare una dichiarazione dei redditi con il reddito della persona deceduta dall&#8217;inizio del periodo fiscale fino alla data del decesso e con il patrimonio alla data del decesso. Gli eredi ricevono una dichiarazione fiscale separata per la persona deceduta.<\/p>\n<\/p>\n\t\t\t\t\t\t<div class=\"spacer\"><\/div>\n\t\t\t\t\t<\/div>\n\t\t\t\t<\/div>\n\t\t\t<\/div>\n\t\t\t<div class=\"collapse-container collapsed\">\n\t\t\t\t<div class=\"card\" itemscope itemtype=\"https:\/\/schema.org\/Question\">\n\t\t\t\t\t<div class=\"\" data-bs-toggle=\"collapse\" href=\"#collapseExample4700324436003\">\n\t\t\t\t\t\t<div class=\"faq-header\"> \n\t\t\t\t\t\t\t<h5 class=\"question\" itemprop=\"name\" style=\"color:#2F5D63;\">L&#8217;ultima pensione ricevuta deve essere restituita?<\/h5>\n\t\t\t\t\t\t<\/div>\n\t\t\t\t\t<\/div>\n\t\t\t\t\t<div class=\"collapse\" itemprop=\"description\" id=\"collapseExample4700324436003\">\n\t\t\t\t\t\t<p>\n<p>La pensione del mese in corso appartiene alla famiglia, ma il pagamento della pensione del mese successivo deve essere restituito.<\/p>\n\n<p>Esempio:<\/p>\n\n<p>Con il pagamento del 07.02.2017, ad esempio, riceverete la pensione per il mese di febbraio 2017. I tempi di trasferimento dipendono dal metodo di pagamento (bonifico bancario, assegno o bonifico postale) e dal paese di destinazione.<\/p>\n\n<p>Se il decesso avviene dopo il 07.02.2017, la pensione spetta alla persona deceduta, rispettivamente ai suoi eredi. <\/p>\n\n<p>Tuttavia, il pagamento della pensione del 07.03.2017 dovr\u00e0 essere restituito.<\/p>\n<\/p>\n\t\t\t\t\t\t<div class=\"spacer\"><\/div>\n\t\t\t\t\t<\/div>\n\t\t\t\t<\/div>\n\t\t\t<\/div>\n\t\t\t<div class=\"collapse-container collapsed\">\n\t\t\t\t<div class=\"card\" itemscope itemtype=\"https:\/\/schema.org\/Question\">\n\t\t\t\t\t<div class=\"\" data-bs-toggle=\"collapse\" href=\"#collapseExample470688756583\">\n\t\t\t\t\t\t<div class=\"faq-header\"> \n\t\t\t\t\t\t\t<h5 class=\"question\" itemprop=\"name\" style=\"color:#2F5D63;\">Durata della pensione in caso di decesso<\/h5>\n\t\t\t\t\t\t<\/div>\n\t\t\t\t\t<\/div>\n\t\t\t\t\t<div class=\"collapse\" itemprop=\"description\" id=\"collapseExample470688756583\">\n\t\t\t\t\t\t<p>\n<p>La pensione del mese in corso appartiene alla famiglia, ma il pagamento della pensione del mese successivo deve essere restituito.<\/p>\n<\/p>\n\t\t\t\t\t\t<div class=\"spacer\"><\/div>\n\t\t\t\t\t<\/div>\n\t\t\t\t<\/div>\n\t\t\t<\/div>\n\t\t\t<div class=\"collapse-container collapsed\">\n\t\t\t\t<div class=\"card\" itemscope itemtype=\"https:\/\/schema.org\/Question\">\n\t\t\t\t\t<div class=\"\" data-bs-toggle=\"collapse\" href=\"#collapseExample4705998732540\">\n\t\t\t\t\t\t<div class=\"faq-header\"> \n\t\t\t\t\t\t\t<h5 class=\"question\" itemprop=\"name\" style=\"color:#2F5D63;\">Cosa succede all&#8217;auto e alla targa di una persona deceduta?<\/h5>\n\t\t\t\t\t\t<\/div>\n\t\t\t\t\t<\/div>\n\t\t\t\t\t<div class=\"collapse\" itemprop=\"description\" id=\"collapseExample4705998732540\">\n\t\t\t\t\t\t<p>\n<p>In qualit\u00e0 di parenti, dovete informare l&#8217;Ufficio della circolazione stradale entro 14 giorni, indicando nome, data di nascita e data di morte della persona deceduta. Inoltre, \u00e8 necessario fornire il nome e l&#8217;indirizzo di una persona di contatto responsabile.<\/p>\n\n<p>I numeri di targa rilasciati a nome della persona deceduta devono essere<\/p>\n\n<ol class=\"wp-block-list\"><li>restituiti entro 30 giorni<\/li><\/ol>\n\n<p>oppure<\/p>\n\n<ol class=\"wp-block-list\" start=\"2\"><li>essere trasferiti al proprietario successivo. Sono necessari i seguenti documenti:<\/li><\/ol>\n\n<ul class=\"wp-block-list\"><li>il modulo di domanda di trapasso deve essere compilato e firmato;<ul><li>il certificato di assicurazione a nome proprietario successivo (questo documento \u00e8 disponibile su richiesta presso l&#8217;assicuratore o viene inviato direttamente all&#8217;ufficio della circolazione);<\/li><li>la licenza di circolazione annullata del veicolo.<\/li><li>Se non c&#8217;\u00e8 un nuovo proprietario, la targa passa alla comunit\u00e0 ereditaria entro lo stesso termine. La procedura \u00e8 identica.<\/li><\/ul><\/li><\/ul>\n<\/p>\n\t\t\t\t\t\t<div class=\"spacer\"><\/div>\n\t\t\t\t\t<\/div>\n\t\t\t\t<\/div>\n\t\t\t<\/div><\/div><div class=\"col-md-6 even\">\n\t\t\t<div class=\"collapse-container collapsed\">\n\t\t\t\t<div class=\"card\" itemscope itemtype=\"https:\/\/schema.org\/Question\">\n\t\t\t\t\t<div class=\"\" data-bs-toggle=\"collapse\" href=\"#collapseExample4691350667260\">\n\t\t\t\t\t\t<div class=\"faq-header\"> \n\t\t\t\t\t\t\t<h5 class=\"question\" itemprop=\"name\" style=\"color:#2F5D63;\">Quali sono i sistemi di chiamata d&#8217;emergenza disponibili per gli anziani?<\/h5>\n\t\t\t\t\t\t<\/div>\n\t\t\t\t\t<\/div>\n\t\t\t\t\t<div class=\"collapse\" itemprop=\"description\" id=\"collapseExample4691350667260\">\n\t\t\t\t\t\t<p>\n<p>I sistemi vanno dai braccialetti di emergenza ai dispositivi fissi e mobili. Esistono diversi fornitori di sistemi di chiamata d&#8217;emergenza per anziani. Ecco un piccolo estratto:<\/p>\n\n<p><strong>SmartLife Care<\/strong> offre un&#8217;ampia gamma di apparecchiature mobili e\/o fisse che possono essere noleggiate o acquistate. Con il sistema di chiamata d&#8217;emergenza, \u00e8 possibile chiamare direttamente la centrale di emergenza con un abbonamento a pagamento. Non \u00e8 prevista una durata minima e il contratto pu\u00f2 essere disdetto mensilmente. Ulteriori informazioni su SmartLife Care sono disponibili all&#8217;indirizzo: <a href=\"http:\/\/www.smartlife-care.ch\" target=\"_blank\" rel=\"noopener\">www.smartlife-care.ch<\/a>.<\/p>\n\n<p> <strong>Vitatel<\/strong> offre una variante fissa e noleggiabile. Il sistema di chiamata d&#8217;emergenza comprende un abbonamento a pagamento con il centro di chiamata d&#8217;emergenza. Inoltre, al momento della stipula, bisogna pagare una commissione una tantum e un deposito cauzionale. Le chiamate sono illimitate. Per saperne di pi\u00f9 sul sistema di chiamata d&#8217;emergenza noleggiabile: <a href=\"http:\/\/www.vitatel.ch\" target=\"_blank\" rel=\"noopener\">www.vitatel.ch<\/a><\/p>\n\n<p>Gli anziani possono acquistare o noleggiare lo <strong>SmartWatch digitale<\/strong> di Limmex. Anche con questo sistema \u00e8 possibile chiamare direttamente la centrale di emergenza con un abbonamento. La durata della chiamata \u00e8 limitata a 60 minuti per trimestre. La durata minima \u00e8 di 1 anno. Per tutte le informazioni sullo SmartWatch digitale: <a href=\"http:\/\/www.limmex.com\" target=\"_blank\" rel=\"noopener\">www.limmex.com<\/a><\/p>\n\n<p><strong>Croce Rossa Svizzera<\/strong> offre sistemi di chiamata d&#8217;emergenza fissi e mobili a noleggio, a seconda del cantone. Con l&#8217;abbonamento, la centrale di emergenza viene contattata direttamente via radio non appena viene premuto il pulsante di emergenza. \u00c8 previsto un costo una tantum e la durata minima \u00e8 di 3 mesi. Il periodo di disdetta \u00e8 di 20 giorni. Volete saperne di pi\u00f9 sui prodotti della Croce Rossa Svizzera? <a href=\"http:\/\/www.notruf.redcross.ch\" target=\"_blank\" rel=\"noopener\">www.notruf.redcross.ch<\/a><\/p>\n\n<p><strong>aidwatch<\/strong> \u00e8 uno dei sistemi di emergenza che funzionano con uno smartwatch. Il contatto di emergenza viene chiamato con la semplice pressione di un pulsante. Inoltre, in questo sistema di emergenza \u00e8 integrato un allarme automatico di caduta. Per saperne di pi\u00f9 sul sistema di smartwatch di emergenza Aidwatch: <a href=\"http:\/\/www.aidwatch.ch\" target=\"_blank\" rel=\"noopener\">www.aidwatch.ch<\/a><\/p>\n\n<p>La <strong>chiamata di emergenza Sawires<\/strong> offre inoltre sicurezza con la semplice pressione di un pulsante. Il call center di emergenza e l&#8217;assistenza immediata sono disponibili 24 ore su 24. Trovate tutte le informazioni sulla chiamata di emergenza di Sawire: <a href=\"http:\/\/www.senioren-notruf.ch\" target=\"_blank\" rel=\"noopener\">www.senioren-notruf.chMehr<\/a>Informazioni sui sistemi di chiamata di emergenza sono disponibili qui: <a href=\"http:\/\/www.seniorenportal-schweiz.ch\" target=\"_blank\" rel=\"noopener\">www.seniorenportal-schweiz.ch<\/a><\/p>\n<\/p>\n\t\t\t\t\t\t<div class=\"spacer\"><\/div>\n\t\t\t\t\t<\/div>\n\t\t\t\t<\/div>\n\t\t\t<\/div>\n\t\t\t<div class=\"collapse-container collapsed\">\n\t\t\t\t<div class=\"card\" itemscope itemtype=\"https:\/\/schema.org\/Question\">\n\t\t\t\t\t<div class=\"\" data-bs-toggle=\"collapse\" href=\"#collapseExample47031629863908\">\n\t\t\t\t\t\t<div class=\"faq-header\"> \n\t\t\t\t\t\t\t<h5 class=\"question\" itemprop=\"name\" style=\"color:#2F5D63;\">Che cos&#8217;\u00e8 un tutore o un&#8217;autorit\u00e0 di protezione per adulti?<\/h5>\n\t\t\t\t\t\t<\/div>\n\t\t\t\t\t<\/div>\n\t\t\t\t\t<div class=\"collapse\" itemprop=\"description\" id=\"collapseExample47031629863908\">\n\t\t\t\t\t\t<p>\n<p>Una tutela serve a garantire il benessere e la protezione di una persona bisognosa di assistenza. Il diritto all&#8217;autodeterminazione di una persona deve per\u00f2 essere limitato solo nella misura in cui ci\u00f2 sia realmente necessario dal punto di vista della protezione della persona stessa.<\/p>\n\n<p>In generale, una tutela dovrebbe essere ordinata solo se la protezione di una persona non pu\u00f2 essere ottenuta in altro modo. Se, ad esempio, \u00e8 sufficiente l&#8217;assistenza fornita dal contesto in cui vive la persona (ad esempio parenti o amici) o \u00e8 assicurato il sostegno fornito da organizzazioni non governative senza scopo di lucro (come Pro Infirmis) o da istituzioni statali di assistenza sociale, si pu\u00f2 e si deve rinunciare a una tutela.<\/p>\n\n<p>L&#8217;autorit\u00e0 di protezione degli adulti ordina d&#8217;ufficio una tutela o su richiesta dell&#8217;interessato o di una persona vicina. Il prerequisito \u00e8 uno stato di debolezza descritto dalla legge (disabilit\u00e0 mentale, disturbo mentale o analogo stato di debolezza; incapacit\u00e0 temporanea di discernimento o in caso di assenza).<\/p>\n\n<p>Il tutore \u00e8 nominato dall&#8217;autorit\u00e0 di protezione degli adulti (APMA). Pu\u00f2 trattarsi di un tutore privato, di un tutore professionista o di un tutore impiegato presso l&#8217;autorit\u00e0 preposta. L&#8217;APMA deve garantire che i tutori &#8211; e in particolare i tutori privati &#8211; ricevano le istruzioni, la consulenza e il sostegno necessari (compresa formazione e aggiornamento, se necessario). Se le circostanze lo richiedono, pu\u00f2 essere nominata pi\u00f9 di una persona come tutore. In tal caso, si dovr\u00e0 stabilire se tali persone eserciteranno la carica congiuntamente in tutte le aree o se avranno responsabilit\u00e0 diverse. Nella scelta della persona che funger\u00e0 da tutore, l&#8217;autorit\u00e0 terr\u00e0 conto in primo luogo dei desideri e delle preoccupazioni della persona interessata, dei suoi parenti e delle persone vicine.<\/p>\n\n<p>La tutela si estingue in caso di morte. Esiste per\u00f2 una zona grigia. In realt\u00e0, il tutore non pu\u00f2 prendere altre decisioni dopo la morte. Tuttavia, nel breve termine dopo la morte, se non ci sono parenti o se essi non sono in contatto con la persona deceduta, l&#8217;autorit\u00e0 decisionale non \u00e8 regolata.<\/p>\n<\/p>\n\t\t\t\t\t\t<div class=\"spacer\"><\/div>\n\t\t\t\t\t<\/div>\n\t\t\t\t<\/div>\n\t\t\t<\/div>\n\t\t\t<div class=\"collapse-container collapsed\">\n\t\t\t\t<div class=\"card\" itemscope itemtype=\"https:\/\/schema.org\/Question\">\n\t\t\t\t\t<div class=\"\" data-bs-toggle=\"collapse\" href=\"#collapseExample46591360501266\">\n\t\t\t\t\t\t<div class=\"faq-header\"> \n\t\t\t\t\t\t\t<h5 class=\"question\" itemprop=\"name\" style=\"color:#2F5D63;\">Cosa devo fare in caso di decesso presso l&#8217;Ufficio della circolazione stradale?<\/h5>\n\t\t\t\t\t\t<\/div>\n\t\t\t\t\t<\/div>\n\t\t\t\t\t<div class=\"collapse\" itemprop=\"description\" id=\"collapseExample46591360501266\">\n\t\t\t\t\t\t<p>\n<p>In qualit\u00e0 di parenti, dovete informare l&#8217;Ufficio della circolazione stradale entro 14 giorni, indicando nome, data di nascita e data di morte della persona deceduta. Inoltre, \u00e8 necessario fornire il nome e l&#8217;indirizzo di una persona di contatto responsabile.<\/p>\n\n<p>I numeri di targa rilasciati a nome della persona deceduta devono essere<\/p>\n\n<ol class=\"wp-block-list\"><li>restituiti entro 30 giorni<\/li><\/ol>\n\n<p>oppure<\/p>\n\n<ol class=\"wp-block-list\" start=\"2\"><li>essere trasferiti al proprietario successivo. Sono necessari i seguenti documenti:<\/li><\/ol>\n\n<ul class=\"wp-block-list\"><li>il modulo di domanda di trapasso deve essere compilato e firmato;<ul><li>il certificato di assicurazione a nome proprietario successivo (questo documento \u00e8 disponibile su richiesta presso l&#8217;assicuratore o viene inviato direttamente all&#8217;ufficio della circolazione);<\/li><li>la licenza di circolazione annullata del veicolo.<\/li><li>Se non c&#8217;\u00e8 un nuovo proprietario, la targa passa alla comunit\u00e0 ereditaria entro lo stesso termine. La procedura \u00e8 identica.<\/li><\/ul><\/li><\/ul>\n<\/p>\n\t\t\t\t\t\t<div class=\"spacer\"><\/div>\n\t\t\t\t\t<\/div>\n\t\t\t\t<\/div>\n\t\t\t<\/div>\n\t\t\t<div class=\"collapse-container collapsed\">\n\t\t\t\t<div class=\"card\" itemscope itemtype=\"https:\/\/schema.org\/Question\">\n\t\t\t\t\t<div class=\"\" data-bs-toggle=\"collapse\" href=\"#collapseExample4671506939402\">\n\t\t\t\t\t\t<div class=\"faq-header\"> \n\t\t\t\t\t\t\t<h5 class=\"question\" itemprop=\"name\" style=\"color:#2F5D63;\">Il datore di lavoro mi concede giorni liberi in caso di decesso?<\/h5>\n\t\t\t\t\t\t<\/div>\n\t\t\t\t\t<\/div>\n\t\t\t\t\t<div class=\"collapse\" itemprop=\"description\" id=\"collapseExample4671506939402\">\n\t\t\t\t\t\t<p>\n<p>In caso di decesso di un familiare, il datore di lavoro concede da 1 a 3 giorni (a seconda del grado di parentela).<\/p>\n<\/p>\n\t\t\t\t\t\t<div class=\"spacer\"><\/div>\n\t\t\t\t\t<\/div>\n\t\t\t\t<\/div>\n\t\t\t<\/div>\n\t\t\t<div class=\"collapse-container collapsed\">\n\t\t\t\t<div class=\"card\" itemscope itemtype=\"https:\/\/schema.org\/Question\">\n\t\t\t\t\t<div class=\"\" data-bs-toggle=\"collapse\" href=\"#collapseExample4674370215110\">\n\t\t\t\t\t\t<div class=\"faq-header\"> \n\t\t\t\t\t\t\t<h5 class=\"question\" itemprop=\"name\" style=\"color:#2F5D63;\">Per quanto tempo si ha diritto alla rendita AVS dopo il decesso?<\/h5>\n\t\t\t\t\t\t<\/div>\n\t\t\t\t\t<\/div>\n\t\t\t\t\t<div class=\"collapse\" itemprop=\"description\" id=\"collapseExample4674370215110\">\n\t\t\t\t\t\t<p>\n<p>La pensione del mese in corso appartiene alla famiglia, ma il pagamento della pensione del mese successivo deve essere restituito.<\/p>\n<\/p>\n\t\t\t\t\t\t<div class=\"spacer\"><\/div>\n\t\t\t\t\t<\/div>\n\t\t\t\t<\/div>\n\t\t\t<\/div>\n\t\t\t<div class=\"collapse-container collapsed\">\n\t\t\t\t<div class=\"card\" itemscope itemtype=\"https:\/\/schema.org\/Question\">\n\t\t\t\t\t<div class=\"\" data-bs-toggle=\"collapse\" href=\"#collapseExample47091038050083\">\n\t\t\t\t\t\t<div class=\"faq-header\"> \n\t\t\t\t\t\t\t<h5 class=\"question\" itemprop=\"name\" style=\"color:#2F5D63;\">Notifica all&#8217;AVS e\/o alle prestazioni complementari in caso di decesso e notifica alla cassa pensione: chi se ne occupa?<\/h5>\n\t\t\t\t\t\t<\/div>\n\t\t\t\t\t<\/div>\n\t\t\t\t\t<div class=\"collapse\" itemprop=\"description\" id=\"collapseExample47091038050083\">\n\t\t\t\t\t\t<p>\n<p>Una procedura di notifica regolamentata assicura che il decesso venga segnalato all&#8217;ufficio di stato civile competente. L&#8217;Ordinanza sullo stato civile stabilisce che la notifica deve essere inoltrata anche all&#8217;AVS.<\/p>\n\n<p>Questo richiede una certa quantit\u00e0 di tempo. Pertanto, si consiglia alla famiglia di contattare personalmente l&#8217;ufficio AVS. Questo pu\u00f2 spesso impedire l&#8217;erogazione di una pensione che poi deve essere restituita. Una breve telefonata pu\u00f2 essere sufficiente. La famiglia non ha per\u00f2 l&#8217;obbligo di informare l&#8217;ufficio AVS.<\/p>\n\n<p>Inoltre l&#8217;ufficio di stato civile segnala il decesso di un cittadino straniero alla rappresentanza in Svizzera del Paese d&#8217;origine. <\/p>\n\n<p>La famiglia invece deve notificare il decesso alla cassa pensione. A differenza dell&#8217;AVS, le autorit\u00e0 non conoscono l&#8217;istituto di previdenza responsabile.<\/p>\n\n<p>Di norma, per la notifica \u00e8 necessario un certificato di morte (quello rilasciato dall&#8217;ufficio di stato civile, non il certificato medico di morte). <\/p>\n\n<p>La famiglia riceve il certificato di morte dopo alcuni giorni poich\u00e9 l&#8217;ufficio di stato civile deve controllare i registri e verificare i dati per poterlo rilasciare. <\/p>\n<\/p>\n\t\t\t\t\t\t<div class=\"spacer\"><\/div>\n\t\t\t\t\t<\/div>\n\t\t\t\t<\/div>\n\t\t\t<\/div>\n\t\t\t<div class=\"collapse-container collapsed\">\n\t\t\t\t<div class=\"card\" itemscope itemtype=\"https:\/\/schema.org\/Question\">\n\t\t\t\t\t<div class=\"\" data-bs-toggle=\"collapse\" href=\"#collapseExample47132139824994\">\n\t\t\t\t\t\t<div class=\"faq-header\"> \n\t\t\t\t\t\t\t<h5 class=\"question\" itemprop=\"name\" style=\"color:#2F5D63;\">Disdette e annullamenti: a cosa si deve pensare?<\/h5>\n\t\t\t\t\t\t<\/div>\n\t\t\t\t\t<\/div>\n\t\t\t\t\t<div class=\"collapse\" itemprop=\"description\" id=\"collapseExample47132139824994\">\n\t\t\t\t\t\t<p>\n<p>Molti contratti in essere, come ad esempio un contratto di locazione, devono essere esplicitamente disdetti dai parenti. A tal fine, i parenti hanno bisogno del certificato di morte (attenzione: con certificato di morte si intende il documento rilasciato dall&#8217;ufficio di stato civile, non il certificato medico di morte).<\/p>\n\n<p>Per la disdetta di alcuni contratti \u00e8 necessario un certificato di morte. Si consiglia di informare per telefono le controparti chiedendo se \u00e8 necessaria o meno una copia del certificato di morte. Alcuni uffici sono molto accomodanti, per cui spesso \u00e8 sufficiente una notifica senza certificato di morte.<\/p>\n\n<p>Si consiglia di contattare i seguenti uffici:<\/p>\n\n<ul class=\"wp-block-list\"><li>L&#8217;AVS (opzionale: l&#8217;ufficio di registrazione dei residenti informa l&#8217;AVS)<br\/>Suggerimento: se il decesso avviene verso la fine del mese, chiamare e far sospendere il pagamento della pensione.<\/li><li> Ufficio di assistenza sociale, assicurazione invalidit\u00e0, prestazioni complementari<\/li><li>Cassa pensione<\/li><li>Assicurazione malattia<\/li><li>Assicurazioni: infortuni, vita, responsabilit\u00e0 civile, economia domestica, veicoli, immobili, protezione giuridica<\/li><li>Contratto di locazione appartamento, garage, parcheggio, atelier<\/li><li>Ufficio della circolazione<\/li><li>Telefono: cellulare, fisso, internet, rubrica telefonica  <\/li><li>Giornali e riviste<\/li><li>FFS, Arcobaleno, AG, abbonamento met\u00e0 prezzo, ecc.<\/li><li>Serafe (ex Billag): l&#8217;ufficio di registrazione dei residenti informa Serafe mensilmente<\/li><li>Elettricit\u00e0\/gas<\/li><li>Medico di famiglia ed eventualmente altri medici, dentista<\/li><li>Associazioni, Pro Senectute, TCS, REGA<\/li><li>Coop, Migros, vendita per corrispondenza, uova, bevande<\/li><li>Spitex, servizio pasti<\/li><li>Datore di lavoro<\/li><\/ul>\n<\/p>\n\t\t\t\t\t\t<div class=\"spacer\"><\/div>\n\t\t\t\t\t<\/div>\n\t\t\t\t<\/div>\n\t\t\t<\/div><\/div><\/div><\/div><\/div>","protected":false},"excerpt":{"rendered":"<p>In caso di decesso, molti contratti devono essere disdetti o modificati. Su questa pagina abbiamo raccolto alcuni consigli.<\/p>\n","protected":false},"author":6,"featured_media":0,"parent":0,"menu_order":0,"comment_status":"closed","ping_status":"closed","template":"","meta":{"_acf_changed":false,"ep_latitude":0,"ep_longitude":0,"ep_address":"","ep_exclude_from_search":false,"_vp_format_video_url":"","_vp_image_focal_point":[],"footnotes":""},"class_list":["post-4241","page","type-page","status-publish","hentry"],"acf":{"font":"","background_shape":"type3","header_custom":74},"_links":{"self":[{"href":"https:\/\/bestatter.ch\/it\/wp-json\/wp\/v2\/pages\/4241","targetHints":{"allow":["GET"]}}],"collection":[{"href":"https:\/\/bestatter.ch\/it\/wp-json\/wp\/v2\/pages"}],"about":[{"href":"https:\/\/bestatter.ch\/it\/wp-json\/wp\/v2\/types\/page"}],"author":[{"embeddable":true,"href":"https:\/\/bestatter.ch\/it\/wp-json\/wp\/v2\/users\/6"}],"replies":[{"embeddable":true,"href":"https:\/\/bestatter.ch\/it\/wp-json\/wp\/v2\/comments?post=4241"}],"version-history":[{"count":0,"href":"https:\/\/bestatter.ch\/it\/wp-json\/wp\/v2\/pages\/4241\/revisions"}],"wp:attachment":[{"href":"https:\/\/bestatter.ch\/it\/wp-json\/wp\/v2\/media?parent=4241"}],"curies":[{"name":"wp","href":"https:\/\/api.w.org\/{rel}","templated":true}]}}