{"id":9216,"date":"2023-03-01T22:15:21","date_gmt":"2023-03-01T21:15:21","guid":{"rendered":"https:\/\/bestatterportal.ch\/standort\/storz-funeraire-l-storz-pompes-funebres\/"},"modified":"2026-01-09T11:45:51","modified_gmt":"2026-01-09T10:45:51","slug":"storz-funeraire-l-storz-pompes-funebres","status":"publish","type":"standort","link":"https:\/\/bestatter.ch\/fr\/site\/storz-funeraire-l-storz-pompes-funebres\/","title":{"rendered":"Storz Fun\u00e9raire | Pompes Fun\u00e8bres"},"content":{"rendered":"<p>Depuis 1883, nous g\u00e9rons le service fun\u00e9raire dans la r\u00e9gion de Bienne, Nidau et du Seeland. En tant que pompes fun\u00e8bres titulaires du brevet f\u00e9d\u00e9ral et du label de qualit\u00e9, nous sommes \u00e0 votre disposition 24 heures sur 24 et le week-end. En tant que membre actif de l&rsquo;Association suisse des services fun\u00e9raires (ASF), nous connaissons les r\u00e9glementations locales, nationales et internationales, y compris pour les transferts de et vers l&rsquo;\u00e9tranger. Nous sommes \u00e0 vos c\u00f4t\u00e9s en cas de d\u00e9c\u00e8s, nous vous conseillons et vous aidons avec des services lors d&rsquo;une cr\u00e9mation, d&rsquo;une inhumation, d&rsquo;un enterrement, d&rsquo;une c\u00e9r\u00e9monie, dans un cimeti\u00e8re ou \u00e0 l&rsquo;\u00e9glise. En cas de d\u00e9c\u00e8s, nous nous occupons des formalit\u00e9s officielles et vous conseillons sur les questions priv\u00e9es.    <\/p>\n<p>Nous sommes \u00e9galement \u00e0 votre disposition pour r\u00e9pondre \u00e0 vos questions, vous conseiller et discuter de l&rsquo;organisation des obs\u00e8ques, de la pr\u00e9voyance d\u00e9c\u00e8s ou des dispositions fun\u00e9raires.<\/p>\n","protected":false},"author":6,"featured_media":15834,"parent":0,"template":"","categories":[],"tags":[],"class_list":["post-9216","standort","type-standort","status-publish","has-post-thumbnail","hentry"],"acf":{"entitats-id":"2542885057997940934","teammitglieder":[{"name":"Ken Roubal","bezeichnung":"Bestatter","bild":{"ID":15854,"id":15854,"title":"1000x1000-4","filename":"1000x1000-4.avif","filesize":111871,"url":"https:\/\/bestatter.ch\/wp-content\/uploads\/2023\/03\/1000x1000-4.avif","link":"https:\/\/bestatter.ch\/fr\/site\/storz-funeraire-l-storz-pompes-funebres\/1000x1000-4-2\/","alt":"","author":"0","description":"","caption":"","name":"1000x1000-4-2","status":"inherit","uploaded_to":9216,"date":"2025-12-01 10:12:06","modified":"2025-12-01 10:12:06","menu_order":0,"mime_type":"image\/jpeg","type":"image","subtype":"jpeg","icon":"https:\/\/bestatter.ch\/wp-includes\/images\/media\/default.png","width":1000,"height":1000,"sizes":{"thumbnail":"https:\/\/bestatter.ch\/wp-content\/uploads\/2023\/03\/1000x1000-4-150x150.avif","thumbnail-width":150,"thumbnail-height":150,"medium":"https:\/\/bestatter.ch\/wp-content\/uploads\/2023\/03\/1000x1000-4-300x300.avif","medium-width":300,"medium-height":300,"medium_large":"https:\/\/bestatter.ch\/wp-content\/uploads\/2023\/03\/1000x1000-4-768x768.avif","medium_large-width":640,"medium_large-height":640,"large":"https:\/\/bestatter.ch\/wp-content\/uploads\/2023\/03\/1000x1000-4.avif","large-width":640,"large-height":640,"1536x1536":"https:\/\/bestatter.ch\/wp-content\/uploads\/2023\/03\/1000x1000-4.avif","1536x1536-width":1000,"1536x1536-height":1000,"2048x2048":"https:\/\/bestatter.ch\/wp-content\/uploads\/2023\/03\/1000x1000-4.avif","2048x2048-width":1000,"2048x2048-height":1000,"vp_sm":"https:\/\/bestatter.ch\/wp-content\/uploads\/2023\/03\/1000x1000-4-500x500.avif","vp_sm-width":500,"vp_sm-height":500,"vp_md":"https:\/\/bestatter.ch\/wp-content\/uploads\/2023\/03\/1000x1000-4-800x800.avif","vp_md-width":800,"vp_md-height":800,"vp_lg":"https:\/\/bestatter.ch\/wp-content\/uploads\/2023\/03\/1000x1000-4.avif","vp_lg-width":1000,"vp_lg-height":1000,"vp_xl":"https:\/\/bestatter.ch\/wp-content\/uploads\/2023\/03\/1000x1000-4.avif","vp_xl-width":1000,"vp_xl-height":1000,"vp_sm_popup":"https:\/\/bestatter.ch\/wp-content\/uploads\/2023\/03\/1000x1000-4-500x500.avif","vp_sm_popup-width":500,"vp_sm_popup-height":500,"vp_md_popup":"https:\/\/bestatter.ch\/wp-content\/uploads\/2023\/03\/1000x1000-4-800x800.avif","vp_md_popup-width":800,"vp_md_popup-height":800,"vp_xl_popup":"https:\/\/bestatter.ch\/wp-content\/uploads\/2023\/03\/1000x1000-4.avif","vp_xl_popup-width":1000,"vp_xl_popup-height":1000}}},{"name":"Esther Stierlin","bezeichnung":"Bestatterin mit eidg. Fachausweis","bild":{"ID":18518,"id":18518,"title":"1000x1000-6","filename":"1000x1000-6.avif","filesize":114232,"url":"https:\/\/bestatter.ch\/wp-content\/uploads\/2023\/03\/1000x1000-6.avif","link":"https:\/\/bestatter.ch\/fr\/site\/storz-funeraire-l-storz-pompes-funebres\/1000x1000-6-2\/","alt":"","author":"6","description":"","caption":"","name":"1000x1000-6-2","status":"inherit","uploaded_to":9216,"date":"2025-12-02 13:44:36","modified":"2025-12-02 13:44:36","menu_order":0,"mime_type":"image\/jpeg","type":"image","subtype":"jpeg","icon":"https:\/\/bestatter.ch\/wp-includes\/images\/media\/default.png","width":1000,"height":1000,"sizes":{"thumbnail":"https:\/\/bestatter.ch\/wp-content\/uploads\/2023\/03\/1000x1000-6-150x150.avif","thumbnail-width":150,"thumbnail-height":150,"medium":"https:\/\/bestatter.ch\/wp-content\/uploads\/2023\/03\/1000x1000-6-300x300.avif","medium-width":300,"medium-height":300,"medium_large":"https:\/\/bestatter.ch\/wp-content\/uploads\/2023\/03\/1000x1000-6-768x768.avif","medium_large-width":640,"medium_large-height":640,"large":"https:\/\/bestatter.ch\/wp-content\/uploads\/2023\/03\/1000x1000-6.avif","large-width":640,"large-height":640,"1536x1536":"https:\/\/bestatter.ch\/wp-content\/uploads\/2023\/03\/1000x1000-6.avif","1536x1536-width":1000,"1536x1536-height":1000,"2048x2048":"https:\/\/bestatter.ch\/wp-content\/uploads\/2023\/03\/1000x1000-6.avif","2048x2048-width":1000,"2048x2048-height":1000,"vp_sm":"https:\/\/bestatter.ch\/wp-content\/uploads\/2023\/03\/1000x1000-6-500x500.avif","vp_sm-width":500,"vp_sm-height":500,"vp_md":"https:\/\/bestatter.ch\/wp-content\/uploads\/2023\/03\/1000x1000-6-800x800.avif","vp_md-width":800,"vp_md-height":800,"vp_lg":"https:\/\/bestatter.ch\/wp-content\/uploads\/2023\/03\/1000x1000-6.avif","vp_lg-width":1000,"vp_lg-height":1000,"vp_xl":"https:\/\/bestatter.ch\/wp-content\/uploads\/2023\/03\/1000x1000-6.avif","vp_xl-width":1000,"vp_xl-height":1000,"vp_sm_popup":"https:\/\/bestatter.ch\/wp-content\/uploads\/2023\/03\/1000x1000-6-500x500.avif","vp_sm_popup-width":500,"vp_sm_popup-height":500,"vp_md_popup":"https:\/\/bestatter.ch\/wp-content\/uploads\/2023\/03\/1000x1000-6-800x800.avif","vp_md_popup-width":800,"vp_md_popup-height":800,"vp_xl_popup":"https:\/\/bestatter.ch\/wp-content\/uploads\/2023\/03\/1000x1000-6.avif","vp_xl_popup-width":1000,"vp_xl_popup-height":1000}}},{"name":"Daniel Keller","bezeichnung":"Bestatter","bild":{"ID":18803,"id":18803,"title":"1000x1000-8","filename":"1000x1000-8.avif","filesize":63569,"url":"https:\/\/bestatter.ch\/wp-content\/uploads\/2023\/03\/1000x1000-8.avif","link":"https:\/\/bestatter.ch\/fr\/site\/storz-funeraire-l-storz-pompes-funebres\/1000x1000-8-2\/","alt":"","author":"6","description":"","caption":"","name":"1000x1000-8-2","status":"inherit","uploaded_to":9216,"date":"2025-12-03 06:55:55","modified":"2025-12-03 06:55:55","menu_order":0,"mime_type":"image\/jpeg","type":"image","subtype":"jpeg","icon":"https:\/\/bestatter.ch\/wp-includes\/images\/media\/default.png","width":1000,"height":1000,"sizes":{"thumbnail":"https:\/\/bestatter.ch\/wp-content\/uploads\/2023\/03\/1000x1000-8-150x150.avif","thumbnail-width":150,"thumbnail-height":150,"medium":"https:\/\/bestatter.ch\/wp-content\/uploads\/2023\/03\/1000x1000-8-300x300.avif","medium-width":300,"medium-height":300,"medium_large":"https:\/\/bestatter.ch\/wp-content\/uploads\/2023\/03\/1000x1000-8-768x768.avif","medium_large-width":640,"medium_large-height":640,"large":"https:\/\/bestatter.ch\/wp-content\/uploads\/2023\/03\/1000x1000-8.avif","large-width":640,"large-height":640,"1536x1536":"https:\/\/bestatter.ch\/wp-content\/uploads\/2023\/03\/1000x1000-8.avif","1536x1536-width":1000,"1536x1536-height":1000,"2048x2048":"https:\/\/bestatter.ch\/wp-content\/uploads\/2023\/03\/1000x1000-8.avif","2048x2048-width":1000,"2048x2048-height":1000,"vp_sm":"https:\/\/bestatter.ch\/wp-content\/uploads\/2023\/03\/1000x1000-8-500x500.avif","vp_sm-width":500,"vp_sm-height":500,"vp_md":"https:\/\/bestatter.ch\/wp-content\/uploads\/2023\/03\/1000x1000-8-800x800.avif","vp_md-width":800,"vp_md-height":800,"vp_lg":"https:\/\/bestatter.ch\/wp-content\/uploads\/2023\/03\/1000x1000-8.avif","vp_lg-width":1000,"vp_lg-height":1000,"vp_xl":"https:\/\/bestatter.ch\/wp-content\/uploads\/2023\/03\/1000x1000-8.avif","vp_xl-width":1000,"vp_xl-height":1000,"vp_sm_popup":"https:\/\/bestatter.ch\/wp-content\/uploads\/2023\/03\/1000x1000-8-500x500.avif","vp_sm_popup-width":500,"vp_sm_popup-height":500,"vp_md_popup":"https:\/\/bestatter.ch\/wp-content\/uploads\/2023\/03\/1000x1000-8-800x800.avif","vp_md_popup-width":800,"vp_md_popup-height":800,"vp_xl_popup":"https:\/\/bestatter.ch\/wp-content\/uploads\/2023\/03\/1000x1000-8.avif","vp_xl_popup-width":1000,"vp_xl_popup-height":1000}}},{"name":"Thomas Marbach","bezeichnung":"Bestatter mit eidg. Fachausweis","bild":false},{"name":"Regina Brebta","bezeichnung":"Bestatterin","bild":false}],"adresse":{"zeile_1":"Reuchenettestrasse 7","zeile_2":"","stadt":"Biel","region":"BE","postleitzahl":"2502","iso-landercode":"CH"},"angebote":[{"titel":"Service fun\u00e9raire","symbol":"fas fa-dove","beschreibung":"Service fun\u00e9raire"},{"titel":"Conseils \/ organisation \/ documents officiels","symbol":"fas fa-hands-helping","beschreibung":"Conseils \/ organisation \/ documents officiels"},{"titel":"Pr\u00e9voyance","symbol":"fas fa-envelope","beschreibung":"Conseil en pr\u00e9voyance"},{"titel":"C\u00e9r\u00e9monie fun\u00e9raire","symbol":"fas fa-music","beschreibung":"C\u00e9r\u00e9monie fun\u00e9raire"},{"titel":"Fleurs","symbol":"fas fa-leaf","beschreibung":"Bouquets de fleurs"},{"titel":"Articles fun\u00e9raires","symbol":"fas fa-cross","beschreibung":"Articles fun\u00e9raires"},{"titel":"Transferts nationaux","symbol":"fas fa-hand-holding-heart","beschreibung":"Transferts nationaux"},{"titel":"Transferts internationaux","symbol":"fas fa-people-arrows","beschreibung":"Transferts internationaux"}],"telefon":"+41323426444","galerie":[{"ID":15838,"id":15838,"title":"1366x892","filename":"1366x892.avif","filesize":52398,"url":"https:\/\/bestatter.ch\/wp-content\/uploads\/2023\/03\/1366x892.avif","link":"https:\/\/bestatter.ch\/fr\/site\/storz-funeraire-l-storz-pompes-funebres\/1366x892-2\/","alt":"","author":"0","description":"","caption":"","name":"1366x892-2","status":"inherit","uploaded_to":9216,"date":"2025-12-01 10:10:14","modified":"2025-12-01 10:10:14","menu_order":0,"mime_type":"image\/jpeg","type":"image","subtype":"jpeg","icon":"https:\/\/bestatter.ch\/wp-includes\/images\/media\/default.png","width":1366,"height":892,"sizes":{"thumbnail":"https:\/\/bestatter.ch\/wp-content\/uploads\/2023\/03\/1366x892-150x150.avif","thumbnail-width":150,"thumbnail-height":150,"medium":"https:\/\/bestatter.ch\/wp-content\/uploads\/2023\/03\/1366x892-300x196.avif","medium-width":300,"medium-height":196,"medium_large":"https:\/\/bestatter.ch\/wp-content\/uploads\/2023\/03\/1366x892-768x502.avif","medium_large-width":640,"medium_large-height":418,"large":"https:\/\/bestatter.ch\/wp-content\/uploads\/2023\/03\/1366x892-1024x669.avif","large-width":640,"large-height":418,"1536x1536":"https:\/\/bestatter.ch\/wp-content\/uploads\/2023\/03\/1366x892.avif","1536x1536-width":1366,"1536x1536-height":892,"2048x2048":"https:\/\/bestatter.ch\/wp-content\/uploads\/2023\/03\/1366x892.avif","2048x2048-width":1366,"2048x2048-height":892,"vp_sm":"https:\/\/bestatter.ch\/wp-content\/uploads\/2023\/03\/1366x892-500x327.avif","vp_sm-width":500,"vp_sm-height":327,"vp_md":"https:\/\/bestatter.ch\/wp-content\/uploads\/2023\/03\/1366x892-800x522.avif","vp_md-width":800,"vp_md-height":522,"vp_lg":"https:\/\/bestatter.ch\/wp-content\/uploads\/2023\/03\/1366x892-1280x836.avif","vp_lg-width":1280,"vp_lg-height":836,"vp_xl":"https:\/\/bestatter.ch\/wp-content\/uploads\/2023\/03\/1366x892.avif","vp_xl-width":1366,"vp_xl-height":892,"vp_sm_popup":"https:\/\/bestatter.ch\/wp-content\/uploads\/2023\/03\/1366x892-500x327.avif","vp_sm_popup-width":500,"vp_sm_popup-height":327,"vp_md_popup":"https:\/\/bestatter.ch\/wp-content\/uploads\/2023\/03\/1366x892-800x522.avif","vp_md_popup-width":800,"vp_md_popup-height":522,"vp_xl_popup":"https:\/\/bestatter.ch\/wp-content\/uploads\/2023\/03\/1366x892.avif","vp_xl_popup-width":1366,"vp_xl_popup-height":892}},{"ID":15842,"id":15842,"title":"1500x1000","filename":"1500x1000.avif","filesize":410731,"url":"https:\/\/bestatter.ch\/wp-content\/uploads\/2023\/03\/1500x1000.avif","link":"https:\/\/bestatter.ch\/fr\/site\/storz-funeraire-l-storz-pompes-funebres\/1500x1000-2\/","alt":"","author":"0","description":"","caption":"","name":"1500x1000-2","status":"inherit","uploaded_to":9216,"date":"2025-12-01 10:10:31","modified":"2025-12-01 10:10:31","menu_order":0,"mime_type":"image\/jpeg","type":"image","subtype":"jpeg","icon":"https:\/\/bestatter.ch\/wp-includes\/images\/media\/default.png","width":1500,"height":1000,"sizes":{"thumbnail":"https:\/\/bestatter.ch\/wp-content\/uploads\/2023\/03\/1500x1000-150x150.avif","thumbnail-width":150,"thumbnail-height":150,"medium":"https:\/\/bestatter.ch\/wp-content\/uploads\/2023\/03\/1500x1000-300x200.avif","medium-width":300,"medium-height":200,"medium_large":"https:\/\/bestatter.ch\/wp-content\/uploads\/2023\/03\/1500x1000-768x512.avif","medium_large-width":640,"medium_large-height":427,"large":"https:\/\/bestatter.ch\/wp-content\/uploads\/2023\/03\/1500x1000-1024x683.avif","large-width":640,"large-height":427,"1536x1536":"https:\/\/bestatter.ch\/wp-content\/uploads\/2023\/03\/1500x1000.avif","1536x1536-width":1500,"1536x1536-height":1000,"2048x2048":"https:\/\/bestatter.ch\/wp-content\/uploads\/2023\/03\/1500x1000.avif","2048x2048-width":1500,"2048x2048-height":1000,"vp_sm":"https:\/\/bestatter.ch\/wp-content\/uploads\/2023\/03\/1500x1000-500x333.avif","vp_sm-width":500,"vp_sm-height":333,"vp_md":"https:\/\/bestatter.ch\/wp-content\/uploads\/2023\/03\/1500x1000-800x533.avif","vp_md-width":800,"vp_md-height":533,"vp_lg":"https:\/\/bestatter.ch\/wp-content\/uploads\/2023\/03\/1500x1000-1280x853.avif","vp_lg-width":1280,"vp_lg-height":853,"vp_xl":"https:\/\/bestatter.ch\/wp-content\/uploads\/2023\/03\/1500x1000.avif","vp_xl-width":1500,"vp_xl-height":1000,"vp_sm_popup":"https:\/\/bestatter.ch\/wp-content\/uploads\/2023\/03\/1500x1000-500x333.avif","vp_sm_popup-width":500,"vp_sm_popup-height":333,"vp_md_popup":"https:\/\/bestatter.ch\/wp-content\/uploads\/2023\/03\/1500x1000-800x533.avif","vp_md_popup-width":800,"vp_md_popup-height":533,"vp_xl_popup":"https:\/\/bestatter.ch\/wp-content\/uploads\/2023\/03\/1500x1000.avif","vp_xl_popup-width":1500,"vp_xl_popup-height":1000}},{"ID":15846,"id":15846,"title":"2048x1365","filename":"2048x1365.avif","filesize":123719,"url":"https:\/\/bestatter.ch\/wp-content\/uploads\/2023\/03\/2048x1365.avif","link":"https:\/\/bestatter.ch\/fr\/site\/storz-funeraire-l-storz-pompes-funebres\/2048x1365-2\/","alt":"","author":"0","description":"","caption":"","name":"2048x1365-2","status":"inherit","uploaded_to":9216,"date":"2025-12-01 10:11:02","modified":"2025-12-01 10:11:02","menu_order":0,"mime_type":"image\/jpeg","type":"image","subtype":"jpeg","icon":"https:\/\/bestatter.ch\/wp-includes\/images\/media\/default.png","width":2048,"height":1365,"sizes":{"thumbnail":"https:\/\/bestatter.ch\/wp-content\/uploads\/2023\/03\/2048x1365-150x150.avif","thumbnail-width":150,"thumbnail-height":150,"medium":"https:\/\/bestatter.ch\/wp-content\/uploads\/2023\/03\/2048x1365-300x200.avif","medium-width":300,"medium-height":200,"medium_large":"https:\/\/bestatter.ch\/wp-content\/uploads\/2023\/03\/2048x1365-768x512.avif","medium_large-width":640,"medium_large-height":427,"large":"https:\/\/bestatter.ch\/wp-content\/uploads\/2023\/03\/2048x1365-1024x683.avif","large-width":640,"large-height":427,"1536x1536":"https:\/\/bestatter.ch\/wp-content\/uploads\/2023\/03\/2048x1365-1536x1024.avif","1536x1536-width":1536,"1536x1536-height":1024,"2048x2048":"https:\/\/bestatter.ch\/wp-content\/uploads\/2023\/03\/2048x1365.avif","2048x2048-width":2048,"2048x2048-height":1365,"vp_sm":"https:\/\/bestatter.ch\/wp-content\/uploads\/2023\/03\/2048x1365-500x333.avif","vp_sm-width":500,"vp_sm-height":333,"vp_md":"https:\/\/bestatter.ch\/wp-content\/uploads\/2023\/03\/2048x1365-800x533.avif","vp_md-width":800,"vp_md-height":533,"vp_lg":"https:\/\/bestatter.ch\/wp-content\/uploads\/2023\/03\/2048x1365-1280x853.avif","vp_lg-width":1280,"vp_lg-height":853,"vp_xl":"https:\/\/bestatter.ch\/wp-content\/uploads\/2023\/03\/2048x1365-1920x1280.avif","vp_xl-width":1920,"vp_xl-height":1280,"vp_sm_popup":"https:\/\/bestatter.ch\/wp-content\/uploads\/2023\/03\/2048x1365-500x333.avif","vp_sm_popup-width":500,"vp_sm_popup-height":333,"vp_md_popup":"https:\/\/bestatter.ch\/wp-content\/uploads\/2023\/03\/2048x1365-800x533.avif","vp_md_popup-width":800,"vp_md_popup-height":533,"vp_xl_popup":"https:\/\/bestatter.ch\/wp-content\/uploads\/2023\/03\/2048x1365-1920x1280.avif","vp_xl_popup-width":1920,"vp_xl_popup-height":1280}}],"sprachen":[{"sprache":"Deutsch"},{"sprache":"Fran\u00e7ais"},{"sprache":"English"}],"website-url":"https:\/\/storz.ch\/de","fahigkeitsausweise":"Bestatter\/Bestatterin mit eidgen\u00f6ssischem Fachausweis, Philipp Messer, Thomas Marbach, Esther Fischer-Stierlin, Regina Brebta","gutesiegel":true,"lieferant":false,"bestattungsvorsorge":false,"ansprechperson":{"name":"Philipp Messer","telefonnummer":"+41323426444","e-mail":"mail@storz.ch","bezeichnung":"Bestatter mit eidg. Fachausweis, Gesch\u00e4ftsinhaber seit 2010","bestattungsvorsorge":false,"bild":{"ID":15850,"id":15850,"title":"500x500-42","filename":"500x500-42.avif","filesize":24386,"url":"https:\/\/bestatter.ch\/wp-content\/uploads\/2023\/03\/500x500-42.avif","link":"https:\/\/bestatter.ch\/fr\/site\/storz-funeraire-l-storz-pompes-funebres\/500x500-42-2\/","alt":"","author":"0","description":"","caption":"","name":"500x500-42-2","status":"inherit","uploaded_to":9216,"date":"2025-12-01 10:11:58","modified":"2025-12-01 10:11:58","menu_order":0,"mime_type":"image\/jpeg","type":"image","subtype":"jpeg","icon":"https:\/\/bestatter.ch\/wp-includes\/images\/media\/default.png","width":500,"height":500,"sizes":{"thumbnail":"https:\/\/bestatter.ch\/wp-content\/uploads\/2023\/03\/500x500-42-150x150.avif","thumbnail-width":150,"thumbnail-height":150,"medium":"https:\/\/bestatter.ch\/wp-content\/uploads\/2023\/03\/500x500-42-300x300.avif","medium-width":300,"medium-height":300,"medium_large":"https:\/\/bestatter.ch\/wp-content\/uploads\/2023\/03\/500x500-42.avif","medium_large-width":500,"medium_large-height":500,"large":"https:\/\/bestatter.ch\/wp-content\/uploads\/2023\/03\/500x500-42.avif","large-width":500,"large-height":500,"1536x1536":"https:\/\/bestatter.ch\/wp-content\/uploads\/2023\/03\/500x500-42.avif","1536x1536-width":500,"1536x1536-height":500,"2048x2048":"https:\/\/bestatter.ch\/wp-content\/uploads\/2023\/03\/500x500-42.avif","2048x2048-width":500,"2048x2048-height":500,"vp_sm":"https:\/\/bestatter.ch\/wp-content\/uploads\/2023\/03\/500x500-42.avif","vp_sm-width":500,"vp_sm-height":500,"vp_md":"https:\/\/bestatter.ch\/wp-content\/uploads\/2023\/03\/500x500-42.avif","vp_md-width":500,"vp_md-height":500,"vp_lg":"https:\/\/bestatter.ch\/wp-content\/uploads\/2023\/03\/500x500-42.avif","vp_lg-width":500,"vp_lg-height":500,"vp_xl":"https:\/\/bestatter.ch\/wp-content\/uploads\/2023\/03\/500x500-42.avif","vp_xl-width":500,"vp_xl-height":500,"vp_sm_popup":"https:\/\/bestatter.ch\/wp-content\/uploads\/2023\/03\/500x500-42.avif","vp_sm_popup-width":500,"vp_sm_popup-height":500,"vp_md_popup":"https:\/\/bestatter.ch\/wp-content\/uploads\/2023\/03\/500x500-42.avif","vp_md_popup-width":500,"vp_md_popup-height":500,"vp_xl_popup":"https:\/\/bestatter.ch\/wp-content\/uploads\/2023\/03\/500x500-42.avif","vp_xl_popup-width":500,"vp_xl_popup-height":500}}},"e-mails":[{"e-mail":"mail@storz.ch"}],"lieferantenkategorien":false,"grundungsjahr":"1883","youtube-url":"","facebook-url":"https:\/\/www.facebook.com\/112305357753735","stadtkoordinaten":{"latitude":"47.1401866","longitude":"7.2437727"}},"_links":{"self":[{"href":"https:\/\/bestatter.ch\/fr\/wp-json\/wp\/v2\/standort\/9216","targetHints":{"allow":["GET"]}}],"collection":[{"href":"https:\/\/bestatter.ch\/fr\/wp-json\/wp\/v2\/standort"}],"about":[{"href":"https:\/\/bestatter.ch\/fr\/wp-json\/wp\/v2\/types\/standort"}],"author":[{"embeddable":true,"href":"https:\/\/bestatter.ch\/fr\/wp-json\/wp\/v2\/users\/6"}],"wp:featuredmedia":[{"embeddable":true,"href":"https:\/\/bestatter.ch\/fr\/wp-json\/wp\/v2\/media\/15834"}],"wp:attachment":[{"href":"https:\/\/bestatter.ch\/fr\/wp-json\/wp\/v2\/media?parent=9216"}],"wp:term":[{"taxonomy":"category","embeddable":true,"href":"https:\/\/bestatter.ch\/fr\/wp-json\/wp\/v2\/categories?post=9216"},{"taxonomy":"post_tag","embeddable":true,"href":"https:\/\/bestatter.ch\/fr\/wp-json\/wp\/v2\/tags?post=9216"}],"curies":[{"name":"wp","href":"https:\/\/api.w.org\/{rel}","templated":true}]}}