{"id":9164,"date":"2022-09-08T07:39:15","date_gmt":"2022-09-08T06:39:15","guid":{"rendered":"https:\/\/bestatterportal.ch\/standort\/pompes-funebres-peter-allenbach\/"},"modified":"2025-12-18T08:30:27","modified_gmt":"2025-12-18T07:30:27","slug":"peter-allenbach-bestattungen-adelboden","status":"publish","type":"standort","link":"https:\/\/bestatter.ch\/fr\/site\/peter-allenbach-bestattungen-adelboden\/","title":{"rendered":"Allenbach Peter Pompes fun\u00e8bres"},"content":{"rendered":"<p>Le dernier chemin fait aussi partie de la vie.<br \/>\nLa mani\u00e8re dont un d\u00e9funt est conduit \u00e0 sa derni\u00e8re demeure doit refl\u00e9ter une fois de plus l&rsquo;amour et le respect qu&rsquo;on lui a t\u00e9moign\u00e9 durant sa vie. Il faut de l&rsquo;exp\u00e9rience pour trouver la forme digne et l&rsquo;accomplir. <\/p>\n","protected":false},"author":6,"featured_media":16506,"parent":0,"template":"","categories":[],"tags":[],"class_list":["post-9164","standort","type-standort","status-publish","has-post-thumbnail","hentry"],"acf":{"entitats-id":"3258","adresse":{"zeile_1":"Ausserschwandstrasse 15","zeile_2":"","stadt":"Adelboden","region":"BE","postleitzahl":"3715","iso-landercode":"CH"},"angebote":[{"titel":"Incin\u00e9ration","symbol":"fas fa-fire","beschreibung":"Lors d'une cr\u00e9mation, le d\u00e9funt est incin\u00e9r\u00e9 dans un cercueil. Les cendres de cr\u00e9mation sont remises \u00e0 la famille dans une urne. En Suisse, l'urne peut \u00eatre enterr\u00e9e aussi bien dans un cimeti\u00e8re dans une tombe individuelle, une tombe familiale, une niche \u00e0 urne ou une tombe \u00e0 th\u00e8me. La plupart du temps, seules les cendres sans urne sont inhum\u00e9es dans la tombe commune.   \n\nIl est \u00e9galement possible de ramener l'urne chez soi et de l'enterrer sur sa propre propri\u00e9t\u00e9 ou de la placer chez soi."},{"titel":"Inhumation","symbol":"fas fa-seedling","beschreibung":"Inhumation"},{"titel":"Conseil personnalis\u00e9 \u00e0 la famille endeuill\u00e9e","symbol":"fas fa-hands-helping","beschreibung":"Conseil personnalis\u00e9 \u00e0 la famille endeuill\u00e9e"},{"titel":"Avis de d\u00e9c\u00e8s","symbol":"fas fa-newspaper","beschreibung":"Avis de d\u00e9c\u00e8s"},{"titel":"Avis de d\u00e9c\u00e8s dans les journaux","symbol":"far fa-newspaper","beschreibung":"Avis de d\u00e9c\u00e8s dans les journaux"},{"titel":"Remerciements","symbol":"fas fa-envelope-open-text","beschreibung":"Remerciements"},{"titel":"Papiers de deuil","symbol":"fas fa-envelope-open-text","beschreibung":"Papiers de deuil"},{"titel":"D\u00e9coration florale","symbol":"fas fa-leaf","beschreibung":"D\u00e9coration florale"},{"titel":"D\u00e9p\u00f4t de cercueils, d\u00e9p\u00f4t d'urnes","symbol":"fas fa-cross","beschreibung":"D\u00e9p\u00f4t de cercueils, d\u00e9p\u00f4t d'urnes"},{"titel":"V\u00eatements de d\u00e9c\u00e8s","symbol":"fas fa-tshirt","beschreibung":"V\u00eatements de d\u00e9c\u00e8s"},{"titel":"Service fun\u00e9raire","symbol":"fas fa-dove","beschreibung":"Service fun\u00e9raire"},{"titel":"Pr\u00e9voyance","symbol":"fas fa-envelope","beschreibung":"Conseil en pr\u00e9voyance"},{"titel":"C\u00e9r\u00e9monie fun\u00e9raire","symbol":"fas fa-music","beschreibung":"C\u00e9r\u00e9monie fun\u00e9raire"},{"titel":"Articles fun\u00e9raires","symbol":"fas fa-cross","beschreibung":"Articles fun\u00e9raires"},{"titel":"Transferts nationaux","symbol":"fas fa-hand-holding-heart","beschreibung":"Transferts nationaux"},{"titel":"Transferts internationaux","symbol":"fas fa-people-arrows","beschreibung":"Transferts internationaux"}],"telefon":"+41794329484","sprachen":[{"sprache":"Deutsch"}],"website-url":"","fahigkeitsausweise":"","gutesiegel":false,"lieferant":false,"bestattungsvorsorge":false,"ansprechperson":{"name":"Peter Allenbach","telefonnummer":"079 432 94 84","e-mail":"pe_allenbach@bluewin.ch","bezeichnung":"Bestatter","bestattungsvorsorge":false,"bild":false},"e-mails":[{"e-mail":"pe_allenbach@bluewin.ch"}],"lieferantenkategorien":false,"grundungsjahr":"","youtube-url":"","facebook-url":"","stadtkoordinaten":{"latitude":"46.4930889","longitude":"7.5595123"}},"_links":{"self":[{"href":"https:\/\/bestatter.ch\/fr\/wp-json\/wp\/v2\/standort\/9164","targetHints":{"allow":["GET"]}}],"collection":[{"href":"https:\/\/bestatter.ch\/fr\/wp-json\/wp\/v2\/standort"}],"about":[{"href":"https:\/\/bestatter.ch\/fr\/wp-json\/wp\/v2\/types\/standort"}],"author":[{"embeddable":true,"href":"https:\/\/bestatter.ch\/fr\/wp-json\/wp\/v2\/users\/6"}],"wp:featuredmedia":[{"embeddable":true,"href":"https:\/\/bestatter.ch\/fr\/wp-json\/wp\/v2\/media\/16506"}],"wp:attachment":[{"href":"https:\/\/bestatter.ch\/fr\/wp-json\/wp\/v2\/media?parent=9164"}],"wp:term":[{"taxonomy":"category","embeddable":true,"href":"https:\/\/bestatter.ch\/fr\/wp-json\/wp\/v2\/categories?post=9164"},{"taxonomy":"post_tag","embeddable":true,"href":"https:\/\/bestatter.ch\/fr\/wp-json\/wp\/v2\/tags?post=9164"}],"curies":[{"name":"wp","href":"https:\/\/api.w.org\/{rel}","templated":true}]}}