{"id":12810,"date":"2024-05-29T10:55:02","date_gmt":"2024-05-29T09:55:02","guid":{"rendered":"https:\/\/bestatter.myls-staging.ch\/?page_id=12810"},"modified":"2025-08-21T15:32:49","modified_gmt":"2025-08-21T14:32:49","slug":"partenaires","status":"publish","type":"page","link":"https:\/\/bestatter.ch\/fr\/partenaires\/","title":{"rendered":"Partenaires"},"content":{"rendered":"<div class=\"section  dot-bg hero\">\n      <div class=\"container-xl\">\n        <div class=\"row row-cols-1 row-cols-md-2 align-items-center\">\n          <div class=\"col\">\n            <div class=\"get-child-height\">\n              <img decoding=\"async\" class=\"img-oversized smaller\" src=\"https:\/\/bestatter.ch\/wp-content\/uploads\/2022\/04\/vater-kind.png\" alt=\"\">\n            <\/div>\n          <\/div>\n          <div class=\"col ps-lg-3 ps-xxl-5 text\">\n            <p class=\"newp\">\n                    Cher parrain            <\/p>\n            <h2 class=\" newh1\">\n            Ce que tu m'as montr\u00e9 me restera toute ma vie.            <\/h2>\n          <\/div>\n        <\/div>\n      <\/div>\n    <\/div> <div class=\"section partnerup bg-brand-light fleck fleck1\">\n    <div class=\"container-xl\">\n      <div class=\"row\">\n        <div class=\"col-12\">\n          <p class=\"mb-0 fs-5 subh\">\n            Vous souhaitez cr\u00e9er une n\u00e9crologie num\u00e9rique ?          <\/p>\n          <h3 class=\"newh\">\n                     <\/h3>\n\t\t\t<div class=\"des-partner mb-5\">\n\t\t\t\t<p>Avec un clic, vous pouvez acc\u00e9der aux portails correspondants et y publier des avis de d\u00e9c\u00e8s. Les portails n\u2019appartiennent pas \u00e0 l\u2019Association suisse des services fun\u00e9raires. Par cons\u00e9quent, nous ne pouvons assumer aucune responsabilit\u00e9, ni fournir aucune assistance.<\/p>\n\t\t\t<\/div>\n        <\/div>\n      <\/div>\n    <\/div>\n  <\/div>\n\n\n    <div class=\"section partners\">\n      <div class=\"container-xl\">\n\t\t          <div class=\"row\">\n          <div class=\"col-md-1 col-sm-12\">\n\t\t\t  <img decoding=\"async\" src=\"https:\/\/bestatter.ch\/wp-content\/uploads\/2024\/06\/Trauerportal-Logo.png\" width=\"100%\" alt=\"logo\" \/>\n          <\/div>\n\t\t\t<div class=\"col-md-9 col-sm-12\">\n            <h4>Trauerportal<\/h4>\n            <h5>Tout sur la retraite, la mort et le deuil.<\/h5>\n          <\/div>\n\t\t\t<div class=\"col-md-2 col-sm-12\">\n            <a href=\"https:\/\/www.trauerportal.ch\/\" target=\"_BLANK\" rel=\"noopener\">Zur Webseite<i class=\"fa fa-angle-right\" aria-hidden=\"true\"><\/i><\/a>\n          <\/div>\n        <\/div>\n                  <div class=\"row\">\n          <div class=\"col-md-1 col-sm-12\">\n\t\t\t  <img decoding=\"async\" src=\"https:\/\/bestatter.ch\/wp-content\/uploads\/2024\/06\/Bildschirmfoto-2024-06-03-um-09.59.40.png\" width=\"100%\" alt=\"logo\" \/>\n          <\/div>\n\t\t\t<div class=\"col-md-9 col-sm-12\">\n            <h4>DECES.CH<\/h4>\n            <h5>Avis de d\u00e9c\u00e8s, condol\u00e9ances et n\u00e9crologies.<\/h5>\n          <\/div>\n\t\t\t<div class=\"col-md-2 col-sm-12\">\n            <a href=\"http:\/\/www.deces.ch\/\" target=\"_BLANK\" rel=\"noopener\">Zur Webseite<i class=\"fa fa-angle-right\" aria-hidden=\"true\"><\/i><\/a>\n          <\/div>\n        <\/div>\n                  <div class=\"row\">\n          <div class=\"col-md-1 col-sm-12\">\n\t\t\t  <img decoding=\"async\" src=\"https:\/\/bestatter.ch\/wp-content\/uploads\/2025\/08\/Logo-Bestatter.ch-FR.avif\" width=\"100%\" alt=\"logo\" \/>\n          <\/div>\n\t\t\t<div class=\"col-md-9 col-sm-12\">\n            <h4>Avis Deces<\/h4>\n            <h5>Avis de d\u00e9c\u00e8s en ligne<\/h5>\n          <\/div>\n\t\t\t<div class=\"col-md-2 col-sm-12\">\n            <a href=\"https:\/\/avisdeces.ch\/fr\/\" target=\"_BLANK\" rel=\"noopener\">Zur Webseite<i class=\"fa fa-angle-right\" aria-hidden=\"true\"><\/i><\/a>\n          <\/div>\n        <\/div>\n                <\/div>\n    <\/div>\n\n\n\n\n ","protected":false},"excerpt":{"rendered":"<p>Cher papa Nous avons toujours partag\u00e9 l&rsquo;amour du v\u00e9lo.<\/p>\n","protected":false},"author":6,"featured_media":0,"parent":0,"menu_order":0,"comment_status":"closed","ping_status":"closed","template":"","meta":{"_acf_changed":false,"ep_latitude":0,"ep_longitude":0,"ep_address":"","ep_exclude_from_search":false,"_vp_format_video_url":"","_vp_image_focal_point":[],"footnotes":""},"class_list":["post-12810","page","type-page","status-publish","hentry"],"acf":{"background_shape":"type3","font":""},"_links":{"self":[{"href":"https:\/\/bestatter.ch\/fr\/wp-json\/wp\/v2\/pages\/12810","targetHints":{"allow":["GET"]}}],"collection":[{"href":"https:\/\/bestatter.ch\/fr\/wp-json\/wp\/v2\/pages"}],"about":[{"href":"https:\/\/bestatter.ch\/fr\/wp-json\/wp\/v2\/types\/page"}],"author":[{"embeddable":true,"href":"https:\/\/bestatter.ch\/fr\/wp-json\/wp\/v2\/users\/6"}],"replies":[{"embeddable":true,"href":"https:\/\/bestatter.ch\/fr\/wp-json\/wp\/v2\/comments?post=12810"}],"version-history":[{"count":0,"href":"https:\/\/bestatter.ch\/fr\/wp-json\/wp\/v2\/pages\/12810\/revisions"}],"wp:attachment":[{"href":"https:\/\/bestatter.ch\/fr\/wp-json\/wp\/v2\/media?parent=12810"}],"curies":[{"name":"wp","href":"https:\/\/api.w.org\/{rel}","templated":true}]}}