{"id":11281,"date":"2023-09-25T17:22:40","date_gmt":"2023-09-25T16:22:40","guid":{"rendered":"https:\/\/bestatter.myls-staging.ch\/autres-membres-de-lasf\/"},"modified":"2025-04-15T08:48:00","modified_gmt":"2025-04-15T07:48:00","slug":"autres-membres-de-lasf","status":"publish","type":"page","link":"https:\/\/bestatter.ch\/fr\/autres-membres-de-lasf\/","title":{"rendered":"Autres membres de l&rsquo;ASP"},"content":{"rendered":"<div class=\"container-xl\">\n\t<div class=\"row mt-4 mx-auto\">\n\n\t\t<!-- Dropdown um die Art des Lieferanten zu Filtern -->\n\t\t<div class=\"kanton-dropdown\">\n\t\t\tService de filtrage\u00a0: \t\t\t<button id=\"kantonfilterbutton\" class=\"kanton-dropbtn\">Alle<\/button>\n\t\t\t<div class=\"kanton-dropdown-content\">\n\t\t\t\t<div onclick=\"filterkanton('')\">Tous<\/div>\n\t\t\t\t<div onclick=\"filterkanton('Trauerschmuck')\">Bijoux de deuil<\/div>\n\t\t\t\t<div onclick=\"filterkanton('Fahrzeug')\">V\u00e9hicule<\/div>\n\t\t\t\t<div onclick=\"filterkanton('Diamanten')\">Diamants<\/div>\n\t\t\t\t<div onclick=\"filterkanton('Trauerdruck')\">Pression de deuil<\/div>\n\t\t\t\t<div onclick=\"filterkanton('Reinigung')\">Nettoyage<\/div>\n\t\t\t\t<div onclick=\"filterkanton('R\u00e4umung')\">Expulsion<\/div>\n\t\t\t\t<div onclick=\"filterkanton('Desinfektion')\">D\u00e9sinfection<\/div>\n\t\t\t\t<div onclick=\"filterkanton('Ausland\u00fcberf\u00fchrung')\">Transfert \u00e0 l&rsquo;\u00e9tranger<\/div>\n\t\t\t\t<div onclick=\"filterkanton('Digital')\">Num\u00e9rique<\/div>\n\t\t\t\t<div onclick=\"filterkanton('Urne')\">Urne<\/div>\n\t\t\t\t<div onclick=\"filterkanton('Messe')\">\u00c9quitable<\/div>\n\t\t\t\t<div onclick=\"filterkanton('Sarg')\">Cercueil<\/div>\n\t\t\t\t<div onclick=\"filterkanton('Zubeh\u00f6r')\">Accessoires<\/div>\n\t\t\t\t<div onclick=\"filterkanton('Thanatologie')\">Thanatologie<\/div>\n\t\t\t\t<div onclick=\"filterkanton('Trauerfeier')\">Trauerfeier \/ Beratungen<\/div>\n\t\t\t<\/div>\n\t\t<\/div>\n\n\t\t<div id=\"anbieterliste\" style=\"min-height: 100vh;\">\n\t\t\t\t\t\t\t\t<div class=\"col-lg-12 mb-4 pr-0\" kanton=\"URNE SARG\">\n\t\t\t\t\t\t<div class=\"card row mr-0 flex-row\">\n\t\t\t\t\t\t\t<a class=\"col-lg-2\" href=\"https:\/\/bestatter.ch\/fr\/site\/adrian-willimann-ag-rickenbach\/\">\n\t\t\t\t\t\t\t\t<div class=\"col d-flex\">\n\t\t\t\t\t\t\t\t\t\t\t\t\t\t\t\t\t\t\t<img decoding=\"async\"\n\t\t\t\t\t\t\t\t\t\t     src=\"https:\/\/bestatter.ch\/wp-content\/uploads\/2023\/03\/555x555.avif\"\n\t\t\t\t\t\t\t\t\t\t     class=\"mx-auto w-50 mb-4 lazy\"\n\t\t\t\t\t\t\t\t\t\t     alt=\"\">\n\t\t\t\t\t\t\t\t\t\t\t\t\t\t\t\t\t<\/div>\n\t\t\t\t\t\t\t<\/a>\n\n\t\t\t\t\t\t\t<div class=\"content col-lg-8 row flex-row\" style=\"height: unset;\">\n\t\t\t\t\t\t\t\t<a class=\"text-decoration-none\" href=\"https:\/\/bestatter.ch\/fr\/site\/adrian-willimann-ag-rickenbach\/\">\n\t\t\t\t\t\t\t\t\t<h4 class=\"h5 mb-3\">Adrian Willimann AG<\/h4>\n\t\t\t\t\t\t\t\t<\/a>\n\n\t\t\t\t\t\t\t\t<div class=\"col-lg-4\">\n\t\t\t\t\t\t\t\t\t\t\t\t\t\t\t\t\t\t\tNiederwil 16<br>\n\t\t\t\t\t\t\t\t\t\t\t\t\t\t\t\t\t\t\t\t\t\t\t\t\t\t\t\t6221 Rickenbach\t\t\t\t\t\t\t\t\t\t\t\t\t\t\t\t\t<\/div>\n\n\t\t\t\t\t\t\t\t<div class=\"col-lg-8\">\n\t\t\t\t\t\t\t\t\t\t\t\t\t\t\t\t\t\t\t<a class=\"text-decoration-none\" href=\"mailto:info@willimann.ch\">\n\t\t\t\t\t\t\t\t\t\t\tinfo@willimann.ch\t\t\t\t\t\t\t\t\t\t<\/a><br>\n\t\t\t\t\t\t\t\t\t\n\t\t\t\t\t\t\t\t\t\t\t\t\t\t\t\t\t\t\t<a class=\"text-decoration-none\" href=\"tel:+41419301425\">\n\t\t\t\t\t\t\t\t\t\t\t+41 41 930 14 25\t\t\t\t\t\t\t\t\t\t<\/a><br>\n\t\t\t\t\t\t\t\t\t\n\t\t\t\t\t\t\t\t\t\t\t\t\t\t\t\t\t\t\t<a class=\"text-decoration-none\" href=\"https:\/\/willimann.ch\" target=\"_blank\" rel=\"noopener\">\n\t\t\t\t\t\t\t\t\t\t\thttps:\/\/willimann.ch\t\t\t\t\t\t\t\t\t\t<\/a>\n\t\t\t\t\t\t\t\t\t\t\t\t\t\t\t\t\t<\/div>\n\t\t\t\t\t\t\t<\/div>\n\n\t\t\t\t\t\t\t<a class=\"link-btn mt-4 col-lg-2\" href=\"https:\/\/bestatter.ch\/fr\/site\/adrian-willimann-ag-rickenbach\/\">\n\t\t\t\t\t\t\t\tVers l&rsquo;entreprise\t\t\t\t\t\t\t<\/a>\n\t\t\t\t\t\t<\/div>\n\t\t\t\t\t<\/div>\n\t\t\t\t\t\t\t\t\t<div class=\"col-lg-12 mb-4 pr-0\" kanton=\"Organisator Messe Abschied\">\n\t\t\t\t\t\t<div class=\"card row mr-0 flex-row\">\n\t\t\t\t\t\t\t<a class=\"col-lg-2\" href=\"https:\/\/bestatter.ch\/fr\/site\/agence-dadieu-ag\/\">\n\t\t\t\t\t\t\t\t<div class=\"col d-flex\">\n\t\t\t\t\t\t\t\t\t\t\t\t\t\t\t\t\t<\/div>\n\t\t\t\t\t\t\t<\/a>\n\n\t\t\t\t\t\t\t<div class=\"content col-lg-8 row flex-row\" style=\"height: unset;\">\n\t\t\t\t\t\t\t\t<a class=\"text-decoration-none\" href=\"https:\/\/bestatter.ch\/fr\/site\/agence-dadieu-ag\/\">\n\t\t\t\t\t\t\t\t\t<h4 class=\"h5 mb-3\">Agence d&rsquo;adieu AG<\/h4>\n\t\t\t\t\t\t\t\t<\/a>\n\n\t\t\t\t\t\t\t\t<div class=\"col-lg-4\">\n\t\t\t\t\t\t\t\t\t\t\t\t\t\t\t\t\t\t\tBahnhofstrasse 3<br>\n\t\t\t\t\t\t\t\t\t\t\t\t\t\t\t\t\t\t\t\t\t\t\t\t\t\t\t\t4142 M\u00fcnchenstein\t\t\t\t\t\t\t\t\t\t\t\t\t\t\t\t\t<\/div>\n\n\t\t\t\t\t\t\t\t<div class=\"col-lg-8\">\n\t\t\t\t\t\t\t\t\t\t\t\t\t\t\t\t\t\t\t<a class=\"text-decoration-none\" href=\"mailto:anfrage@abschiedsagentur.ch\">\n\t\t\t\t\t\t\t\t\t\t\tanfrage@abschiedsagentur.ch\t\t\t\t\t\t\t\t\t\t<\/a><br>\n\t\t\t\t\t\t\t\t\t\n\t\t\t\t\t\t\t\t\t\t\t\t\t\t\t\t\t\t\t<a class=\"text-decoration-none\" href=\"tel:061 411 41 41\">\n\t\t\t\t\t\t\t\t\t\t\t061 411 41 41\t\t\t\t\t\t\t\t\t\t<\/a><br>\n\t\t\t\t\t\t\t\t\t\n\t\t\t\t\t\t\t\t\t\t\t\t\t\t\t\t\t\t\t<a class=\"text-decoration-none\" href=\"http:\/\/www.abschiedsagentur.ch\/\" target=\"_blank\" rel=\"noopener\">\n\t\t\t\t\t\t\t\t\t\t\thttp:\/\/www.abschiedsagentur.ch\/\t\t\t\t\t\t\t\t\t\t<\/a>\n\t\t\t\t\t\t\t\t\t\t\t\t\t\t\t\t\t<\/div>\n\t\t\t\t\t\t\t<\/div>\n\n\t\t\t\t\t\t\t<a class=\"link-btn mt-4 col-lg-2\" href=\"https:\/\/bestatter.ch\/fr\/site\/agence-dadieu-ag\/\">\n\t\t\t\t\t\t\t\tVers l&rsquo;entreprise\t\t\t\t\t\t\t<\/a>\n\t\t\t\t\t\t<\/div>\n\t\t\t\t\t<\/div>\n\t\t\t\t\t\t\t\t\t<div class=\"col-lg-12 mb-4 pr-0\" kanton=\"TRAUERSCHMUCK DIAMANTEN\">\n\t\t\t\t\t\t<div class=\"card row mr-0 flex-row\">\n\t\t\t\t\t\t\t<a class=\"col-lg-2\" href=\"https:\/\/bestatter.ch\/fr\/site\/algordanza-domat-ems\/\">\n\t\t\t\t\t\t\t\t<div class=\"col d-flex\">\n\t\t\t\t\t\t\t\t\t\t\t\t\t\t\t\t\t\t\t<img decoding=\"async\"\n\t\t\t\t\t\t\t\t\t\t     src=\"https:\/\/bestatter.ch\/wp-content\/uploads\/2023\/03\/500x500-3.avif\"\n\t\t\t\t\t\t\t\t\t\t     class=\"mx-auto w-50 mb-4 lazy\"\n\t\t\t\t\t\t\t\t\t\t     alt=\"\">\n\t\t\t\t\t\t\t\t\t\t\t\t\t\t\t\t\t<\/div>\n\t\t\t\t\t\t\t<\/a>\n\n\t\t\t\t\t\t\t<div class=\"content col-lg-8 row flex-row\" style=\"height: unset;\">\n\t\t\t\t\t\t\t\t<a class=\"text-decoration-none\" href=\"https:\/\/bestatter.ch\/fr\/site\/algordanza-domat-ems\/\">\n\t\t\t\t\t\t\t\t\t<h4 class=\"h5 mb-3\">Algordanza AG<\/h4>\n\t\t\t\t\t\t\t\t<\/a>\n\n\t\t\t\t\t\t\t\t<div class=\"col-lg-4\">\n\t\t\t\t\t\t\t\t\t\t\t\t\t\t\t\t\t\t\tParc Industrial Vial 2<br>\n\t\t\t\t\t\t\t\t\t\t\t\t\t\t\t\t\t\t\t\t\t\t\t\t\t\t\t\t7013 Domat-Ems\t\t\t\t\t\t\t\t\t\t\t\t\t\t\t\t\t<\/div>\n\n\t\t\t\t\t\t\t\t<div class=\"col-lg-8\">\n\t\t\t\t\t\t\t\t\t\t\t\t\t\t\t\t\t\t\t<a class=\"text-decoration-none\" href=\"mailto:info@algordanza.com\">\n\t\t\t\t\t\t\t\t\t\t\tinfo@algordanza.com\t\t\t\t\t\t\t\t\t\t<\/a><br>\n\t\t\t\t\t\t\t\t\t\n\t\t\t\t\t\t\t\t\t\t\t\t\t\t\t\t\t\t\t<a class=\"text-decoration-none\" href=\"tel:+41813537455\">\n\t\t\t\t\t\t\t\t\t\t\t+41 81 353 74 55\t\t\t\t\t\t\t\t\t\t<\/a><br>\n\t\t\t\t\t\t\t\t\t\n\t\t\t\t\t\t\t\t\t\t\t\t\t\t\t\t\t\t\t<a class=\"text-decoration-none\" href=\"https:\/\/algordanza.com\" target=\"_blank\" rel=\"noopener\">\n\t\t\t\t\t\t\t\t\t\t\thttps:\/\/algordanza.com\t\t\t\t\t\t\t\t\t\t<\/a>\n\t\t\t\t\t\t\t\t\t\t\t\t\t\t\t\t\t<\/div>\n\t\t\t\t\t\t\t<\/div>\n\n\t\t\t\t\t\t\t<a class=\"link-btn mt-4 col-lg-2\" href=\"https:\/\/bestatter.ch\/fr\/site\/algordanza-domat-ems\/\">\n\t\t\t\t\t\t\t\tVers l&rsquo;entreprise\t\t\t\t\t\t\t<\/a>\n\t\t\t\t\t\t<\/div>\n\t\t\t\t\t<\/div>\n\t\t\t\t\t\t\t\t\t<div class=\"col-lg-12 mb-4 pr-0\" kanton=\"Trauerredner\">\n\t\t\t\t\t\t<div class=\"card row mr-0 flex-row\">\n\t\t\t\t\t\t\t<a class=\"col-lg-2\" href=\"https:\/\/bestatter.ch\/fr\/site\/amanos-circle-of-life-gmbh\/\">\n\t\t\t\t\t\t\t\t<div class=\"col d-flex\">\n\t\t\t\t\t\t\t\t\t\t\t\t\t\t\t\t\t<\/div>\n\t\t\t\t\t\t\t<\/a>\n\n\t\t\t\t\t\t\t<div class=\"content col-lg-8 row flex-row\" style=\"height: unset;\">\n\t\t\t\t\t\t\t\t<a class=\"text-decoration-none\" href=\"https:\/\/bestatter.ch\/fr\/site\/amanos-circle-of-life-gmbh\/\">\n\t\t\t\t\t\t\t\t\t<h4 class=\"h5 mb-3\">Amanos &#8211; Circle of Life GmbH<\/h4>\n\t\t\t\t\t\t\t\t<\/a>\n\n\t\t\t\t\t\t\t\t<div class=\"col-lg-4\">\n\t\t\t\t\t\t\t\t\t\t\t\t\t\t\t\t\t\t\tHolderstrasse 33<br>\n\t\t\t\t\t\t\t\t\t\t\t\t\t\t\t\t\t\t\t\t\t\t\t\t\t\t\t\t9038 Rehetobel\t\t\t\t\t\t\t\t\t\t\t\t\t\t\t\t\t<\/div>\n\n\t\t\t\t\t\t\t\t<div class=\"col-lg-8\">\n\t\t\t\t\t\t\t\t\t\t\t\t\t\t\t\t\t\t\t<a class=\"text-decoration-none\" href=\"mailto:mail@amanos.ch\">\n\t\t\t\t\t\t\t\t\t\t\tmail@amanos.ch\t\t\t\t\t\t\t\t\t\t<\/a><br>\n\t\t\t\t\t\t\t\t\t\n\t\t\t\t\t\t\t\t\t\t\t\t\t\t\t\t\t\t\t<a class=\"text-decoration-none\" href=\"tel:077 500 04 86\">\n\t\t\t\t\t\t\t\t\t\t\t077 500 04 86\t\t\t\t\t\t\t\t\t\t<\/a><br>\n\t\t\t\t\t\t\t\t\t\n\t\t\t\t\t\t\t\t\t\t\t\t\t\t\t\t\t\t\t<a class=\"text-decoration-none\" href=\"https:\/\/www.amanos.ch\/\" target=\"_blank\" rel=\"noopener\">\n\t\t\t\t\t\t\t\t\t\t\thttps:\/\/www.amanos.ch\/\t\t\t\t\t\t\t\t\t\t<\/a>\n\t\t\t\t\t\t\t\t\t\t\t\t\t\t\t\t\t<\/div>\n\t\t\t\t\t\t\t<\/div>\n\n\t\t\t\t\t\t\t<a class=\"link-btn mt-4 col-lg-2\" href=\"https:\/\/bestatter.ch\/fr\/site\/amanos-circle-of-life-gmbh\/\">\n\t\t\t\t\t\t\t\tVers l&rsquo;entreprise\t\t\t\t\t\t\t<\/a>\n\t\t\t\t\t\t<\/div>\n\t\t\t\t\t<\/div>\n\t\t\t\t\t\t\t\t\t<div class=\"col-lg-12 mb-4 pr-0\" kanton=\"TRAUERSCHMUCK\">\n\t\t\t\t\t\t<div class=\"card row mr-0 flex-row\">\n\t\t\t\t\t\t\t<a class=\"col-lg-2\" href=\"https:\/\/bestatter.ch\/fr\/site\/atelier-miah-gmbh-winterthur\/\">\n\t\t\t\t\t\t\t\t<div class=\"col d-flex\">\n\t\t\t\t\t\t\t\t\t\t\t\t\t\t\t\t\t\t\t<img decoding=\"async\"\n\t\t\t\t\t\t\t\t\t\t     src=\"https:\/\/bestatter.ch\/wp-content\/uploads\/2023\/03\/1100x1100.avif\"\n\t\t\t\t\t\t\t\t\t\t     class=\"mx-auto w-50 mb-4 lazy\"\n\t\t\t\t\t\t\t\t\t\t     alt=\"\">\n\t\t\t\t\t\t\t\t\t\t\t\t\t\t\t\t\t<\/div>\n\t\t\t\t\t\t\t<\/a>\n\n\t\t\t\t\t\t\t<div class=\"content col-lg-8 row flex-row\" style=\"height: unset;\">\n\t\t\t\t\t\t\t\t<a class=\"text-decoration-none\" href=\"https:\/\/bestatter.ch\/fr\/site\/atelier-miah-gmbh-winterthur\/\">\n\t\t\t\t\t\t\t\t\t<h4 class=\"h5 mb-3\">Atelier Miah Bijoux souvenirs<\/h4>\n\t\t\t\t\t\t\t\t<\/a>\n\n\t\t\t\t\t\t\t\t<div class=\"col-lg-4\">\n\t\t\t\t\t\t\t\t\t\t\t\t\t\t\t\t\t\t\tMarktgasse 37<br>\n\t\t\t\t\t\t\t\t\t\t\t\t\t\t\t\t\t\t\t\t\t\t\t\t\t\t\t\t8400 Winterthur\t\t\t\t\t\t\t\t\t\t\t\t\t\t\t\t\t<\/div>\n\n\t\t\t\t\t\t\t\t<div class=\"col-lg-8\">\n\t\t\t\t\t\t\t\t\t\t\t\t\t\t\t\t\t\t\t<a class=\"text-decoration-none\" href=\"mailto:atelier@miah.ch\">\n\t\t\t\t\t\t\t\t\t\t\tatelier@miah.ch\t\t\t\t\t\t\t\t\t\t<\/a><br>\n\t\t\t\t\t\t\t\t\t\n\t\t\t\t\t\t\t\t\t\t\t\t\t\t\t\t\t\t\t<a class=\"text-decoration-none\" href=\"tel:+41765212863\">\n\t\t\t\t\t\t\t\t\t\t\t+41 76 521 28 63\t\t\t\t\t\t\t\t\t\t<\/a><br>\n\t\t\t\t\t\t\t\t\t\n\t\t\t\t\t\t\t\t\t\t\t\t\t\t\t\t\t\t\t<a class=\"text-decoration-none\" href=\"https:\/\/miah.ch\" target=\"_blank\" rel=\"noopener\">\n\t\t\t\t\t\t\t\t\t\t\thttps:\/\/miah.ch\t\t\t\t\t\t\t\t\t\t<\/a>\n\t\t\t\t\t\t\t\t\t\t\t\t\t\t\t\t\t<\/div>\n\t\t\t\t\t\t\t<\/div>\n\n\t\t\t\t\t\t\t<a class=\"link-btn mt-4 col-lg-2\" href=\"https:\/\/bestatter.ch\/fr\/site\/atelier-miah-gmbh-winterthur\/\">\n\t\t\t\t\t\t\t\tVers l&rsquo;entreprise\t\t\t\t\t\t\t<\/a>\n\t\t\t\t\t\t<\/div>\n\t\t\t\t\t<\/div>\n\t\t\t\t\t\t\t\t\t<div class=\"col-lg-12 mb-4 pr-0\" kanton=\"TRAUERDRUCK\">\n\t\t\t\t\t\t<div class=\"card row mr-0 flex-row\">\n\t\t\t\t\t\t\t<a class=\"col-lg-2\" href=\"https:\/\/bestatter.ch\/fr\/site\/bacher-prepress-ag-schachen\/\">\n\t\t\t\t\t\t\t\t<div class=\"col d-flex\">\n\t\t\t\t\t\t\t\t\t\t\t\t\t\t\t\t\t\t\t<img decoding=\"async\"\n\t\t\t\t\t\t\t\t\t\t     src=\"https:\/\/bestatter.ch\/wp-content\/uploads\/2023\/03\/550x550.avif\"\n\t\t\t\t\t\t\t\t\t\t     class=\"mx-auto w-50 mb-4 lazy\"\n\t\t\t\t\t\t\t\t\t\t     alt=\"\">\n\t\t\t\t\t\t\t\t\t\t\t\t\t\t\t\t\t<\/div>\n\t\t\t\t\t\t\t<\/a>\n\n\t\t\t\t\t\t\t<div class=\"content col-lg-8 row flex-row\" style=\"height: unset;\">\n\t\t\t\t\t\t\t\t<a class=\"text-decoration-none\" href=\"https:\/\/bestatter.ch\/fr\/site\/bacher-prepress-ag-schachen\/\">\n\t\t\t\t\t\t\t\t\t<h4 class=\"h5 mb-3\">Bacher PrePress AG<\/h4>\n\t\t\t\t\t\t\t\t<\/a>\n\n\t\t\t\t\t\t\t\t<div class=\"col-lg-4\">\n\t\t\t\t\t\t\t\t\t\t\t\t\t\t\t\t\t\t\tGewerbering 1<br>\n\t\t\t\t\t\t\t\t\t\t\t\t\t\t\t\t\t\t\t\t\t\t\t\t\t\t\t\t6105 Schachen\t\t\t\t\t\t\t\t\t\t\t\t\t\t\t\t\t<\/div>\n\n\t\t\t\t\t\t\t\t<div class=\"col-lg-8\">\n\t\t\t\t\t\t\t\t\t\t\t\t\t\t\t\t\t\t\t<a class=\"text-decoration-none\" href=\"mailto:info@bacher-trauerportal.ch\">\n\t\t\t\t\t\t\t\t\t\t\tinfo@bacher-trauerportal.ch\t\t\t\t\t\t\t\t\t\t<\/a><br>\n\t\t\t\t\t\t\t\t\t\n\t\t\t\t\t\t\t\t\t\t\t\t\t\t\t\t\t\t\t<a class=\"text-decoration-none\" href=\"tel:+41414980988\">\n\t\t\t\t\t\t\t\t\t\t\t+41 41 498 09 88\t\t\t\t\t\t\t\t\t\t<\/a><br>\n\t\t\t\t\t\t\t\t\t\n\t\t\t\t\t\t\t\t\t\t\t\t\t\t\t\t\t\t\t<a class=\"text-decoration-none\" href=\"https:\/\/bacher-trauerportal.ch\" target=\"_blank\" rel=\"noopener\">\n\t\t\t\t\t\t\t\t\t\t\thttps:\/\/bacher-trauerportal.ch\t\t\t\t\t\t\t\t\t\t<\/a>\n\t\t\t\t\t\t\t\t\t\t\t\t\t\t\t\t\t<\/div>\n\t\t\t\t\t\t\t<\/div>\n\n\t\t\t\t\t\t\t<a class=\"link-btn mt-4 col-lg-2\" href=\"https:\/\/bestatter.ch\/fr\/site\/bacher-prepress-ag-schachen\/\">\n\t\t\t\t\t\t\t\tVers l&rsquo;entreprise\t\t\t\t\t\t\t<\/a>\n\t\t\t\t\t\t<\/div>\n\t\t\t\t\t<\/div>\n\t\t\t\t\t\t\t\t\t<div class=\"col-lg-12 mb-4 pr-0\" kanton=\"TRAUERSCHMUCK\">\n\t\t\t\t\t\t<div class=\"card row mr-0 flex-row\">\n\t\t\t\t\t\t\t<a class=\"col-lg-2\" href=\"https:\/\/bestatter.ch\/fr\/site\/atom-boutique\/\">\n\t\t\t\t\t\t\t\t<div class=\"col d-flex\">\n\t\t\t\t\t\t\t\t\t\t\t\t\t\t\t\t\t\t\t<img decoding=\"async\"\n\t\t\t\t\t\t\t\t\t\t     src=\"https:\/\/bestatter.ch\/wp-content\/uploads\/2024\/02\/1744x1744-1.avif\"\n\t\t\t\t\t\t\t\t\t\t     class=\"mx-auto w-50 mb-4 lazy\"\n\t\t\t\t\t\t\t\t\t\t     alt=\"\">\n\t\t\t\t\t\t\t\t\t\t\t\t\t\t\t\t\t<\/div>\n\t\t\t\t\t\t\t<\/a>\n\n\t\t\t\t\t\t\t<div class=\"content col-lg-8 row flex-row\" style=\"height: unset;\">\n\t\t\t\t\t\t\t\t<a class=\"text-decoration-none\" href=\"https:\/\/bestatter.ch\/fr\/site\/atom-boutique\/\">\n\t\t\t\t\t\t\t\t\t<h4 class=\"h5 mb-3\">Boutique Atom<\/h4>\n\t\t\t\t\t\t\t\t<\/a>\n\n\t\t\t\t\t\t\t\t<div class=\"col-lg-4\">\n\t\t\t\t\t\t\t\t\t\t\t\t\t\t\t\t\t\t\tCh. des Cr\u00e8ts 10<br>\n\t\t\t\t\t\t\t\t\t\t\t\t\t\t\t\t\t\t\t\t\t\t\t\t\t\t\t\t1630 Bulle\t\t\t\t\t\t\t\t\t\t\t\t\t\t\t\t\t<\/div>\n\n\t\t\t\t\t\t\t\t<div class=\"col-lg-8\">\n\t\t\t\t\t\t\t\t\t\t\t\t\t\t\t\t\t\t\t<a class=\"text-decoration-none\" href=\"mailto:contact@atom-boutique.ch\">\n\t\t\t\t\t\t\t\t\t\t\tcontact@atom-boutique.ch\t\t\t\t\t\t\t\t\t\t<\/a><br>\n\t\t\t\t\t\t\t\t\t\n\t\t\t\t\t\t\t\t\t\t\t\t\t\t\t\t\t\t\t<a class=\"text-decoration-none\" href=\"tel:+41797463766\">\n\t\t\t\t\t\t\t\t\t\t\t+41 79 746 37 66\t\t\t\t\t\t\t\t\t\t<\/a><br>\n\t\t\t\t\t\t\t\t\t\n\t\t\t\t\t\t\t\t\t\t\t\t\t\t\t\t\t\t\t<a class=\"text-decoration-none\" href=\"http:\/\/www.atom-boutique.ch\" target=\"_blank\" rel=\"noopener\">\n\t\t\t\t\t\t\t\t\t\t\thttp:\/\/www.atom-boutique.ch\t\t\t\t\t\t\t\t\t\t<\/a>\n\t\t\t\t\t\t\t\t\t\t\t\t\t\t\t\t\t<\/div>\n\t\t\t\t\t\t\t<\/div>\n\n\t\t\t\t\t\t\t<a class=\"link-btn mt-4 col-lg-2\" href=\"https:\/\/bestatter.ch\/fr\/site\/atom-boutique\/\">\n\t\t\t\t\t\t\t\tVers l&rsquo;entreprise\t\t\t\t\t\t\t<\/a>\n\t\t\t\t\t\t<\/div>\n\t\t\t\t\t<\/div>\n\t\t\t\t\t\t\t\t\t<div class=\"col-lg-12 mb-4 pr-0\" kanton=\"THANATOLOGIE\">\n\t\t\t\t\t\t<div class=\"card row mr-0 flex-row\">\n\t\t\t\t\t\t\t<a class=\"col-lg-2\" href=\"https:\/\/bestatter.ch\/fr\/site\/camille-thanatopraxie-geneve\/\">\n\t\t\t\t\t\t\t\t<div class=\"col d-flex\">\n\t\t\t\t\t\t\t\t\t\t\t\t\t\t\t\t\t\t\t<img decoding=\"async\"\n\t\t\t\t\t\t\t\t\t\t     src=\"https:\/\/bestatter.ch\/wp-content\/uploads\/2023\/03\/523x523.avif\"\n\t\t\t\t\t\t\t\t\t\t     class=\"mx-auto w-50 mb-4 lazy\"\n\t\t\t\t\t\t\t\t\t\t     alt=\"\">\n\t\t\t\t\t\t\t\t\t\t\t\t\t\t\t\t\t<\/div>\n\t\t\t\t\t\t\t<\/a>\n\n\t\t\t\t\t\t\t<div class=\"content col-lg-8 row flex-row\" style=\"height: unset;\">\n\t\t\t\t\t\t\t\t<a class=\"text-decoration-none\" href=\"https:\/\/bestatter.ch\/fr\/site\/camille-thanatopraxie-geneve\/\">\n\t\t\t\t\t\t\t\t\t<h4 class=\"h5 mb-3\">Camille Thanatopraxie<\/h4>\n\t\t\t\t\t\t\t\t<\/a>\n\n\t\t\t\t\t\t\t\t<div class=\"col-lg-4\">\n\t\t\t\t\t\t\t\t\t\t\t\t\t\t\t\t\t\t\tRue des Falaises 4<br>\n\t\t\t\t\t\t\t\t\t\t\t\t\t\t\t\t\t\t\t\t\t\t\t\t\t\t\t\t1205 Gen\u00e8ve\t\t\t\t\t\t\t\t\t\t\t\t\t\t\t\t\t<\/div>\n\n\t\t\t\t\t\t\t\t<div class=\"col-lg-8\">\n\t\t\t\t\t\t\t\t\t\t\t\t\t\t\t\t\t\t\t<a class=\"text-decoration-none\" href=\"mailto:camillebeguin@bluewin.ch\">\n\t\t\t\t\t\t\t\t\t\t\tcamillebeguin@bluewin.ch\t\t\t\t\t\t\t\t\t\t<\/a><br>\n\t\t\t\t\t\t\t\t\t\n\t\t\t\t\t\t\t\t\t\t\t\t\t\t\t\t\t\t\t<a class=\"text-decoration-none\" href=\"tel:+41794241159\">\n\t\t\t\t\t\t\t\t\t\t\t+41 79 424 11 59\t\t\t\t\t\t\t\t\t\t<\/a><br>\n\t\t\t\t\t\t\t\t\t\n\t\t\t\t\t\t\t\t\t\t\t\t\t\t\t\t\t\t\t<a class=\"text-decoration-none\" href=\"https:\/\/soins-funeraires.ch\/presentation\" target=\"_blank\" rel=\"noopener\">\n\t\t\t\t\t\t\t\t\t\t\thttps:\/\/soins-funeraires.ch\/presentation\t\t\t\t\t\t\t\t\t\t<\/a>\n\t\t\t\t\t\t\t\t\t\t\t\t\t\t\t\t\t<\/div>\n\t\t\t\t\t\t\t<\/div>\n\n\t\t\t\t\t\t\t<a class=\"link-btn mt-4 col-lg-2\" href=\"https:\/\/bestatter.ch\/fr\/site\/camille-thanatopraxie-geneve\/\">\n\t\t\t\t\t\t\t\tVers l&rsquo;entreprise\t\t\t\t\t\t\t<\/a>\n\t\t\t\t\t\t<\/div>\n\t\t\t\t\t<\/div>\n\t\t\t\t\t\t\t\t\t<div class=\"col-lg-12 mb-4 pr-0\" kanton=\"URNE SARG\">\n\t\t\t\t\t\t<div class=\"card row mr-0 flex-row\">\n\t\t\t\t\t\t\t<a class=\"col-lg-2\" href=\"https:\/\/bestatter.ch\/fr\/site\/caveau-swiss-sagl\/\">\n\t\t\t\t\t\t\t\t<div class=\"col d-flex\">\n\t\t\t\t\t\t\t\t\t\t\t\t\t\t\t\t\t<\/div>\n\t\t\t\t\t\t\t<\/a>\n\n\t\t\t\t\t\t\t<div class=\"content col-lg-8 row flex-row\" style=\"height: unset;\">\n\t\t\t\t\t\t\t\t<a class=\"text-decoration-none\" href=\"https:\/\/bestatter.ch\/fr\/site\/caveau-swiss-sagl\/\">\n\t\t\t\t\t\t\t\t\t<h4 class=\"h5 mb-3\">Caveau Swiss Sagl<\/h4>\n\t\t\t\t\t\t\t\t<\/a>\n\n\t\t\t\t\t\t\t\t<div class=\"col-lg-4\">\n\t\t\t\t\t\t\t\t\t\t\t\t\t\t\t\t\t\t\tVia Giuseppe Soldati 36<br>\n\t\t\t\t\t\t\t\t\t\t\t\t\t\t\t\t\t\t\t\t\t\t\t\t\t\t\t\t6991 Neggio\t\t\t\t\t\t\t\t\t\t\t\t\t\t\t\t\t<\/div>\n\n\t\t\t\t\t\t\t\t<div class=\"col-lg-8\">\n\t\t\t\t\t\t\t\t\t\t\t\t\t\t\t\t\t\t\t<a class=\"text-decoration-none\" href=\"mailto:eva.adam@artfuneral.com\">\n\t\t\t\t\t\t\t\t\t\t\teva.adam@artfuneral.com\t\t\t\t\t\t\t\t\t\t<\/a><br>\n\t\t\t\t\t\t\t\t\t\n\t\t\t\t\t\t\t\t\t\t\t\t\t\t\t\t\t\t\t<a class=\"text-decoration-none\" href=\"tel:+41791030864\">\n\t\t\t\t\t\t\t\t\t\t\t+41 79 103 08 64\t\t\t\t\t\t\t\t\t\t<\/a><br>\n\t\t\t\t\t\t\t\t\t\n\t\t\t\t\t\t\t\t\t\t\t\t\t\t\t\t\t<\/div>\n\t\t\t\t\t\t\t<\/div>\n\n\t\t\t\t\t\t\t<a class=\"link-btn mt-4 col-lg-2\" href=\"https:\/\/bestatter.ch\/fr\/site\/caveau-swiss-sagl\/\">\n\t\t\t\t\t\t\t\tVers l&rsquo;entreprise\t\t\t\t\t\t\t<\/a>\n\t\t\t\t\t\t<\/div>\n\t\t\t\t\t<\/div>\n\t\t\t\t\t\t\t\t\t<div class=\"col-lg-12 mb-4 pr-0\" kanton=\"TRAUERFEIER\">\n\t\t\t\t\t\t<div class=\"card row mr-0 flex-row\">\n\t\t\t\t\t\t\t<a class=\"col-lg-2\" href=\"https:\/\/bestatter.ch\/fr\/site\/ceremonie-grichting-zurich\/\">\n\t\t\t\t\t\t\t\t<div class=\"col d-flex\">\n\t\t\t\t\t\t\t\t\t\t\t\t\t\t\t\t\t\t\t<img decoding=\"async\"\n\t\t\t\t\t\t\t\t\t\t     src=\"https:\/\/bestatter.ch\/wp-content\/uploads\/2023\/03\/800x800-1.avif\"\n\t\t\t\t\t\t\t\t\t\t     class=\"mx-auto w-50 mb-4 lazy\"\n\t\t\t\t\t\t\t\t\t\t     alt=\"\">\n\t\t\t\t\t\t\t\t\t\t\t\t\t\t\t\t\t<\/div>\n\t\t\t\t\t\t\t<\/a>\n\n\t\t\t\t\t\t\t<div class=\"content col-lg-8 row flex-row\" style=\"height: unset;\">\n\t\t\t\t\t\t\t\t<a class=\"text-decoration-none\" href=\"https:\/\/bestatter.ch\/fr\/site\/ceremonie-grichting-zurich\/\">\n\t\t\t\t\t\t\t\t\t<h4 class=\"h5 mb-3\">C\u00e9r\u00e9monie Grichting<\/h4>\n\t\t\t\t\t\t\t\t<\/a>\n\n\t\t\t\t\t\t\t\t<div class=\"col-lg-4\">\n\t\t\t\t\t\t\t\t\t\t\t\t\t\t\t\t\t\t\tBinzm\u00fchlestrasse 62<br>\n\t\t\t\t\t\t\t\t\t\t\t\t\t\t\t\t\t\t\t\t\t\t\t\t\t\t\t\t8050 Z\u00fcrich\t\t\t\t\t\t\t\t\t\t\t\t\t\t\t\t\t<\/div>\n\n\t\t\t\t\t\t\t\t<div class=\"col-lg-8\">\n\t\t\t\t\t\t\t\t\t\t\t\t\t\t\t\t\t\t\t<a class=\"text-decoration-none\" href=\"mailto:mail@ceremoniegrichting.ch\">\n\t\t\t\t\t\t\t\t\t\t\tmail@ceremoniegrichting.ch\t\t\t\t\t\t\t\t\t\t<\/a><br>\n\t\t\t\t\t\t\t\t\t\n\t\t\t\t\t\t\t\t\t\t\t\t\t\t\t\t\t\t\t<a class=\"text-decoration-none\" href=\"tel:+41792185764\">\n\t\t\t\t\t\t\t\t\t\t\t+41 79 218 57 64\t\t\t\t\t\t\t\t\t\t<\/a><br>\n\t\t\t\t\t\t\t\t\t\n\t\t\t\t\t\t\t\t\t\t\t\t\t\t\t\t\t\t\t<a class=\"text-decoration-none\" href=\"https:\/\/ceremoniegrichting.ch\" target=\"_blank\" rel=\"noopener\">\n\t\t\t\t\t\t\t\t\t\t\thttps:\/\/ceremoniegrichting.ch\t\t\t\t\t\t\t\t\t\t<\/a>\n\t\t\t\t\t\t\t\t\t\t\t\t\t\t\t\t\t<\/div>\n\t\t\t\t\t\t\t<\/div>\n\n\t\t\t\t\t\t\t<a class=\"link-btn mt-4 col-lg-2\" href=\"https:\/\/bestatter.ch\/fr\/site\/ceremonie-grichting-zurich\/\">\n\t\t\t\t\t\t\t\tVers l&rsquo;entreprise\t\t\t\t\t\t\t<\/a>\n\t\t\t\t\t\t<\/div>\n\t\t\t\t\t<\/div>\n\t\t\t\t\t\t\t\t\t<div class=\"col-lg-12 mb-4 pr-0\" kanton=\"\">\n\t\t\t\t\t\t<div class=\"card row mr-0 flex-row\">\n\t\t\t\t\t\t\t<a class=\"col-lg-2\" href=\"https:\/\/bestatter.ch\/fr\/site\/csc-desinfektion-und-tatortreinigung-luzern\/\">\n\t\t\t\t\t\t\t\t<div class=\"col d-flex\">\n\t\t\t\t\t\t\t\t\t\t\t\t\t\t\t\t\t\t\t<img decoding=\"async\"\n\t\t\t\t\t\t\t\t\t\t     src=\"https:\/\/bestatter.ch\/wp-content\/uploads\/2023\/06\/300x300.avif\"\n\t\t\t\t\t\t\t\t\t\t     class=\"mx-auto w-50 mb-4 lazy\"\n\t\t\t\t\t\t\t\t\t\t     alt=\"\">\n\t\t\t\t\t\t\t\t\t\t\t\t\t\t\t\t\t<\/div>\n\t\t\t\t\t\t\t<\/a>\n\n\t\t\t\t\t\t\t<div class=\"content col-lg-8 row flex-row\" style=\"height: unset;\">\n\t\t\t\t\t\t\t\t<a class=\"text-decoration-none\" href=\"https:\/\/bestatter.ch\/fr\/site\/csc-desinfektion-und-tatortreinigung-luzern\/\">\n\t\t\t\t\t\t\t\t\t<h4 class=\"h5 mb-3\">CSC D\u00e9sinfection et nettoyage de sc\u00e8nes de crime GmbH Lucerne<\/h4>\n\t\t\t\t\t\t\t\t<\/a>\n\n\t\t\t\t\t\t\t\t<div class=\"col-lg-4\">\n\t\t\t\t\t\t\t\t\t\t\t\t\t\t\t\t\t\t\tBundespl. 1<br>\n\t\t\t\t\t\t\t\t\t\t\t\t\t\t\t\t\t\t\t\t\t\t\t\t\t\t\t\t6003 Luzern\t\t\t\t\t\t\t\t\t\t\t\t\t\t\t\t\t<\/div>\n\n\t\t\t\t\t\t\t\t<div class=\"col-lg-8\">\n\t\t\t\t\t\t\t\t\t\t\t\t\t\t\t\t\t\t\t<a class=\"text-decoration-none\" href=\"mailto:info@csc-tatortreinigung.ch\">\n\t\t\t\t\t\t\t\t\t\t\tinfo@csc-tatortreinigung.ch\t\t\t\t\t\t\t\t\t\t<\/a><br>\n\t\t\t\t\t\t\t\t\t\n\t\t\t\t\t\t\t\t\t\t\t\t\t\t\t\t\t\t\t<a class=\"text-decoration-none\" href=\"tel:+41415112828\">\n\t\t\t\t\t\t\t\t\t\t\t+41 41 511 28 28\t\t\t\t\t\t\t\t\t\t<\/a><br>\n\t\t\t\t\t\t\t\t\t\n\t\t\t\t\t\t\t\t\t\t\t\t\t\t\t\t\t\t\t<a class=\"text-decoration-none\" href=\"https:\/\/csc-tatortreinigung.ch\" target=\"_blank\" rel=\"noopener\">\n\t\t\t\t\t\t\t\t\t\t\thttps:\/\/csc-tatortreinigung.ch\t\t\t\t\t\t\t\t\t\t<\/a>\n\t\t\t\t\t\t\t\t\t\t\t\t\t\t\t\t\t<\/div>\n\t\t\t\t\t\t\t<\/div>\n\n\t\t\t\t\t\t\t<a class=\"link-btn mt-4 col-lg-2\" href=\"https:\/\/bestatter.ch\/fr\/site\/csc-desinfektion-und-tatortreinigung-luzern\/\">\n\t\t\t\t\t\t\t\tVers l&rsquo;entreprise\t\t\t\t\t\t\t<\/a>\n\t\t\t\t\t\t<\/div>\n\t\t\t\t\t<\/div>\n\t\t\t\t\t\t\t\t\t<div class=\"col-lg-12 mb-4 pr-0\" kanton=\"\">\n\t\t\t\t\t\t<div class=\"card row mr-0 flex-row\">\n\t\t\t\t\t\t\t<a class=\"col-lg-2\" href=\"https:\/\/bestatter.ch\/fr\/site\/csc-desinfektion-und-tatortreinigung-gmbh-zurich\/\">\n\t\t\t\t\t\t\t\t<div class=\"col d-flex\">\n\t\t\t\t\t\t\t\t\t\t\t\t\t\t\t\t\t\t\t<img decoding=\"async\"\n\t\t\t\t\t\t\t\t\t\t     src=\"https:\/\/bestatter.ch\/wp-content\/uploads\/2023\/06\/300x300.avif\"\n\t\t\t\t\t\t\t\t\t\t     class=\"mx-auto w-50 mb-4 lazy\"\n\t\t\t\t\t\t\t\t\t\t     alt=\"\">\n\t\t\t\t\t\t\t\t\t\t\t\t\t\t\t\t\t<\/div>\n\t\t\t\t\t\t\t<\/a>\n\n\t\t\t\t\t\t\t<div class=\"content col-lg-8 row flex-row\" style=\"height: unset;\">\n\t\t\t\t\t\t\t\t<a class=\"text-decoration-none\" href=\"https:\/\/bestatter.ch\/fr\/site\/csc-desinfektion-und-tatortreinigung-gmbh-zurich\/\">\n\t\t\t\t\t\t\t\t\t<h4 class=\"h5 mb-3\">CSC D\u00e9sinfection et nettoyage de sc\u00e8nes de crime GmbH Zurich<\/h4>\n\t\t\t\t\t\t\t\t<\/a>\n\n\t\t\t\t\t\t\t\t<div class=\"col-lg-4\">\n\t\t\t\t\t\t\t\t\t\t\t\t\t\t\t\t\t\t\tBahnhofpl. 8<br>\n\t\t\t\t\t\t\t\t\t\t\t\t\t\t\t\t\t\t\t\t\t\t\t\t\t\t\t\t8001 Z\u00fcrich\t\t\t\t\t\t\t\t\t\t\t\t\t\t\t\t\t<\/div>\n\n\t\t\t\t\t\t\t\t<div class=\"col-lg-8\">\n\t\t\t\t\t\t\t\t\t\t\t\t\t\t\t\t\t\t\t<a class=\"text-decoration-none\" href=\"mailto:info@csc-tatortreinigung.ch\">\n\t\t\t\t\t\t\t\t\t\t\tinfo@csc-tatortreinigung.ch\t\t\t\t\t\t\t\t\t\t<\/a><br>\n\t\t\t\t\t\t\t\t\t\n\t\t\t\t\t\t\t\t\t\t\t\t\t\t\t\t\t\t\t<a class=\"text-decoration-none\" href=\"tel:+41445009850\">\n\t\t\t\t\t\t\t\t\t\t\t+41 44 500 98 50\t\t\t\t\t\t\t\t\t\t<\/a><br>\n\t\t\t\t\t\t\t\t\t\n\t\t\t\t\t\t\t\t\t\t\t\t\t\t\t\t\t\t\t<a class=\"text-decoration-none\" href=\"https:\/\/www.csc-tatortreinigung.ch\/\" target=\"_blank\" rel=\"noopener\">\n\t\t\t\t\t\t\t\t\t\t\thttps:\/\/www.csc-tatortreinigung.ch\/\t\t\t\t\t\t\t\t\t\t<\/a>\n\t\t\t\t\t\t\t\t\t\t\t\t\t\t\t\t\t<\/div>\n\t\t\t\t\t\t\t<\/div>\n\n\t\t\t\t\t\t\t<a class=\"link-btn mt-4 col-lg-2\" href=\"https:\/\/bestatter.ch\/fr\/site\/csc-desinfektion-und-tatortreinigung-gmbh-zurich\/\">\n\t\t\t\t\t\t\t\tVers l&rsquo;entreprise\t\t\t\t\t\t\t<\/a>\n\t\t\t\t\t\t<\/div>\n\t\t\t\t\t<\/div>\n\t\t\t\t\t\t\t\t\t<div class=\"col-lg-12 mb-4 pr-0\" kanton=\"REINIGUNG R\u00e4UMUNG DESINFEKTION\">\n\t\t\t\t\t\t<div class=\"card row mr-0 flex-row\">\n\t\t\t\t\t\t\t<a class=\"col-lg-2\" href=\"https:\/\/bestatter.ch\/fr\/site\/csc-desinfektion-und-tatortreinigung-gmbh\/\">\n\t\t\t\t\t\t\t\t<div class=\"col d-flex\">\n\t\t\t\t\t\t\t\t\t\t\t\t\t\t\t\t\t\t\t<img decoding=\"async\"\n\t\t\t\t\t\t\t\t\t\t     src=\"https:\/\/bestatter.ch\/wp-content\/uploads\/2024\/01\/298x298.avif\"\n\t\t\t\t\t\t\t\t\t\t     class=\"mx-auto w-50 mb-4 lazy\"\n\t\t\t\t\t\t\t\t\t\t     alt=\"\">\n\t\t\t\t\t\t\t\t\t\t\t\t\t\t\t\t\t<\/div>\n\t\t\t\t\t\t\t<\/a>\n\n\t\t\t\t\t\t\t<div class=\"content col-lg-8 row flex-row\" style=\"height: unset;\">\n\t\t\t\t\t\t\t\t<a class=\"text-decoration-none\" href=\"https:\/\/bestatter.ch\/fr\/site\/csc-desinfektion-und-tatortreinigung-gmbh\/\">\n\t\t\t\t\t\t\t\t\t<h4 class=\"h5 mb-3\">CSC D\u00e9sinfection et nettoyage des sc\u00e8nes de crime GmbH<\/h4>\n\t\t\t\t\t\t\t\t<\/a>\n\n\t\t\t\t\t\t\t\t<div class=\"col-lg-4\">\n\t\t\t\t\t\t\t\t\t\t\t\t\t\t\t\t\t\t\tRebrainstrasse 22<br>\n\t\t\t\t\t\t\t\t\t\t\t\t\t\t\t\t\t\t\t\t\t\t\t\t\t\t\t\t5600 Ammerswil\t\t\t\t\t\t\t\t\t\t\t\t\t\t\t\t\t<\/div>\n\n\t\t\t\t\t\t\t\t<div class=\"col-lg-8\">\n\t\t\t\t\t\t\t\t\t\t\t\t\t\t\t\t\t\t\t<a class=\"text-decoration-none\" href=\"mailto:info@csc-tatortreinigung.ch\">\n\t\t\t\t\t\t\t\t\t\t\tinfo@csc-tatortreinigung.ch\t\t\t\t\t\t\t\t\t\t<\/a><br>\n\t\t\t\t\t\t\t\t\t\n\t\t\t\t\t\t\t\t\t\t\t\t\t\t\t\t\t\t\t<a class=\"text-decoration-none\" href=\"tel:+41585109400\">\n\t\t\t\t\t\t\t\t\t\t\t+41 58 510 94 00\t\t\t\t\t\t\t\t\t\t<\/a><br>\n\t\t\t\t\t\t\t\t\t\n\t\t\t\t\t\t\t\t\t\t\t\t\t\t\t\t\t\t\t<a class=\"text-decoration-none\" href=\"https:\/\/csc-tatortreinigung.ch\" target=\"_blank\" rel=\"noopener\">\n\t\t\t\t\t\t\t\t\t\t\thttps:\/\/csc-tatortreinigung.ch\t\t\t\t\t\t\t\t\t\t<\/a>\n\t\t\t\t\t\t\t\t\t\t\t\t\t\t\t\t\t<\/div>\n\t\t\t\t\t\t\t<\/div>\n\n\t\t\t\t\t\t\t<a class=\"link-btn mt-4 col-lg-2\" href=\"https:\/\/bestatter.ch\/fr\/site\/csc-desinfektion-und-tatortreinigung-gmbh\/\">\n\t\t\t\t\t\t\t\tVers l&rsquo;entreprise\t\t\t\t\t\t\t<\/a>\n\t\t\t\t\t\t<\/div>\n\t\t\t\t\t<\/div>\n\t\t\t\t\t\t\t\t\t<div class=\"col-lg-12 mb-4 pr-0\" kanton=\"REINIGUNG R\u00e4UMUNG DESINFEKTION\">\n\t\t\t\t\t\t<div class=\"card row mr-0 flex-row\">\n\t\t\t\t\t\t\t<a class=\"col-lg-2\" href=\"https:\/\/bestatter.ch\/fr\/site\/csc-desinfection-et-nettoyage-de-scenes-de-crime-gmbh\/\">\n\t\t\t\t\t\t\t\t<div class=\"col d-flex\">\n\t\t\t\t\t\t\t\t\t\t\t\t\t\t\t\t\t\t\t<img decoding=\"async\"\n\t\t\t\t\t\t\t\t\t\t     src=\"https:\/\/bestatter.ch\/wp-content\/uploads\/2023\/03\/298x298.avif\"\n\t\t\t\t\t\t\t\t\t\t     class=\"mx-auto w-50 mb-4 lazy\"\n\t\t\t\t\t\t\t\t\t\t     alt=\"\">\n\t\t\t\t\t\t\t\t\t\t\t\t\t\t\t\t\t<\/div>\n\t\t\t\t\t\t\t<\/a>\n\n\t\t\t\t\t\t\t<div class=\"content col-lg-8 row flex-row\" style=\"height: unset;\">\n\t\t\t\t\t\t\t\t<a class=\"text-decoration-none\" href=\"https:\/\/bestatter.ch\/fr\/site\/csc-desinfection-et-nettoyage-de-scenes-de-crime-gmbh\/\">\n\t\t\t\t\t\t\t\t\t<h4 class=\"h5 mb-3\">CSC D\u00e9sinfection et nettoyage des sc\u00e8nes de crime GmbH<\/h4>\n\t\t\t\t\t\t\t\t<\/a>\n\n\t\t\t\t\t\t\t\t<div class=\"col-lg-4\">\n\t\t\t\t\t\t\t\t\t\t\t\t\t\t\t\t\t\t\tHohenrainstrasse 24a<br>\n\t\t\t\t\t\t\t\t\t\t\t\t\t\t\t\t\t\t\t\t\t\t\t\t\t\t\t\t4133 Pratteln\t\t\t\t\t\t\t\t\t\t\t\t\t\t\t\t\t<\/div>\n\n\t\t\t\t\t\t\t\t<div class=\"col-lg-8\">\n\t\t\t\t\t\t\t\t\t\t\t\t\t\t\t\t\t\t\t<a class=\"text-decoration-none\" href=\"mailto:info@csc-tatortreinigung.ch\">\n\t\t\t\t\t\t\t\t\t\t\tinfo@csc-tatortreinigung.ch\t\t\t\t\t\t\t\t\t\t<\/a><br>\n\t\t\t\t\t\t\t\t\t\n\t\t\t\t\t\t\t\t\t\t\t\t\t\t\t\t\t\t\t<a class=\"text-decoration-none\" href=\"tel:+41612040020\">\n\t\t\t\t\t\t\t\t\t\t\t+41 61 204 00 20\t\t\t\t\t\t\t\t\t\t<\/a><br>\n\t\t\t\t\t\t\t\t\t\n\t\t\t\t\t\t\t\t\t\t\t\t\t\t\t\t\t\t\t<a class=\"text-decoration-none\" href=\"https:\/\/csc-tatortreinigung.ch\" target=\"_blank\" rel=\"noopener\">\n\t\t\t\t\t\t\t\t\t\t\thttps:\/\/csc-tatortreinigung.ch\t\t\t\t\t\t\t\t\t\t<\/a>\n\t\t\t\t\t\t\t\t\t\t\t\t\t\t\t\t\t<\/div>\n\t\t\t\t\t\t\t<\/div>\n\n\t\t\t\t\t\t\t<a class=\"link-btn mt-4 col-lg-2\" href=\"https:\/\/bestatter.ch\/fr\/site\/csc-desinfection-et-nettoyage-de-scenes-de-crime-gmbh\/\">\n\t\t\t\t\t\t\t\tVers l&rsquo;entreprise\t\t\t\t\t\t\t<\/a>\n\t\t\t\t\t\t<\/div>\n\t\t\t\t\t<\/div>\n\t\t\t\t\t\t\t\t\t<div class=\"col-lg-12 mb-4 pr-0\" kanton=\"\">\n\t\t\t\t\t\t<div class=\"card row mr-0 flex-row\">\n\t\t\t\t\t\t\t<a class=\"col-lg-2\" href=\"https:\/\/bestatter.ch\/fr\/site\/csc-desinfektion-und-tatortreinigung-gmbh-bern\/\">\n\t\t\t\t\t\t\t\t<div class=\"col d-flex\">\n\t\t\t\t\t\t\t\t\t\t\t\t\t\t\t\t\t\t\t<img decoding=\"async\"\n\t\t\t\t\t\t\t\t\t\t     src=\"https:\/\/bestatter.ch\/wp-content\/uploads\/2023\/06\/300x300.avif\"\n\t\t\t\t\t\t\t\t\t\t     class=\"mx-auto w-50 mb-4 lazy\"\n\t\t\t\t\t\t\t\t\t\t     alt=\"\">\n\t\t\t\t\t\t\t\t\t\t\t\t\t\t\t\t\t<\/div>\n\t\t\t\t\t\t\t<\/a>\n\n\t\t\t\t\t\t\t<div class=\"content col-lg-8 row flex-row\" style=\"height: unset;\">\n\t\t\t\t\t\t\t\t<a class=\"text-decoration-none\" href=\"https:\/\/bestatter.ch\/fr\/site\/csc-desinfektion-und-tatortreinigung-gmbh-bern\/\">\n\t\t\t\t\t\t\t\t\t<h4 class=\"h5 mb-3\">CSC D\u00e9sinfection et nettoyage des sc\u00e8nes de crime S\u00e0rl Berne<\/h4>\n\t\t\t\t\t\t\t\t<\/a>\n\n\t\t\t\t\t\t\t\t<div class=\"col-lg-4\">\n\t\t\t\t\t\t\t\t\t\t\t\t\t\t\t\t\t\t\tBahnhofpl. 8<br>\n\t\t\t\t\t\t\t\t\t\t\t\t\t\t\t\t\t\t\t\t\t\t\t\t\t\t\t\t3011 Bern\t\t\t\t\t\t\t\t\t\t\t\t\t\t\t\t\t<\/div>\n\n\t\t\t\t\t\t\t\t<div class=\"col-lg-8\">\n\t\t\t\t\t\t\t\t\t\t\t\t\t\t\t\t\t\t\t<a class=\"text-decoration-none\" href=\"mailto:info@csc-tatortreinigung.ch\">\n\t\t\t\t\t\t\t\t\t\t\tinfo@csc-tatortreinigung.ch\t\t\t\t\t\t\t\t\t\t<\/a><br>\n\t\t\t\t\t\t\t\t\t\n\t\t\t\t\t\t\t\t\t\t\t\t\t\t\t\t\t\t\t<a class=\"text-decoration-none\" href=\"tel:+41315112828\">\n\t\t\t\t\t\t\t\t\t\t\t+41 31 511 28 28\t\t\t\t\t\t\t\t\t\t<\/a><br>\n\t\t\t\t\t\t\t\t\t\n\t\t\t\t\t\t\t\t\t\t\t\t\t\t\t\t\t\t\t<a class=\"text-decoration-none\" href=\"https:\/\/csc-tatortreinigung.ch\" target=\"_blank\" rel=\"noopener\">\n\t\t\t\t\t\t\t\t\t\t\thttps:\/\/csc-tatortreinigung.ch\t\t\t\t\t\t\t\t\t\t<\/a>\n\t\t\t\t\t\t\t\t\t\t\t\t\t\t\t\t\t<\/div>\n\t\t\t\t\t\t\t<\/div>\n\n\t\t\t\t\t\t\t<a class=\"link-btn mt-4 col-lg-2\" href=\"https:\/\/bestatter.ch\/fr\/site\/csc-desinfektion-und-tatortreinigung-gmbh-bern\/\">\n\t\t\t\t\t\t\t\tVers l&rsquo;entreprise\t\t\t\t\t\t\t<\/a>\n\t\t\t\t\t\t<\/div>\n\t\t\t\t\t<\/div>\n\t\t\t\t\t\t\t\t\t<div class=\"col-lg-12 mb-4 pr-0\" kanton=\"TRAUERFEIER\">\n\t\t\t\t\t\t<div class=\"card row mr-0 flex-row\">\n\t\t\t\t\t\t\t<a class=\"col-lg-2\" href=\"https:\/\/bestatter.ch\/fr\/site\/derniere-ligne-droite\/\">\n\t\t\t\t\t\t\t\t<div class=\"col d-flex\">\n\t\t\t\t\t\t\t\t\t\t\t\t\t\t\t\t\t\t\t<img decoding=\"async\"\n\t\t\t\t\t\t\t\t\t\t     src=\"https:\/\/bestatter.ch\/wp-content\/uploads\/2023\/03\/263x263.avif\"\n\t\t\t\t\t\t\t\t\t\t     class=\"mx-auto w-50 mb-4 lazy\"\n\t\t\t\t\t\t\t\t\t\t     alt=\"\">\n\t\t\t\t\t\t\t\t\t\t\t\t\t\t\t\t\t<\/div>\n\t\t\t\t\t\t\t<\/a>\n\n\t\t\t\t\t\t\t<div class=\"content col-lg-8 row flex-row\" style=\"height: unset;\">\n\t\t\t\t\t\t\t\t<a class=\"text-decoration-none\" href=\"https:\/\/bestatter.ch\/fr\/site\/derniere-ligne-droite\/\">\n\t\t\t\t\t\t\t\t\t<h4 class=\"h5 mb-3\">Derni\u00e8re ligne droite<\/h4>\n\t\t\t\t\t\t\t\t<\/a>\n\n\t\t\t\t\t\t\t\t<div class=\"col-lg-4\">\n\t\t\t\t\t\t\t\t\t\t\t\t\t\t\t\t\t\t\tKohliweidstrasse 24<br>\n\t\t\t\t\t\t\t\t\t\t\t\t\t\t\t\t\t\t\t\t\t\t\t\t\t\t\t\t4656 Starrkirch-Wil\t\t\t\t\t\t\t\t\t\t\t\t\t\t\t\t\t<\/div>\n\n\t\t\t\t\t\t\t\t<div class=\"col-lg-8\">\n\t\t\t\t\t\t\t\t\t\t\t\t\t\t\t\t\t\t\t<a class=\"text-decoration-none\" href=\"mailto:murielle@schlusslicht.ch\">\n\t\t\t\t\t\t\t\t\t\t\tmurielle@schlusslicht.ch\t\t\t\t\t\t\t\t\t\t<\/a><br>\n\t\t\t\t\t\t\t\t\t\n\t\t\t\t\t\t\t\t\t\t\t\t\t\t\t\t\t\t\t<a class=\"text-decoration-none\" href=\"tel:+41625444537\">\n\t\t\t\t\t\t\t\t\t\t\t+41 62 544 45 37\t\t\t\t\t\t\t\t\t\t<\/a><br>\n\t\t\t\t\t\t\t\t\t\n\t\t\t\t\t\t\t\t\t\t\t\t\t\t\t\t\t\t\t<a class=\"text-decoration-none\" href=\"https:\/\/schlusslicht.ch\" target=\"_blank\" rel=\"noopener\">\n\t\t\t\t\t\t\t\t\t\t\thttps:\/\/schlusslicht.ch\t\t\t\t\t\t\t\t\t\t<\/a>\n\t\t\t\t\t\t\t\t\t\t\t\t\t\t\t\t\t<\/div>\n\t\t\t\t\t\t\t<\/div>\n\n\t\t\t\t\t\t\t<a class=\"link-btn mt-4 col-lg-2\" href=\"https:\/\/bestatter.ch\/fr\/site\/derniere-ligne-droite\/\">\n\t\t\t\t\t\t\t\tVers l&rsquo;entreprise\t\t\t\t\t\t\t<\/a>\n\t\t\t\t\t\t<\/div>\n\t\t\t\t\t<\/div>\n\t\t\t\t\t\t\t\t\t<div class=\"col-lg-12 mb-4 pr-0\" kanton=\"AUSLAND\u00fcBERF\u00fcHRUNG\">\n\t\t\t\t\t\t<div class=\"card row mr-0 flex-row\">\n\t\t\t\t\t\t\t<a class=\"col-lg-2\" href=\"https:\/\/bestatter.ch\/fr\/site\/dhl-logistics-switzerland-ltd-zurich-airport\/\">\n\t\t\t\t\t\t\t\t<div class=\"col d-flex\">\n\t\t\t\t\t\t\t\t\t\t\t\t\t\t\t\t\t\t\t<img decoding=\"async\"\n\t\t\t\t\t\t\t\t\t\t     src=\"https:\/\/bestatter.ch\/wp-content\/uploads\/2023\/03\/800x800-9.avif\"\n\t\t\t\t\t\t\t\t\t\t     class=\"mx-auto w-50 mb-4 lazy\"\n\t\t\t\t\t\t\t\t\t\t     alt=\"\">\n\t\t\t\t\t\t\t\t\t\t\t\t\t\t\t\t\t<\/div>\n\t\t\t\t\t\t\t<\/a>\n\n\t\t\t\t\t\t\t<div class=\"content col-lg-8 row flex-row\" style=\"height: unset;\">\n\t\t\t\t\t\t\t\t<a class=\"text-decoration-none\" href=\"https:\/\/bestatter.ch\/fr\/site\/dhl-logistics-switzerland-ltd-zurich-airport\/\">\n\t\t\t\t\t\t\t\t\t<h4 class=\"h5 mb-3\">DHL Logistics (Switzerland) Ltd<\/h4>\n\t\t\t\t\t\t\t\t<\/a>\n\n\t\t\t\t\t\t\t\t<div class=\"col-lg-4\">\n\t\t\t\t\t\t\t\t\t\t\t\t\t\t\t\t\t\t\tSchaffhauserstrasse 144<br>\n\t\t\t\t\t\t\t\t\t\t\t\t\t\t\t\t\t\t\t\t\t\t\t\t\t\t\t\t8302 Kloten\t\t\t\t\t\t\t\t\t\t\t\t\t\t\t\t\t<\/div>\n\n\t\t\t\t\t\t\t\t<div class=\"col-lg-8\">\n\t\t\t\t\t\t\t\t\t\t\t\t\t\t\t\t\t\t\t<a class=\"text-decoration-none\" href=\"mailto:andrea.baertschi@dhl.com\">\n\t\t\t\t\t\t\t\t\t\t\tandrea.baertschi@dhl.com\t\t\t\t\t\t\t\t\t\t<\/a><br>\n\t\t\t\t\t\t\t\t\t\n\t\t\t\t\t\t\t\t\t\t\t\t\t\t\t\t\t\t\t<a class=\"text-decoration-none\" href=\"tel:+41325290465\">\n\t\t\t\t\t\t\t\t\t\t\t+41 32 529 04 65\t\t\t\t\t\t\t\t\t\t<\/a><br>\n\t\t\t\t\t\t\t\t\t\n\t\t\t\t\t\t\t\t\t\t\t\t\t\t\t\t\t\t\t<a class=\"text-decoration-none\" href=\"https:\/\/dhl.com\" target=\"_blank\" rel=\"noopener\">\n\t\t\t\t\t\t\t\t\t\t\thttps:\/\/dhl.com\t\t\t\t\t\t\t\t\t\t<\/a>\n\t\t\t\t\t\t\t\t\t\t\t\t\t\t\t\t\t<\/div>\n\t\t\t\t\t\t\t<\/div>\n\n\t\t\t\t\t\t\t<a class=\"link-btn mt-4 col-lg-2\" href=\"https:\/\/bestatter.ch\/fr\/site\/dhl-logistics-switzerland-ltd-zurich-airport\/\">\n\t\t\t\t\t\t\t\tVers l&rsquo;entreprise\t\t\t\t\t\t\t<\/a>\n\t\t\t\t\t\t<\/div>\n\t\t\t\t\t<\/div>\n\t\t\t\t\t\t\t\t\t<div class=\"col-lg-12 mb-4 pr-0\" kanton=\"TRAUERSCHMUCK TRAUERDRUCK\">\n\t\t\t\t\t\t<div class=\"card row mr-0 flex-row\">\n\t\t\t\t\t\t\t<a class=\"col-lg-2\" href=\"https:\/\/bestatter.ch\/fr\/site\/eternio-societe-pour-la-culture-de-la-memoire-gmbh\/\">\n\t\t\t\t\t\t\t\t<div class=\"col d-flex\">\n\t\t\t\t\t\t\t\t\t\t\t\t\t\t\t\t\t<\/div>\n\t\t\t\t\t\t\t<\/a>\n\n\t\t\t\t\t\t\t<div class=\"content col-lg-8 row flex-row\" style=\"height: unset;\">\n\t\t\t\t\t\t\t\t<a class=\"text-decoration-none\" href=\"https:\/\/bestatter.ch\/fr\/site\/eternio-societe-pour-la-culture-de-la-memoire-gmbh\/\">\n\t\t\t\t\t\t\t\t\t<h4 class=\"h5 mb-3\">Eternio &#8211; Soci\u00e9t\u00e9 pour la culture de la m\u00e9moire GmbH<\/h4>\n\t\t\t\t\t\t\t\t<\/a>\n\n\t\t\t\t\t\t\t\t<div class=\"col-lg-4\">\n\t\t\t\t\t\t\t\t\t\t\t\t\t\t\t\t\t\t\tCampus, A1,1<br>\n\t\t\t\t\t\t\t\t\t\t\t\t\t\t\t\t\t\t\t\t\t\t\t\t\t\t\t\t66123 Saarbr\u00fccken\t\t\t\t\t\t\t\t\t\t\t\t\t\t\t\t\t<\/div>\n\n\t\t\t\t\t\t\t\t<div class=\"col-lg-8\">\n\t\t\t\t\t\t\t\t\t\t\t\t\t\t\t\t\t\t\t<a class=\"text-decoration-none\" href=\"mailto:p.pelgen@unvergessen-agentur.de\">\n\t\t\t\t\t\t\t\t\t\t\tp.pelgen@unvergessen-agentur.de\t\t\t\t\t\t\t\t\t\t<\/a><br>\n\t\t\t\t\t\t\t\t\t\n\t\t\t\t\t\t\t\t\t\t\t\t\t\t\t\t\t\t\t<a class=\"text-decoration-none\" href=\"tel:+491726864976\">\n\t\t\t\t\t\t\t\t\t\t\t+49 172 68 64 976\t\t\t\t\t\t\t\t\t\t<\/a><br>\n\t\t\t\t\t\t\t\t\t\n\t\t\t\t\t\t\t\t\t\t\t\t\t\t\t\t\t<\/div>\n\t\t\t\t\t\t\t<\/div>\n\n\t\t\t\t\t\t\t<a class=\"link-btn mt-4 col-lg-2\" href=\"https:\/\/bestatter.ch\/fr\/site\/eternio-societe-pour-la-culture-de-la-memoire-gmbh\/\">\n\t\t\t\t\t\t\t\tVers l&rsquo;entreprise\t\t\t\t\t\t\t<\/a>\n\t\t\t\t\t\t<\/div>\n\t\t\t\t\t<\/div>\n\t\t\t\t\t\t\t\t\t<div class=\"col-lg-12 mb-4 pr-0\" kanton=\"Urnenlieferant\">\n\t\t\t\t\t\t<div class=\"card row mr-0 flex-row\">\n\t\t\t\t\t\t\t<a class=\"col-lg-2\" href=\"https:\/\/bestatter.ch\/fr\/site\/farvel-ag\/\">\n\t\t\t\t\t\t\t\t<div class=\"col d-flex\">\n\t\t\t\t\t\t\t\t\t\t\t\t\t\t\t\t\t<\/div>\n\t\t\t\t\t\t\t<\/a>\n\n\t\t\t\t\t\t\t<div class=\"content col-lg-8 row flex-row\" style=\"height: unset;\">\n\t\t\t\t\t\t\t\t<a class=\"text-decoration-none\" href=\"https:\/\/bestatter.ch\/fr\/site\/farvel-ag\/\">\n\t\t\t\t\t\t\t\t\t<h4 class=\"h5 mb-3\">Farvel AG<\/h4>\n\t\t\t\t\t\t\t\t<\/a>\n\n\t\t\t\t\t\t\t\t<div class=\"col-lg-4\">\n\t\t\t\t\t\t\t\t\t\t\t\t\t\t\t\t\t\t\tRehakostrasse 61<br>\n\t\t\t\t\t\t\t\t\t\t\t\t\t\t\t\t\t\t\t\t\t\t\t\t\t\t\t\t8008 Z\u00fcrich\t\t\t\t\t\t\t\t\t\t\t\t\t\t\t\t\t<\/div>\n\n\t\t\t\t\t\t\t\t<div class=\"col-lg-8\">\n\t\t\t\t\t\t\t\t\t\t\t\t\t\t\t\t\t\t\t<a class=\"text-decoration-none\" href=\"mailto:sebastian@farvel.ch\">\n\t\t\t\t\t\t\t\t\t\t\tsebastian@farvel.ch\t\t\t\t\t\t\t\t\t\t<\/a><br>\n\t\t\t\t\t\t\t\t\t\n\t\t\t\t\t\t\t\t\t\t\t\t\t\t\t\t\t\t\t<a class=\"text-decoration-none\" href=\"tel:079 700 05 45\">\n\t\t\t\t\t\t\t\t\t\t\t079 700 05 45\t\t\t\t\t\t\t\t\t\t<\/a><br>\n\t\t\t\t\t\t\t\t\t\n\t\t\t\t\t\t\t\t\t\t\t\t\t\t\t\t\t\t\t<a class=\"text-decoration-none\" href=\"http:\/\/www.farvel.ch\/\" target=\"_blank\" rel=\"noopener\">\n\t\t\t\t\t\t\t\t\t\t\thttp:\/\/www.farvel.ch\/\t\t\t\t\t\t\t\t\t\t<\/a>\n\t\t\t\t\t\t\t\t\t\t\t\t\t\t\t\t\t<\/div>\n\t\t\t\t\t\t\t<\/div>\n\n\t\t\t\t\t\t\t<a class=\"link-btn mt-4 col-lg-2\" href=\"https:\/\/bestatter.ch\/fr\/site\/farvel-ag\/\">\n\t\t\t\t\t\t\t\tVers l&rsquo;entreprise\t\t\t\t\t\t\t<\/a>\n\t\t\t\t\t\t<\/div>\n\t\t\t\t\t<\/div>\n\t\t\t\t\t\t\t\t\t<div class=\"col-lg-12 mb-4 pr-0\" kanton=\"AUSLAND\u00fcBERF\u00fcHRUNG\">\n\t\t\t\t\t\t<div class=\"card row mr-0 flex-row\">\n\t\t\t\t\t\t\t<a class=\"col-lg-2\" href=\"https:\/\/bestatter.ch\/fr\/site\/fast-trans-gmbh-zurich-flughafen\/\">\n\t\t\t\t\t\t\t\t<div class=\"col d-flex\">\n\t\t\t\t\t\t\t\t\t\t\t\t\t\t\t\t\t\t\t<img decoding=\"async\"\n\t\t\t\t\t\t\t\t\t\t     src=\"https:\/\/bestatter.ch\/wp-content\/uploads\/2023\/03\/352x352.avif\"\n\t\t\t\t\t\t\t\t\t\t     class=\"mx-auto w-50 mb-4 lazy\"\n\t\t\t\t\t\t\t\t\t\t     alt=\"\">\n\t\t\t\t\t\t\t\t\t\t\t\t\t\t\t\t\t<\/div>\n\t\t\t\t\t\t\t<\/a>\n\n\t\t\t\t\t\t\t<div class=\"content col-lg-8 row flex-row\" style=\"height: unset;\">\n\t\t\t\t\t\t\t\t<a class=\"text-decoration-none\" href=\"https:\/\/bestatter.ch\/fr\/site\/fast-trans-gmbh-zurich-flughafen\/\">\n\t\t\t\t\t\t\t\t\t<h4 class=\"h5 mb-3\">Fast Trans GmbH<\/h4>\n\t\t\t\t\t\t\t\t<\/a>\n\n\t\t\t\t\t\t\t\t<div class=\"col-lg-4\">\n\t\t\t\t\t\t\t\t\t\t\t\t\t\t\t\t\t\t\tPostfach 1170, Fracht West<br>\n\t\t\t\t\t\t\t\t\t\t\t\t\t\t\t\t\t\t\t\t\t\t\t\t\t\t\t\t8058 Z\u00fcrich-Flughafen\t\t\t\t\t\t\t\t\t\t\t\t\t\t\t\t\t<\/div>\n\n\t\t\t\t\t\t\t\t<div class=\"col-lg-8\">\n\t\t\t\t\t\t\t\t\t\t\t\t\t\t\t\t\t\t\t<a class=\"text-decoration-none\" href=\"mailto:info@fasttrans.ch\">\n\t\t\t\t\t\t\t\t\t\t\tinfo@fasttrans.ch\t\t\t\t\t\t\t\t\t\t<\/a><br>\n\t\t\t\t\t\t\t\t\t\n\t\t\t\t\t\t\t\t\t\t\t\t\t\t\t\t\t\t\t<a class=\"text-decoration-none\" href=\"tel:+41448048040\">\n\t\t\t\t\t\t\t\t\t\t\t+41 44 804 80 40\t\t\t\t\t\t\t\t\t\t<\/a><br>\n\t\t\t\t\t\t\t\t\t\n\t\t\t\t\t\t\t\t\t\t\t\t\t\t\t\t\t\t\t<a class=\"text-decoration-none\" href=\"http:\/\/www.fasttrans.ch\" target=\"_blank\" rel=\"noopener\">\n\t\t\t\t\t\t\t\t\t\t\thttp:\/\/www.fasttrans.ch\t\t\t\t\t\t\t\t\t\t<\/a>\n\t\t\t\t\t\t\t\t\t\t\t\t\t\t\t\t\t<\/div>\n\t\t\t\t\t\t\t<\/div>\n\n\t\t\t\t\t\t\t<a class=\"link-btn mt-4 col-lg-2\" href=\"https:\/\/bestatter.ch\/fr\/site\/fast-trans-gmbh-zurich-flughafen\/\">\n\t\t\t\t\t\t\t\tVers l&rsquo;entreprise\t\t\t\t\t\t\t<\/a>\n\t\t\t\t\t\t<\/div>\n\t\t\t\t\t<\/div>\n\t\t\t\t\t\t\t\t\t<div class=\"col-lg-12 mb-4 pr-0\" kanton=\"FAHRZEUG\">\n\t\t\t\t\t\t<div class=\"card row mr-0 flex-row\">\n\t\t\t\t\t\t\t<a class=\"col-lg-2\" href=\"https:\/\/bestatter.ch\/fr\/site\/flueckiger-zeichnungsverlag-ag-thunstetten\/\">\n\t\t\t\t\t\t\t\t<div class=\"col d-flex\">\n\t\t\t\t\t\t\t\t\t\t\t\t\t\t\t\t\t\t\t<img decoding=\"async\"\n\t\t\t\t\t\t\t\t\t\t     src=\"https:\/\/bestatter.ch\/wp-content\/uploads\/2023\/03\/300x300-7.avif\"\n\t\t\t\t\t\t\t\t\t\t     class=\"mx-auto w-50 mb-4 lazy\"\n\t\t\t\t\t\t\t\t\t\t     alt=\"\">\n\t\t\t\t\t\t\t\t\t\t\t\t\t\t\t\t\t<\/div>\n\t\t\t\t\t\t\t<\/a>\n\n\t\t\t\t\t\t\t<div class=\"content col-lg-8 row flex-row\" style=\"height: unset;\">\n\t\t\t\t\t\t\t\t<a class=\"text-decoration-none\" href=\"https:\/\/bestatter.ch\/fr\/site\/flueckiger-zeichnungsverlag-ag-thunstetten\/\">\n\t\t\t\t\t\t\t\t\t<h4 class=\"h5 mb-3\">Fl\u00fcckiger Zeichnungsverlag AG<\/h4>\n\t\t\t\t\t\t\t\t<\/a>\n\n\t\t\t\t\t\t\t\t<div class=\"col-lg-4\">\n\t\t\t\t\t\t\t\t\t\t\t\t\t\t\t\t\t\t\tErlenmoos 73<br>\n\t\t\t\t\t\t\t\t\t\t\t\t\t\t\t\t\t\t\t\t\t\t\t\t\t\t\t\t4922 Thunstetten\t\t\t\t\t\t\t\t\t\t\t\t\t\t\t\t\t<\/div>\n\n\t\t\t\t\t\t\t\t<div class=\"col-lg-8\">\n\t\t\t\t\t\t\t\t\t\t\t\t\t\t\t\t\t\t\t<a class=\"text-decoration-none\" href=\"mailto:info@zeichnungsverlag.ch\">\n\t\t\t\t\t\t\t\t\t\t\tinfo@zeichnungsverlag.ch\t\t\t\t\t\t\t\t\t\t<\/a><br>\n\t\t\t\t\t\t\t\t\t\n\t\t\t\t\t\t\t\t\t\t\t\t\t\t\t\t\t\t\t<a class=\"text-decoration-none\" href=\"tel:+41629632508\">\n\t\t\t\t\t\t\t\t\t\t\t+41 62 963 25 08\t\t\t\t\t\t\t\t\t\t<\/a><br>\n\t\t\t\t\t\t\t\t\t\n\t\t\t\t\t\t\t\t\t\t\t\t\t\t\t\t\t\t\t<a class=\"text-decoration-none\" href=\"https:\/\/zeichnungsverlag.ch\" target=\"_blank\" rel=\"noopener\">\n\t\t\t\t\t\t\t\t\t\t\thttps:\/\/zeichnungsverlag.ch\t\t\t\t\t\t\t\t\t\t<\/a>\n\t\t\t\t\t\t\t\t\t\t\t\t\t\t\t\t\t<\/div>\n\t\t\t\t\t\t\t<\/div>\n\n\t\t\t\t\t\t\t<a class=\"link-btn mt-4 col-lg-2\" href=\"https:\/\/bestatter.ch\/fr\/site\/flueckiger-zeichnungsverlag-ag-thunstetten\/\">\n\t\t\t\t\t\t\t\tVers l&rsquo;entreprise\t\t\t\t\t\t\t<\/a>\n\t\t\t\t\t\t<\/div>\n\t\t\t\t\t<\/div>\n\t\t\t\t\t\t\t\t\t<div class=\"col-lg-12 mb-4 pr-0\" kanton=\"URNE\">\n\t\t\t\t\t\t<div class=\"card row mr-0 flex-row\">\n\t\t\t\t\t\t\t<a class=\"col-lg-2\" href=\"https:\/\/bestatter.ch\/fr\/site\/formholz-gmbh-oberonz\/\">\n\t\t\t\t\t\t\t\t<div class=\"col d-flex\">\n\t\t\t\t\t\t\t\t\t\t\t\t\t\t\t\t\t<\/div>\n\t\t\t\t\t\t\t<\/a>\n\n\t\t\t\t\t\t\t<div class=\"content col-lg-8 row flex-row\" style=\"height: unset;\">\n\t\t\t\t\t\t\t\t<a class=\"text-decoration-none\" href=\"https:\/\/bestatter.ch\/fr\/site\/formholz-gmbh-oberonz\/\">\n\t\t\t\t\t\t\t\t\t<h4 class=\"h5 mb-3\">Formholz GmbH<\/h4>\n\t\t\t\t\t\t\t\t<\/a>\n\n\t\t\t\t\t\t\t\t<div class=\"col-lg-4\">\n\t\t\t\t\t\t\t\t\t\t\t\t\t\t\t\t\t\t\tMoos 14<br>\n\t\t\t\t\t\t\t\t\t\t\t\t\t\t\t\t\t\t\t\t\t\t\t\t\t\t\t\t3363 Ober\u00f6nz\t\t\t\t\t\t\t\t\t\t\t\t\t\t\t\t\t<\/div>\n\n\t\t\t\t\t\t\t\t<div class=\"col-lg-8\">\n\t\t\t\t\t\t\t\t\t\t\t\t\t\t\t\t\t\t\t<a class=\"text-decoration-none\" href=\"mailto:info@formholz.ch\">\n\t\t\t\t\t\t\t\t\t\t\tinfo@formholz.ch\t\t\t\t\t\t\t\t\t\t<\/a><br>\n\t\t\t\t\t\t\t\t\t\n\t\t\t\t\t\t\t\t\t\t\t\t\t\t\t\t\t\t\t<a class=\"text-decoration-none\" href=\"tel:+41791950780\">\n\t\t\t\t\t\t\t\t\t\t\t+41 79 195 07 80\t\t\t\t\t\t\t\t\t\t<\/a><br>\n\t\t\t\t\t\t\t\t\t\n\t\t\t\t\t\t\t\t\t\t\t\t\t\t\t\t\t\t\t<a class=\"text-decoration-none\" href=\"https:\/\/formholz.ch\" target=\"_blank\" rel=\"noopener\">\n\t\t\t\t\t\t\t\t\t\t\thttps:\/\/formholz.ch\t\t\t\t\t\t\t\t\t\t<\/a>\n\t\t\t\t\t\t\t\t\t\t\t\t\t\t\t\t\t<\/div>\n\t\t\t\t\t\t\t<\/div>\n\n\t\t\t\t\t\t\t<a class=\"link-btn mt-4 col-lg-2\" href=\"https:\/\/bestatter.ch\/fr\/site\/formholz-gmbh-oberonz\/\">\n\t\t\t\t\t\t\t\tVers l&rsquo;entreprise\t\t\t\t\t\t\t<\/a>\n\t\t\t\t\t\t<\/div>\n\t\t\t\t\t<\/div>\n\t\t\t\t\t\t\t\t\t<div class=\"col-lg-12 mb-4 pr-0\" kanton=\"MESSE\">\n\t\t\t\t\t\t<div class=\"card row mr-0 flex-row\">\n\t\t\t\t\t\t\t<a class=\"col-lg-2\" href=\"https:\/\/bestatter.ch\/fr\/site\/forum-befa-gmbh-co-kg-dusseldorf-de\/\">\n\t\t\t\t\t\t\t\t<div class=\"col d-flex\">\n\t\t\t\t\t\t\t\t\t\t\t\t\t\t\t\t\t<\/div>\n\t\t\t\t\t\t\t<\/a>\n\n\t\t\t\t\t\t\t<div class=\"content col-lg-8 row flex-row\" style=\"height: unset;\">\n\t\t\t\t\t\t\t\t<a class=\"text-decoration-none\" href=\"https:\/\/bestatter.ch\/fr\/site\/forum-befa-gmbh-co-kg-dusseldorf-de\/\">\n\t\t\t\t\t\t\t\t\t<h4 class=\"h5 mb-3\">FORUM BEFA GmbH &amp; Co. KG<\/h4>\n\t\t\t\t\t\t\t\t<\/a>\n\n\t\t\t\t\t\t\t\t<div class=\"col-lg-4\">\n\t\t\t\t\t\t\t\t\t\t\t\t\t\t\t\t\t\t\tCecilienallee 5<br>\n\t\t\t\t\t\t\t\t\t\t\t\t\t\t\t\t\t\t\t\t\t\t\t\t\t\t\t\t40474 D\u00fcsseldorf\t\t\t\t\t\t\t\t\t\t\t\t\t\t\t\t\t<\/div>\n\n\t\t\t\t\t\t\t\t<div class=\"col-lg-8\">\n\t\t\t\t\t\t\t\t\t\t\t\t\t\t\t\t\t\t\t<a class=\"text-decoration-none\" href=\"mailto:info@forum-bestattung.de\">\n\t\t\t\t\t\t\t\t\t\t\tinfo@forum-bestattung.de\t\t\t\t\t\t\t\t\t\t<\/a><br>\n\t\t\t\t\t\t\t\t\t\n\t\t\t\t\t\t\t\t\t\t\t\t\t\t\t\t\t\t\t<a class=\"text-decoration-none\" href=\"tel:+492111600848\">\n\t\t\t\t\t\t\t\t\t\t\t+49 211 16 00 848\t\t\t\t\t\t\t\t\t\t<\/a><br>\n\t\t\t\t\t\t\t\t\t\n\t\t\t\t\t\t\t\t\t\t\t\t\t\t\t\t\t\t\t<a class=\"text-decoration-none\" href=\"https:\/\/bestatter.de\" target=\"_blank\" rel=\"noopener\">\n\t\t\t\t\t\t\t\t\t\t\thttps:\/\/bestatter.de\t\t\t\t\t\t\t\t\t\t<\/a>\n\t\t\t\t\t\t\t\t\t\t\t\t\t\t\t\t\t<\/div>\n\t\t\t\t\t\t\t<\/div>\n\n\t\t\t\t\t\t\t<a class=\"link-btn mt-4 col-lg-2\" href=\"https:\/\/bestatter.ch\/fr\/site\/forum-befa-gmbh-co-kg-dusseldorf-de\/\">\n\t\t\t\t\t\t\t\tVers l&rsquo;entreprise\t\t\t\t\t\t\t<\/a>\n\t\t\t\t\t\t<\/div>\n\t\t\t\t\t<\/div>\n\t\t\t\t\t\t\t\t\t<div class=\"col-lg-12 mb-4 pr-0\" kanton=\"\">\n\t\t\t\t\t\t<div class=\"card row mr-0 flex-row\">\n\t\t\t\t\t\t\t<a class=\"col-lg-2\" href=\"https:\/\/bestatter.ch\/fr\/site\/hager-rolf-sargfabrikation-kriens\/\">\n\t\t\t\t\t\t\t\t<div class=\"col d-flex\">\n\t\t\t\t\t\t\t\t\t\t\t\t\t\t\t\t\t<\/div>\n\t\t\t\t\t\t\t<\/a>\n\n\t\t\t\t\t\t\t<div class=\"content col-lg-8 row flex-row\" style=\"height: unset;\">\n\t\t\t\t\t\t\t\t<a class=\"text-decoration-none\" href=\"https:\/\/bestatter.ch\/fr\/site\/hager-rolf-sargfabrikation-kriens\/\">\n\t\t\t\t\t\t\t\t\t<h4 class=\"h5 mb-3\">Hager Rolf Fabrication de cercueils<\/h4>\n\t\t\t\t\t\t\t\t<\/a>\n\n\t\t\t\t\t\t\t\t<div class=\"col-lg-4\">\n\t\t\t\t\t\t\t\t\t\t\t\t\t\t\t\t\t\t\tAm Br\u00fcggli<br>\n\t\t\t\t\t\t\t\t\t\t\t\t\t\t\t\t\t\t\t\t\t\t\t\t\t\t\t\t6010 Kriens\t\t\t\t\t\t\t\t\t\t\t\t\t\t\t\t\t<\/div>\n\n\t\t\t\t\t\t\t\t<div class=\"col-lg-8\">\n\t\t\t\t\t\t\t\t\t\t\t\t\t\t\t\t\t\t\t<a class=\"text-decoration-none\" href=\"mailto:rolf.hager@freesurf.ch\">\n\t\t\t\t\t\t\t\t\t\t\trolf.hager@freesurf.ch\t\t\t\t\t\t\t\t\t\t<\/a><br>\n\t\t\t\t\t\t\t\t\t\n\t\t\t\t\t\t\t\t\t\t\t\t\t\t\t\t\t\t\t<a class=\"text-decoration-none\" href=\"tel:+41413408851\">\n\t\t\t\t\t\t\t\t\t\t\t+41 41 340 88 51\t\t\t\t\t\t\t\t\t\t<\/a><br>\n\t\t\t\t\t\t\t\t\t\n\t\t\t\t\t\t\t\t\t\t\t\t\t\t\t\t\t\t\t<a class=\"text-decoration-none\" href=\"https:\/\/hagersarg.ch\" target=\"_blank\" rel=\"noopener\">\n\t\t\t\t\t\t\t\t\t\t\thttps:\/\/hagersarg.ch\t\t\t\t\t\t\t\t\t\t<\/a>\n\t\t\t\t\t\t\t\t\t\t\t\t\t\t\t\t\t<\/div>\n\t\t\t\t\t\t\t<\/div>\n\n\t\t\t\t\t\t\t<a class=\"link-btn mt-4 col-lg-2\" href=\"https:\/\/bestatter.ch\/fr\/site\/hager-rolf-sargfabrikation-kriens\/\">\n\t\t\t\t\t\t\t\tVers l&rsquo;entreprise\t\t\t\t\t\t\t<\/a>\n\t\t\t\t\t\t<\/div>\n\t\t\t\t\t<\/div>\n\t\t\t\t\t\t\t\t\t<div class=\"col-lg-12 mb-4 pr-0\" kanton=\"URNE SARG ZUBEH\u00f6R\">\n\t\t\t\t\t\t<div class=\"card row mr-0 flex-row\">\n\t\t\t\t\t\t\t<a class=\"col-lg-2\" href=\"https:\/\/bestatter.ch\/fr\/site\/hans-gerber-ag-sargfabrik-lindau\/\">\n\t\t\t\t\t\t\t\t<div class=\"col d-flex\">\n\t\t\t\t\t\t\t\t\t\t\t\t\t\t\t\t\t\t\t<img decoding=\"async\"\n\t\t\t\t\t\t\t\t\t\t     src=\"https:\/\/bestatter.ch\/wp-content\/uploads\/2022\/09\/800x800-6.avif\"\n\t\t\t\t\t\t\t\t\t\t     class=\"mx-auto w-50 mb-4 lazy\"\n\t\t\t\t\t\t\t\t\t\t     alt=\"\">\n\t\t\t\t\t\t\t\t\t\t\t\t\t\t\t\t\t<\/div>\n\t\t\t\t\t\t\t<\/a>\n\n\t\t\t\t\t\t\t<div class=\"content col-lg-8 row flex-row\" style=\"height: unset;\">\n\t\t\t\t\t\t\t\t<a class=\"text-decoration-none\" href=\"https:\/\/bestatter.ch\/fr\/site\/hans-gerber-ag-sargfabrik-lindau\/\">\n\t\t\t\t\t\t\t\t\t<h4 class=\"h5 mb-3\">Hans Gerber AG Fabrique de cercueils<\/h4>\n\t\t\t\t\t\t\t\t<\/a>\n\n\t\t\t\t\t\t\t\t<div class=\"col-lg-4\">\n\t\t\t\t\t\t\t\t\t\t\t\t\t\t\t\t\t\t\tL\u00e4ttenstrasse 9<br>\n\t\t\t\t\t\t\t\t\t\t\t\t\t\t\t\t\t\t\t\t\t\t\t\t\t\t\t\t8315 Lindau\t\t\t\t\t\t\t\t\t\t\t\t\t\t\t\t\t<\/div>\n\n\t\t\t\t\t\t\t\t<div class=\"col-lg-8\">\n\t\t\t\t\t\t\t\t\t\t\t\t\t\t\t\t\t\t\t<a class=\"text-decoration-none\" href=\"mailto:office@gerber-lindau.ch\">\n\t\t\t\t\t\t\t\t\t\t\toffice@gerber-lindau.ch\t\t\t\t\t\t\t\t\t\t<\/a><br>\n\t\t\t\t\t\t\t\t\t\n\t\t\t\t\t\t\t\t\t\t\t\t\t\t\t\t\t\t\t<a class=\"text-decoration-none\" href=\"tel:+41523550010\">\n\t\t\t\t\t\t\t\t\t\t\t+41 52 355 00 10\t\t\t\t\t\t\t\t\t\t<\/a><br>\n\t\t\t\t\t\t\t\t\t\n\t\t\t\t\t\t\t\t\t\t\t\t\t\t\t\t\t\t\t<a class=\"text-decoration-none\" href=\"https:\/\/gerber-lindau.ch\" target=\"_blank\" rel=\"noopener\">\n\t\t\t\t\t\t\t\t\t\t\thttps:\/\/gerber-lindau.ch\t\t\t\t\t\t\t\t\t\t<\/a>\n\t\t\t\t\t\t\t\t\t\t\t\t\t\t\t\t\t<\/div>\n\t\t\t\t\t\t\t<\/div>\n\n\t\t\t\t\t\t\t<a class=\"link-btn mt-4 col-lg-2\" href=\"https:\/\/bestatter.ch\/fr\/site\/hans-gerber-ag-sargfabrik-lindau\/\">\n\t\t\t\t\t\t\t\tVers l&rsquo;entreprise\t\t\t\t\t\t\t<\/a>\n\t\t\t\t\t\t<\/div>\n\t\t\t\t\t<\/div>\n\t\t\t\t\t\t\t\t\t<div class=\"col-lg-12 mb-4 pr-0\" kanton=\"\">\n\t\t\t\t\t\t<div class=\"card row mr-0 flex-row\">\n\t\t\t\t\t\t\t<a class=\"col-lg-2\" href=\"https:\/\/bestatter.ch\/fr\/site\/hentschke-gmbh-u-co-kg-luneburg\/\">\n\t\t\t\t\t\t\t\t<div class=\"col d-flex\">\n\t\t\t\t\t\t\t\t\t\t\t\t\t\t\t\t\t\t\t<img decoding=\"async\"\n\t\t\t\t\t\t\t\t\t\t     src=\"https:\/\/bestatter.ch\/wp-content\/uploads\/2023\/03\/177x177.avif\"\n\t\t\t\t\t\t\t\t\t\t     class=\"mx-auto w-50 mb-4 lazy\"\n\t\t\t\t\t\t\t\t\t\t     alt=\"\">\n\t\t\t\t\t\t\t\t\t\t\t\t\t\t\t\t\t<\/div>\n\t\t\t\t\t\t\t<\/a>\n\n\t\t\t\t\t\t\t<div class=\"content col-lg-8 row flex-row\" style=\"height: unset;\">\n\t\t\t\t\t\t\t\t<a class=\"text-decoration-none\" href=\"https:\/\/bestatter.ch\/fr\/site\/hentschke-gmbh-u-co-kg-luneburg\/\">\n\t\t\t\t\t\t\t\t\t<h4 class=\"h5 mb-3\">Hentschke GmbH u. Co, KG<\/h4>\n\t\t\t\t\t\t\t\t<\/a>\n\n\t\t\t\t\t\t\t\t<div class=\"col-lg-4\">\n\t\t\t\t\t\t\t\t\t\t\t\t\t\t\t\t\t\t\tFriedrich-Penseler-Stra\u00dfe 26<br>\n\t\t\t\t\t\t\t\t\t\t\t\t\t\t\t\t\t\t\t\t\t\t\t\t\t\t\t\t21337 L\u00fcneburg\t\t\t\t\t\t\t\t\t\t\t\t\t\t\t\t\t<\/div>\n\n\t\t\t\t\t\t\t\t<div class=\"col-lg-8\">\n\t\t\t\t\t\t\t\t\t\t\t\t\t\t\t\t\t\t\t<a class=\"text-decoration-none\" href=\"mailto:k.justh@bestattungswagen.de\">\n\t\t\t\t\t\t\t\t\t\t\tk.justh@bestattungswagen.de\t\t\t\t\t\t\t\t\t\t<\/a><br>\n\t\t\t\t\t\t\t\t\t\n\t\t\t\t\t\t\t\t\t\t\t\t\t\t\t\t\t\t\t<a class=\"text-decoration-none\" href=\"tel:+4941312214260\">\n\t\t\t\t\t\t\t\t\t\t\t+49 413 12214260\t\t\t\t\t\t\t\t\t\t<\/a><br>\n\t\t\t\t\t\t\t\t\t\n\t\t\t\t\t\t\t\t\t\t\t\t\t\t\t\t\t\t\t<a class=\"text-decoration-none\" href=\"https:\/\/bestattungswagen.de\" target=\"_blank\" rel=\"noopener\">\n\t\t\t\t\t\t\t\t\t\t\thttps:\/\/bestattungswagen.de\t\t\t\t\t\t\t\t\t\t<\/a>\n\t\t\t\t\t\t\t\t\t\t\t\t\t\t\t\t\t<\/div>\n\t\t\t\t\t\t\t<\/div>\n\n\t\t\t\t\t\t\t<a class=\"link-btn mt-4 col-lg-2\" href=\"https:\/\/bestatter.ch\/fr\/site\/hentschke-gmbh-u-co-kg-luneburg\/\">\n\t\t\t\t\t\t\t\tVers l&rsquo;entreprise\t\t\t\t\t\t\t<\/a>\n\t\t\t\t\t\t<\/div>\n\t\t\t\t\t<\/div>\n\t\t\t\t\t\t\t\t\t<div class=\"col-lg-12 mb-4 pr-0\" kanton=\"\">\n\t\t\t\t\t\t<div class=\"card row mr-0 flex-row\">\n\t\t\t\t\t\t\t<a class=\"col-lg-2\" href=\"https:\/\/bestatter.ch\/fr\/site\/hopf-pietaetsartikel-gmbh-reilingen\/\">\n\t\t\t\t\t\t\t\t<div class=\"col d-flex\">\n\t\t\t\t\t\t\t\t\t\t\t\t\t\t\t\t\t\t\t<img decoding=\"async\"\n\t\t\t\t\t\t\t\t\t\t     src=\"https:\/\/bestatter.ch\/wp-content\/uploads\/2023\/03\/607x607.avif\"\n\t\t\t\t\t\t\t\t\t\t     class=\"mx-auto w-50 mb-4 lazy\"\n\t\t\t\t\t\t\t\t\t\t     alt=\"\">\n\t\t\t\t\t\t\t\t\t\t\t\t\t\t\t\t\t<\/div>\n\t\t\t\t\t\t\t<\/a>\n\n\t\t\t\t\t\t\t<div class=\"content col-lg-8 row flex-row\" style=\"height: unset;\">\n\t\t\t\t\t\t\t\t<a class=\"text-decoration-none\" href=\"https:\/\/bestatter.ch\/fr\/site\/hopf-pietaetsartikel-gmbh-reilingen\/\">\n\t\t\t\t\t\t\t\t\t<h4 class=\"h5 mb-3\">Hopf Piet\u00e4tsartikel GmbH<\/h4>\n\t\t\t\t\t\t\t\t<\/a>\n\n\t\t\t\t\t\t\t\t<div class=\"col-lg-4\">\n\t\t\t\t\t\t\t\t\t\t\t\t\t\t\t\t\t\t\tHauptstra\u00dfe 177<br>\n\t\t\t\t\t\t\t\t\t\t\t\t\t\t\t\t\t\t\t\t\t\t\t\t\t\t\t\t68799 Reilingen\t\t\t\t\t\t\t\t\t\t\t\t\t\t\t\t\t<\/div>\n\n\t\t\t\t\t\t\t\t<div class=\"col-lg-8\">\n\t\t\t\t\t\t\t\t\t\t\t\t\t\t\t\t\t\t\t<a class=\"text-decoration-none\" href=\"mailto:info@hopf-online.com\">\n\t\t\t\t\t\t\t\t\t\t\tinfo@hopf-online.com\t\t\t\t\t\t\t\t\t\t<\/a><br>\n\t\t\t\t\t\t\t\t\t\n\t\t\t\t\t\t\t\t\t\t\t\t\t\t\t\t\t\t\t<a class=\"text-decoration-none\" href=\"tel:+49620594120\">\n\t\t\t\t\t\t\t\t\t\t\t+49 620 594120\t\t\t\t\t\t\t\t\t\t<\/a><br>\n\t\t\t\t\t\t\t\t\t\n\t\t\t\t\t\t\t\t\t\t\t\t\t\t\t\t\t\t\t<a class=\"text-decoration-none\" href=\"https:\/\/hopf-online.com\" target=\"_blank\" rel=\"noopener\">\n\t\t\t\t\t\t\t\t\t\t\thttps:\/\/hopf-online.com\t\t\t\t\t\t\t\t\t\t<\/a>\n\t\t\t\t\t\t\t\t\t\t\t\t\t\t\t\t\t<\/div>\n\t\t\t\t\t\t\t<\/div>\n\n\t\t\t\t\t\t\t<a class=\"link-btn mt-4 col-lg-2\" href=\"https:\/\/bestatter.ch\/fr\/site\/hopf-pietaetsartikel-gmbh-reilingen\/\">\n\t\t\t\t\t\t\t\tVers l&rsquo;entreprise\t\t\t\t\t\t\t<\/a>\n\t\t\t\t\t\t<\/div>\n\t\t\t\t\t<\/div>\n\t\t\t\t\t\t\t\t\t<div class=\"col-lg-12 mb-4 pr-0\" kanton=\"\">\n\t\t\t\t\t\t<div class=\"card row mr-0 flex-row\">\n\t\t\t\t\t\t\t<a class=\"col-lg-2\" href=\"https:\/\/bestatter.ch\/fr\/site\/kuhlmann-cars-gmbh-heiden-de\/\">\n\t\t\t\t\t\t\t\t<div class=\"col d-flex\">\n\t\t\t\t\t\t\t\t\t\t\t\t\t\t\t\t\t\t\t<img decoding=\"async\"\n\t\t\t\t\t\t\t\t\t\t     src=\"https:\/\/bestatter.ch\/wp-content\/uploads\/2023\/03\/800x800.avif\"\n\t\t\t\t\t\t\t\t\t\t     class=\"mx-auto w-50 mb-4 lazy\"\n\t\t\t\t\t\t\t\t\t\t     alt=\"\">\n\t\t\t\t\t\t\t\t\t\t\t\t\t\t\t\t\t<\/div>\n\t\t\t\t\t\t\t<\/a>\n\n\t\t\t\t\t\t\t<div class=\"content col-lg-8 row flex-row\" style=\"height: unset;\">\n\t\t\t\t\t\t\t\t<a class=\"text-decoration-none\" href=\"https:\/\/bestatter.ch\/fr\/site\/kuhlmann-cars-gmbh-heiden-de\/\">\n\t\t\t\t\t\t\t\t\t<h4 class=\"h5 mb-3\">Kuhlmann-Cars GmbH<\/h4>\n\t\t\t\t\t\t\t\t<\/a>\n\n\t\t\t\t\t\t\t\t<div class=\"col-lg-4\">\n\t\t\t\t\t\t\t\t\t\t\t\t\t\t\t\t\t\t\tLembecker Stra\u00dfe 17<br>\n\t\t\t\t\t\t\t\t\t\t\t\t\t\t\t\t\t\t\t\t\t\t\t\t\t\t\t\t46359 Heiden\t\t\t\t\t\t\t\t\t\t\t\t\t\t\t\t\t<\/div>\n\n\t\t\t\t\t\t\t\t<div class=\"col-lg-8\">\n\t\t\t\t\t\t\t\t\t\t\t\t\t\t\t\t\t\t\t<a class=\"text-decoration-none\" href=\"mailto:info@kuhlmann-cars.de\">\n\t\t\t\t\t\t\t\t\t\t\tinfo@kuhlmann-cars.de\t\t\t\t\t\t\t\t\t\t<\/a><br>\n\t\t\t\t\t\t\t\t\t\n\t\t\t\t\t\t\t\t\t\t\t\t\t\t\t\t\t\t\t<a class=\"text-decoration-none\" href=\"tel:+49286797570\">\n\t\t\t\t\t\t\t\t\t\t\t+49 286 797570\t\t\t\t\t\t\t\t\t\t<\/a><br>\n\t\t\t\t\t\t\t\t\t\n\t\t\t\t\t\t\t\t\t\t\t\t\t\t\t\t\t\t\t<a class=\"text-decoration-none\" href=\"https:\/\/kuhlman-cars.de\" target=\"_blank\" rel=\"noopener\">\n\t\t\t\t\t\t\t\t\t\t\thttps:\/\/kuhlman-cars.de\t\t\t\t\t\t\t\t\t\t<\/a>\n\t\t\t\t\t\t\t\t\t\t\t\t\t\t\t\t\t<\/div>\n\t\t\t\t\t\t\t<\/div>\n\n\t\t\t\t\t\t\t<a class=\"link-btn mt-4 col-lg-2\" href=\"https:\/\/bestatter.ch\/fr\/site\/kuhlmann-cars-gmbh-heiden-de\/\">\n\t\t\t\t\t\t\t\tVers l&rsquo;entreprise\t\t\t\t\t\t\t<\/a>\n\t\t\t\t\t\t<\/div>\n\t\t\t\t\t<\/div>\n\t\t\t\t\t\t\t\t\t<div class=\"col-lg-12 mb-4 pr-0\" kanton=\"VERSICHERUNG\">\n\t\t\t\t\t\t<div class=\"card row mr-0 flex-row\">\n\t\t\t\t\t\t\t<a class=\"col-lg-2\" href=\"https:\/\/bestatter.ch\/fr\/site\/la-mobiliere-suisse-services-berne\/\">\n\t\t\t\t\t\t\t\t<div class=\"col d-flex\">\n\t\t\t\t\t\t\t\t\t\t\t\t\t\t\t\t\t\t\t<img decoding=\"async\"\n\t\t\t\t\t\t\t\t\t\t     src=\"https:\/\/bestatter.ch\/wp-content\/uploads\/2023\/03\/800x800-6.avif\"\n\t\t\t\t\t\t\t\t\t\t     class=\"mx-auto w-50 mb-4 lazy\"\n\t\t\t\t\t\t\t\t\t\t     alt=\"\">\n\t\t\t\t\t\t\t\t\t\t\t\t\t\t\t\t\t<\/div>\n\t\t\t\t\t\t\t<\/a>\n\n\t\t\t\t\t\t\t<div class=\"content col-lg-8 row flex-row\" style=\"height: unset;\">\n\t\t\t\t\t\t\t\t<a class=\"text-decoration-none\" href=\"https:\/\/bestatter.ch\/fr\/site\/la-mobiliere-suisse-services-berne\/\">\n\t\t\t\t\t\t\t\t\t<h4 class=\"h5 mb-3\">La Mobili\u00e8re Suisse Services<\/h4>\n\t\t\t\t\t\t\t\t<\/a>\n\n\t\t\t\t\t\t\t\t<div class=\"col-lg-4\">\n\t\t\t\t\t\t\t\t\t\t\t\t\t\t\t\t\t\t\tBundesgasse 35<br>\n\t\t\t\t\t\t\t\t\t\t\t\t\t\t\t\t\t\t\t\t\t\t\t\t\t\t\t\t3001 Bern\t\t\t\t\t\t\t\t\t\t\t\t\t\t\t\t\t<\/div>\n\n\t\t\t\t\t\t\t\t<div class=\"col-lg-8\">\n\t\t\t\t\t\t\t\t\t\t\t\t\t\t\t\t\t\t\t<a class=\"text-decoration-none\" href=\"mailto:info@tooyoo.ch\">\n\t\t\t\t\t\t\t\t\t\t\tinfo@tooyoo.ch\t\t\t\t\t\t\t\t\t\t<\/a><br>\n\t\t\t\t\t\t\t\t\t\n\t\t\t\t\t\t\t\t\t\t\t\t\t\t\t\t\t\t\t<a class=\"text-decoration-none\" href=\"tel:+41796819888\">\n\t\t\t\t\t\t\t\t\t\t\t+41 79 681 98 88\t\t\t\t\t\t\t\t\t\t<\/a><br>\n\t\t\t\t\t\t\t\t\t\n\t\t\t\t\t\t\t\t\t\t\t\t\t\t\t\t\t\t\t<a class=\"text-decoration-none\" href=\"https:\/\/tooyoo.ch\" target=\"_blank\" rel=\"noopener\">\n\t\t\t\t\t\t\t\t\t\t\thttps:\/\/tooyoo.ch\t\t\t\t\t\t\t\t\t\t<\/a>\n\t\t\t\t\t\t\t\t\t\t\t\t\t\t\t\t\t<\/div>\n\t\t\t\t\t\t\t<\/div>\n\n\t\t\t\t\t\t\t<a class=\"link-btn mt-4 col-lg-2\" href=\"https:\/\/bestatter.ch\/fr\/site\/la-mobiliere-suisse-services-berne\/\">\n\t\t\t\t\t\t\t\tVers l&rsquo;entreprise\t\t\t\t\t\t\t<\/a>\n\t\t\t\t\t\t<\/div>\n\t\t\t\t\t<\/div>\n\t\t\t\t\t\t\t\t\t<div class=\"col-lg-12 mb-4 pr-0\" kanton=\"DIAMANTEN\">\n\t\t\t\t\t\t<div class=\"card row mr-0 flex-row\">\n\t\t\t\t\t\t\t<a class=\"col-lg-2\" href=\"https:\/\/bestatter.ch\/fr\/site\/lonite-ag-zug\/\">\n\t\t\t\t\t\t\t\t<div class=\"col d-flex\">\n\t\t\t\t\t\t\t\t\t\t\t\t\t\t\t\t\t\t\t<img decoding=\"async\"\n\t\t\t\t\t\t\t\t\t\t     src=\"https:\/\/bestatter.ch\/wp-content\/uploads\/2023\/03\/800x800-4.avif\"\n\t\t\t\t\t\t\t\t\t\t     class=\"mx-auto w-50 mb-4 lazy\"\n\t\t\t\t\t\t\t\t\t\t     alt=\"\">\n\t\t\t\t\t\t\t\t\t\t\t\t\t\t\t\t\t<\/div>\n\t\t\t\t\t\t\t<\/a>\n\n\t\t\t\t\t\t\t<div class=\"content col-lg-8 row flex-row\" style=\"height: unset;\">\n\t\t\t\t\t\t\t\t<a class=\"text-decoration-none\" href=\"https:\/\/bestatter.ch\/fr\/site\/lonite-ag-zug\/\">\n\t\t\t\t\t\t\t\t\t<h4 class=\"h5 mb-3\">Lonit\u00e9 AG<\/h4>\n\t\t\t\t\t\t\t\t<\/a>\n\n\t\t\t\t\t\t\t\t<div class=\"col-lg-4\">\n\t\t\t\t\t\t\t\t\t\t\t\t\t\t\t\t\t\t\tBachtobelstrasse 5<br>\n\t\t\t\t\t\t\t\t\t\t\t\t\t\t\t\t\t\t\t\t\t\t\t\t\t\t\t\t8810 Horgen\t\t\t\t\t\t\t\t\t\t\t\t\t\t\t\t\t<\/div>\n\n\t\t\t\t\t\t\t\t<div class=\"col-lg-8\">\n\t\t\t\t\t\t\t\t\t\t\t\t\t\t\t\t\t\t\t<a class=\"text-decoration-none\" href=\"mailto:adam@lonite.com\">\n\t\t\t\t\t\t\t\t\t\t\tadam@lonite.com\t\t\t\t\t\t\t\t\t\t<\/a><br>\n\t\t\t\t\t\t\t\t\t\n\t\t\t\t\t\t\t\t\t\t\t\t\t\t\t\t\t\t\t<a class=\"text-decoration-none\" href=\"tel:+41445087004\">\n\t\t\t\t\t\t\t\t\t\t\t+41 44 508 70 04\t\t\t\t\t\t\t\t\t\t<\/a><br>\n\t\t\t\t\t\t\t\t\t\n\t\t\t\t\t\t\t\t\t\t\t\t\t\t\t\t\t\t\t<a class=\"text-decoration-none\" href=\"https:\/\/lonite.ch\" target=\"_blank\" rel=\"noopener\">\n\t\t\t\t\t\t\t\t\t\t\thttps:\/\/lonite.ch\t\t\t\t\t\t\t\t\t\t<\/a>\n\t\t\t\t\t\t\t\t\t\t\t\t\t\t\t\t\t<\/div>\n\t\t\t\t\t\t\t<\/div>\n\n\t\t\t\t\t\t\t<a class=\"link-btn mt-4 col-lg-2\" href=\"https:\/\/bestatter.ch\/fr\/site\/lonite-ag-zug\/\">\n\t\t\t\t\t\t\t\tVers l&rsquo;entreprise\t\t\t\t\t\t\t<\/a>\n\t\t\t\t\t\t<\/div>\n\t\t\t\t\t<\/div>\n\t\t\t\t\t\t\t\t\t<div class=\"col-lg-12 mb-4 pr-0\" kanton=\"\">\n\t\t\t\t\t\t<div class=\"card row mr-0 flex-row\">\n\t\t\t\t\t\t\t<a class=\"col-lg-2\" href=\"https:\/\/bestatter.ch\/fr\/site\/lonite-ag-diamants-de-la-memoire\/\">\n\t\t\t\t\t\t\t\t<div class=\"col d-flex\">\n\t\t\t\t\t\t\t\t\t\t\t\t\t\t\t\t\t\t\t<img decoding=\"async\"\n\t\t\t\t\t\t\t\t\t\t     src=\"https:\/\/bestatter.ch\/wp-content\/uploads\/2025\/11\/500x500-3.avif\"\n\t\t\t\t\t\t\t\t\t\t     class=\"mx-auto w-50 mb-4 lazy\"\n\t\t\t\t\t\t\t\t\t\t     alt=\"\">\n\t\t\t\t\t\t\t\t\t\t\t\t\t\t\t\t\t<\/div>\n\t\t\t\t\t\t\t<\/a>\n\n\t\t\t\t\t\t\t<div class=\"content col-lg-8 row flex-row\" style=\"height: unset;\">\n\t\t\t\t\t\t\t\t<a class=\"text-decoration-none\" href=\"https:\/\/bestatter.ch\/fr\/site\/lonite-ag-diamants-de-la-memoire\/\">\n\t\t\t\t\t\t\t\t\t<h4 class=\"h5 mb-3\">LONIT\u00c9 AG Diamants de la m\u00e9moire<\/h4>\n\t\t\t\t\t\t\t\t<\/a>\n\n\t\t\t\t\t\t\t\t<div class=\"col-lg-4\">\n\t\t\t\t\t\t\t\t\t\t\t\t\t\t\t\t\t\t\tBahnhofstrasse 10<br>\n\t\t\t\t\t\t\t\t\t\t\t\t\t\t\t\t\t\t\t\t\t\t\t\t\t\t\t\t8001 Z\u00fcrich\t\t\t\t\t\t\t\t\t\t\t\t\t\t\t\t\t<\/div>\n\n\t\t\t\t\t\t\t\t<div class=\"col-lg-8\">\n\t\t\t\t\t\t\t\t\t\t\t\t\t\t\t\t\t\t\t<a class=\"text-decoration-none\" href=\"mailto:info@lonite.ch\">\n\t\t\t\t\t\t\t\t\t\t\tinfo@lonite.ch\t\t\t\t\t\t\t\t\t\t<\/a><br>\n\t\t\t\t\t\t\t\t\t\n\t\t\t\t\t\t\t\t\t\t\t\t\t\t\t\t\t\t\t<a class=\"text-decoration-none\" href=\"tel:+41445087004\">\n\t\t\t\t\t\t\t\t\t\t\t+41 44 508 70 04\t\t\t\t\t\t\t\t\t\t<\/a><br>\n\t\t\t\t\t\t\t\t\t\n\t\t\t\t\t\t\t\t\t\t\t\t\t\t\t\t\t\t\t<a class=\"text-decoration-none\" href=\"https:\/\/www.lonite.ch\/\" target=\"_blank\" rel=\"noopener\">\n\t\t\t\t\t\t\t\t\t\t\thttps:\/\/www.lonite.ch\/\t\t\t\t\t\t\t\t\t\t<\/a>\n\t\t\t\t\t\t\t\t\t\t\t\t\t\t\t\t\t<\/div>\n\t\t\t\t\t\t\t<\/div>\n\n\t\t\t\t\t\t\t<a class=\"link-btn mt-4 col-lg-2\" href=\"https:\/\/bestatter.ch\/fr\/site\/lonite-ag-diamants-de-la-memoire\/\">\n\t\t\t\t\t\t\t\tVers l&rsquo;entreprise\t\t\t\t\t\t\t<\/a>\n\t\t\t\t\t\t<\/div>\n\t\t\t\t\t<\/div>\n\t\t\t\t\t\t\t\t\t<div class=\"col-lg-12 mb-4 pr-0\" kanton=\"\">\n\t\t\t\t\t\t<div class=\"card row mr-0 flex-row\">\n\t\t\t\t\t\t\t<a class=\"col-lg-2\" href=\"https:\/\/bestatter.ch\/fr\/site\/mevisto-gmbh-kirchham\/\">\n\t\t\t\t\t\t\t\t<div class=\"col d-flex\">\n\t\t\t\t\t\t\t\t\t\t\t\t\t\t\t\t\t\t\t<img decoding=\"async\"\n\t\t\t\t\t\t\t\t\t\t     src=\"https:\/\/bestatter.ch\/wp-content\/uploads\/2023\/03\/800x800-11.avif\"\n\t\t\t\t\t\t\t\t\t\t     class=\"mx-auto w-50 mb-4 lazy\"\n\t\t\t\t\t\t\t\t\t\t     alt=\"\">\n\t\t\t\t\t\t\t\t\t\t\t\t\t\t\t\t\t<\/div>\n\t\t\t\t\t\t\t<\/a>\n\n\t\t\t\t\t\t\t<div class=\"content col-lg-8 row flex-row\" style=\"height: unset;\">\n\t\t\t\t\t\t\t\t<a class=\"text-decoration-none\" href=\"https:\/\/bestatter.ch\/fr\/site\/mevisto-gmbh-kirchham\/\">\n\t\t\t\t\t\t\t\t\t<h4 class=\"h5 mb-3\">Mevisto GmbH<\/h4>\n\t\t\t\t\t\t\t\t<\/a>\n\n\t\t\t\t\t\t\t\t<div class=\"col-lg-4\">\n\t\t\t\t\t\t\t\t\t\t\t\t\t\t\t\t\t\t\tLaizing 10<br>\n\t\t\t\t\t\t\t\t\t\t\t\t\t\t\t\t\t\t\t\t\t\t\t\t\t\t\t\t4656 Kirchham\t\t\t\t\t\t\t\t\t\t\t\t\t\t\t\t\t<\/div>\n\n\t\t\t\t\t\t\t\t<div class=\"col-lg-8\">\n\t\t\t\t\t\t\t\t\t\t\t\t\t\t\t\t\t\t\t<a class=\"text-decoration-none\" href=\"mailto:stones@mevisto.com\">\n\t\t\t\t\t\t\t\t\t\t\tstones@mevisto.com\t\t\t\t\t\t\t\t\t\t<\/a><br>\n\t\t\t\t\t\t\t\t\t\n\t\t\t\t\t\t\t\t\t\t\t\t\t\t\t\t\t\t\t<a class=\"text-decoration-none\" href=\"tel:+437619221220\">\n\t\t\t\t\t\t\t\t\t\t\t+437619221220\t\t\t\t\t\t\t\t\t\t<\/a><br>\n\t\t\t\t\t\t\t\t\t\n\t\t\t\t\t\t\t\t\t\t\t\t\t\t\t\t\t\t\t<a class=\"text-decoration-none\" href=\"https:\/\/www.mevisto.com\/de\/mevisto-personalisiert\/\" target=\"_blank\" rel=\"noopener\">\n\t\t\t\t\t\t\t\t\t\t\thttps:\/\/www.mevisto.com\/de\/mevisto-personalisiert\/\t\t\t\t\t\t\t\t\t\t<\/a>\n\t\t\t\t\t\t\t\t\t\t\t\t\t\t\t\t\t<\/div>\n\t\t\t\t\t\t\t<\/div>\n\n\t\t\t\t\t\t\t<a class=\"link-btn mt-4 col-lg-2\" href=\"https:\/\/bestatter.ch\/fr\/site\/mevisto-gmbh-kirchham\/\">\n\t\t\t\t\t\t\t\tVers l&rsquo;entreprise\t\t\t\t\t\t\t<\/a>\n\t\t\t\t\t\t<\/div>\n\t\t\t\t\t<\/div>\n\t\t\t\t\t\t\t\t\t<div class=\"col-lg-12 mb-4 pr-0\" kanton=\"\">\n\t\t\t\t\t\t<div class=\"card row mr-0 flex-row\">\n\t\t\t\t\t\t\t<a class=\"col-lg-2\" href=\"https:\/\/bestatter.ch\/fr\/site\/nangeroni-ag-luterbach\/\">\n\t\t\t\t\t\t\t\t<div class=\"col d-flex\">\n\t\t\t\t\t\t\t\t\t\t\t\t\t\t\t\t\t\t\t<img decoding=\"async\"\n\t\t\t\t\t\t\t\t\t\t     src=\"https:\/\/bestatter.ch\/wp-content\/uploads\/2023\/03\/996x996.avif\"\n\t\t\t\t\t\t\t\t\t\t     class=\"mx-auto w-50 mb-4 lazy\"\n\t\t\t\t\t\t\t\t\t\t     alt=\"\">\n\t\t\t\t\t\t\t\t\t\t\t\t\t\t\t\t\t<\/div>\n\t\t\t\t\t\t\t<\/a>\n\n\t\t\t\t\t\t\t<div class=\"content col-lg-8 row flex-row\" style=\"height: unset;\">\n\t\t\t\t\t\t\t\t<a class=\"text-decoration-none\" href=\"https:\/\/bestatter.ch\/fr\/site\/nangeroni-ag-luterbach\/\">\n\t\t\t\t\t\t\t\t\t<h4 class=\"h5 mb-3\">Nangeroni AG<\/h4>\n\t\t\t\t\t\t\t\t<\/a>\n\n\t\t\t\t\t\t\t\t<div class=\"col-lg-4\">\n\t\t\t\t\t\t\t\t\t\t\t\t\t\t\t\t\t\t\tZuchwilstrasse 16<br>\n\t\t\t\t\t\t\t\t\t\t\t\t\t\t\t\t\t\t\t\t\t\t\t\t\t\t\t\t4542 Luterbach\t\t\t\t\t\t\t\t\t\t\t\t\t\t\t\t\t<\/div>\n\n\t\t\t\t\t\t\t\t<div class=\"col-lg-8\">\n\t\t\t\t\t\t\t\t\t\t\t\t\t\t\t\t\t\t\t<a class=\"text-decoration-none\" href=\"mailto:info@nangeroni.ch\">\n\t\t\t\t\t\t\t\t\t\t\tinfo@nangeroni.ch\t\t\t\t\t\t\t\t\t\t<\/a><br>\n\t\t\t\t\t\t\t\t\t\n\t\t\t\t\t\t\t\t\t\t\t\t\t\t\t\t\t\t\t<a class=\"text-decoration-none\" href=\"tel:+41326524424\">\n\t\t\t\t\t\t\t\t\t\t\t+41 32 652 44 24\t\t\t\t\t\t\t\t\t\t<\/a><br>\n\t\t\t\t\t\t\t\t\t\n\t\t\t\t\t\t\t\t\t\t\t\t\t\t\t\t\t\t\t<a class=\"text-decoration-none\" href=\"https:\/\/nangeroni.ch\" target=\"_blank\" rel=\"noopener\">\n\t\t\t\t\t\t\t\t\t\t\thttps:\/\/nangeroni.ch\t\t\t\t\t\t\t\t\t\t<\/a>\n\t\t\t\t\t\t\t\t\t\t\t\t\t\t\t\t\t<\/div>\n\t\t\t\t\t\t\t<\/div>\n\n\t\t\t\t\t\t\t<a class=\"link-btn mt-4 col-lg-2\" href=\"https:\/\/bestatter.ch\/fr\/site\/nangeroni-ag-luterbach\/\">\n\t\t\t\t\t\t\t\tVers l&rsquo;entreprise\t\t\t\t\t\t\t<\/a>\n\t\t\t\t\t\t<\/div>\n\t\t\t\t\t<\/div>\n\t\t\t\t\t\t\t\t\t<div class=\"col-lg-12 mb-4 pr-0\" kanton=\"\">\n\t\t\t\t\t\t<div class=\"card row mr-0 flex-row\">\n\t\t\t\t\t\t\t<a class=\"col-lg-2\" href=\"https:\/\/bestatter.ch\/fr\/site\/oeuvre-des-freres-des-bois\/\">\n\t\t\t\t\t\t\t\t<div class=\"col d-flex\">\n\t\t\t\t\t\t\t\t\t\t\t\t\t\t\t\t\t\t\t<img decoding=\"async\"\n\t\t\t\t\t\t\t\t\t\t     src=\"https:\/\/bestatter.ch\/wp-content\/uploads\/2023\/03\/358x358.avif\"\n\t\t\t\t\t\t\t\t\t\t     class=\"mx-auto w-50 mb-4 lazy\"\n\t\t\t\t\t\t\t\t\t\t     alt=\"\">\n\t\t\t\t\t\t\t\t\t\t\t\t\t\t\t\t\t<\/div>\n\t\t\t\t\t\t\t<\/a>\n\n\t\t\t\t\t\t\t<div class=\"content col-lg-8 row flex-row\" style=\"height: unset;\">\n\t\t\t\t\t\t\t\t<a class=\"text-decoration-none\" href=\"https:\/\/bestatter.ch\/fr\/site\/oeuvre-des-freres-des-bois\/\">\n\t\t\t\t\t\t\t\t\t<h4 class=\"h5 mb-3\">\u0152uvre des Fr\u00e8res des Bois<\/h4>\n\t\t\t\t\t\t\t\t<\/a>\n\n\t\t\t\t\t\t\t\t<div class=\"col-lg-4\">\n\t\t\t\t\t\t\t\t\t\t\t\t\t\t\t\t\t\t\tWaldbruder 1<br>\n\t\t\t\t\t\t\t\t\t\t\t\t\t\t\t\t\t\t\t\t\t\t\t\t\t\t\t\t6276 Hohenrain\t\t\t\t\t\t\t\t\t\t\t\t\t\t\t\t\t<\/div>\n\n\t\t\t\t\t\t\t\t<div class=\"col-lg-8\">\n\t\t\t\t\t\t\t\t\t\t\t\t\t\t\t\t\t\t\t<a class=\"text-decoration-none\" href=\"mailto:fabienne.burri@hotmail.com\">\n\t\t\t\t\t\t\t\t\t\t\tfabienne.burri@hotmail.com\t\t\t\t\t\t\t\t\t\t<\/a><br>\n\t\t\t\t\t\t\t\t\t\n\t\t\t\t\t\t\t\t\t\t\t\t\t\t\t\t\t\t\t<a class=\"text-decoration-none\" href=\"tel:+41419100308\">\n\t\t\t\t\t\t\t\t\t\t\t+41 41 910 03 08\t\t\t\t\t\t\t\t\t\t<\/a><br>\n\t\t\t\t\t\t\t\t\t\n\t\t\t\t\t\t\t\t\t\t\t\t\t\t\t\t\t\t\t<a class=\"text-decoration-none\" href=\"https:\/\/waldbruder-werk.com\" target=\"_blank\" rel=\"noopener\">\n\t\t\t\t\t\t\t\t\t\t\thttps:\/\/waldbruder-werk.com\t\t\t\t\t\t\t\t\t\t<\/a>\n\t\t\t\t\t\t\t\t\t\t\t\t\t\t\t\t\t<\/div>\n\t\t\t\t\t\t\t<\/div>\n\n\t\t\t\t\t\t\t<a class=\"link-btn mt-4 col-lg-2\" href=\"https:\/\/bestatter.ch\/fr\/site\/oeuvre-des-freres-des-bois\/\">\n\t\t\t\t\t\t\t\tVers l&rsquo;entreprise\t\t\t\t\t\t\t<\/a>\n\t\t\t\t\t\t<\/div>\n\t\t\t\t\t<\/div>\n\t\t\t\t\t\t\t\t\t<div class=\"col-lg-12 mb-4 pr-0\" kanton=\"FAHRZEUG\">\n\t\t\t\t\t\t<div class=\"card row mr-0 flex-row\">\n\t\t\t\t\t\t\t<a class=\"col-lg-2\" href=\"https:\/\/bestatter.ch\/fr\/site\/pilato-spa-nervesa-della-battaglia\/\">\n\t\t\t\t\t\t\t\t<div class=\"col d-flex\">\n\t\t\t\t\t\t\t\t\t\t\t\t\t\t\t\t\t\t\t<img decoding=\"async\"\n\t\t\t\t\t\t\t\t\t\t     src=\"https:\/\/bestatter.ch\/wp-content\/uploads\/2023\/03\/1370x1370.avif\"\n\t\t\t\t\t\t\t\t\t\t     class=\"mx-auto w-50 mb-4 lazy\"\n\t\t\t\t\t\t\t\t\t\t     alt=\"\">\n\t\t\t\t\t\t\t\t\t\t\t\t\t\t\t\t\t<\/div>\n\t\t\t\t\t\t\t<\/a>\n\n\t\t\t\t\t\t\t<div class=\"content col-lg-8 row flex-row\" style=\"height: unset;\">\n\t\t\t\t\t\t\t\t<a class=\"text-decoration-none\" href=\"https:\/\/bestatter.ch\/fr\/site\/pilato-spa-nervesa-della-battaglia\/\">\n\t\t\t\t\t\t\t\t\t<h4 class=\"h5 mb-3\">Pilato S.p.A.<\/h4>\n\t\t\t\t\t\t\t\t<\/a>\n\n\t\t\t\t\t\t\t\t<div class=\"col-lg-4\">\n\t\t\t\t\t\t\t\t\t\t\t\t\t\t\t\t\t\t\tVia Foscarini 6<br>\n\t\t\t\t\t\t\t\t\t\t\t\t\t\t\t\t\t\t\t\t\t\t\t\t\t\t\t\t31040 Nervesa della Battaglia\t\t\t\t\t\t\t\t\t\t\t\t\t\t\t\t\t<\/div>\n\n\t\t\t\t\t\t\t\t<div class=\"col-lg-8\">\n\t\t\t\t\t\t\t\t\t\t\t\t\t\t\t\t\t\t\t<a class=\"text-decoration-none\" href=\"mailto:pilato@pilato.it\">\n\t\t\t\t\t\t\t\t\t\t\tpilato@pilato.it\t\t\t\t\t\t\t\t\t\t<\/a><br>\n\t\t\t\t\t\t\t\t\t\n\t\t\t\t\t\t\t\t\t\t\t\t\t\t\t\t\t\t\t<a class=\"text-decoration-none\" href=\"tel:+390422881298\">\n\t\t\t\t\t\t\t\t\t\t\t+39 (0)422 881298\t\t\t\t\t\t\t\t\t\t<\/a><br>\n\t\t\t\t\t\t\t\t\t\n\t\t\t\t\t\t\t\t\t\t\t\t\t\t\t\t\t\t\t<a class=\"text-decoration-none\" href=\"https:\/\/www.pilato.it\" target=\"_blank\" rel=\"noopener\">\n\t\t\t\t\t\t\t\t\t\t\thttps:\/\/www.pilato.it\t\t\t\t\t\t\t\t\t\t<\/a>\n\t\t\t\t\t\t\t\t\t\t\t\t\t\t\t\t\t<\/div>\n\t\t\t\t\t\t\t<\/div>\n\n\t\t\t\t\t\t\t<a class=\"link-btn mt-4 col-lg-2\" href=\"https:\/\/bestatter.ch\/fr\/site\/pilato-spa-nervesa-della-battaglia\/\">\n\t\t\t\t\t\t\t\tVers l&rsquo;entreprise\t\t\t\t\t\t\t<\/a>\n\t\t\t\t\t\t<\/div>\n\t\t\t\t\t<\/div>\n\t\t\t\t\t\t\t\t\t<div class=\"col-lg-12 mb-4 pr-0\" kanton=\"\">\n\t\t\t\t\t\t<div class=\"card row mr-0 flex-row\">\n\t\t\t\t\t\t\t<a class=\"col-lg-2\" href=\"https:\/\/bestatter.ch\/fr\/site\/rapid-data-ag\/\">\n\t\t\t\t\t\t\t\t<div class=\"col d-flex\">\n\t\t\t\t\t\t\t\t\t\t\t\t\t\t\t\t\t\t\t<img decoding=\"async\"\n\t\t\t\t\t\t\t\t\t\t     src=\"https:\/\/bestatter.ch\/wp-content\/uploads\/2023\/03\/937x937.avif\"\n\t\t\t\t\t\t\t\t\t\t     class=\"mx-auto w-50 mb-4 lazy\"\n\t\t\t\t\t\t\t\t\t\t     alt=\"\">\n\t\t\t\t\t\t\t\t\t\t\t\t\t\t\t\t\t<\/div>\n\t\t\t\t\t\t\t<\/a>\n\n\t\t\t\t\t\t\t<div class=\"content col-lg-8 row flex-row\" style=\"height: unset;\">\n\t\t\t\t\t\t\t\t<a class=\"text-decoration-none\" href=\"https:\/\/bestatter.ch\/fr\/site\/rapid-data-ag\/\">\n\t\t\t\t\t\t\t\t\t<h4 class=\"h5 mb-3\">Rapid Data AG<\/h4>\n\t\t\t\t\t\t\t\t<\/a>\n\n\t\t\t\t\t\t\t\t<div class=\"col-lg-4\">\n\t\t\t\t\t\t\t\t\t\t\t\t\t\t\t\t\t\t\tAn der Trave 7A<br>\n\t\t\t\t\t\t\t\t\t\t\t\t\t\t\t\t\t\t\t\t\t\t\t\t\t\t\t\t23923 Selmsdorf\t\t\t\t\t\t\t\t\t\t\t\t\t\t\t\t\t<\/div>\n\n\t\t\t\t\t\t\t\t<div class=\"col-lg-8\">\n\t\t\t\t\t\t\t\t\t\t\t\t\t\t\t\t\t\t\t<a class=\"text-decoration-none\" href=\"mailto:info@rapid-data.de\">\n\t\t\t\t\t\t\t\t\t\t\tinfo@rapid-data.de\t\t\t\t\t\t\t\t\t\t<\/a><br>\n\t\t\t\t\t\t\t\t\t\n\t\t\t\t\t\t\t\t\t\t\t\t\t\t\t\t\t\t\t<a class=\"text-decoration-none\" href=\"tel:+49451619660\">\n\t\t\t\t\t\t\t\t\t\t\t+49 451 619660\t\t\t\t\t\t\t\t\t\t<\/a><br>\n\t\t\t\t\t\t\t\t\t\n\t\t\t\t\t\t\t\t\t\t\t\t\t\t\t\t\t\t\t<a class=\"text-decoration-none\" href=\"https:\/\/rapid-data.de\" target=\"_blank\" rel=\"noopener\">\n\t\t\t\t\t\t\t\t\t\t\thttps:\/\/rapid-data.de\t\t\t\t\t\t\t\t\t\t<\/a>\n\t\t\t\t\t\t\t\t\t\t\t\t\t\t\t\t\t<\/div>\n\t\t\t\t\t\t\t<\/div>\n\n\t\t\t\t\t\t\t<a class=\"link-btn mt-4 col-lg-2\" href=\"https:\/\/bestatter.ch\/fr\/site\/rapid-data-ag\/\">\n\t\t\t\t\t\t\t\tVers l&rsquo;entreprise\t\t\t\t\t\t\t<\/a>\n\t\t\t\t\t\t<\/div>\n\t\t\t\t\t<\/div>\n\t\t\t\t\t\t\t\t\t<div class=\"col-lg-12 mb-4 pr-0\" kanton=\"\">\n\t\t\t\t\t\t<div class=\"card row mr-0 flex-row\">\n\t\t\t\t\t\t\t<a class=\"col-lg-2\" href=\"https:\/\/bestatter.ch\/fr\/site\/schaedler-ag-atelier-de-ceramique\/\">\n\t\t\t\t\t\t\t\t<div class=\"col d-flex\">\n\t\t\t\t\t\t\t\t\t\t\t\t\t\t\t\t\t\t\t<img decoding=\"async\"\n\t\t\t\t\t\t\t\t\t\t     src=\"https:\/\/bestatter.ch\/wp-content\/uploads\/2023\/03\/1676x1676.avif\"\n\t\t\t\t\t\t\t\t\t\t     class=\"mx-auto w-50 mb-4 lazy\"\n\t\t\t\t\t\t\t\t\t\t     alt=\"\">\n\t\t\t\t\t\t\t\t\t\t\t\t\t\t\t\t\t<\/div>\n\t\t\t\t\t\t\t<\/a>\n\n\t\t\t\t\t\t\t<div class=\"content col-lg-8 row flex-row\" style=\"height: unset;\">\n\t\t\t\t\t\t\t\t<a class=\"text-decoration-none\" href=\"https:\/\/bestatter.ch\/fr\/site\/schaedler-ag-atelier-de-ceramique\/\">\n\t\t\t\t\t\t\t\t\t<h4 class=\"h5 mb-3\">Schaedler AG Atelier de c\u00e9ramique<\/h4>\n\t\t\t\t\t\t\t\t<\/a>\n\n\t\t\t\t\t\t\t\t<div class=\"col-lg-4\">\n\t\t\t\t\t\t\t\t\t\t\t\t\t\t\t\t\t\t\tChurer Strasse 60<br>\n\t\t\t\t\t\t\t\t\t\t\t\t\t\t\t\t\t\t\t\t\t\t\t\t\t\t\t\t9485 Nendeln\t\t\t\t\t\t\t\t\t\t\t\t\t\t\t\t\t<\/div>\n\n\t\t\t\t\t\t\t\t<div class=\"col-lg-8\">\n\t\t\t\t\t\t\t\t\t\t\t\t\t\t\t\t\t\t\t<a class=\"text-decoration-none\" href=\"mailto:office@schaedler-keramik.com\">\n\t\t\t\t\t\t\t\t\t\t\toffice@schaedler-keramik.com\t\t\t\t\t\t\t\t\t\t<\/a><br>\n\t\t\t\t\t\t\t\t\t\n\t\t\t\t\t\t\t\t\t\t\t\t\t\t\t\t\t\t\t<a class=\"text-decoration-none\" href=\"tel:+4233731414\">\n\t\t\t\t\t\t\t\t\t\t\t+4233731414\t\t\t\t\t\t\t\t\t\t<\/a><br>\n\t\t\t\t\t\t\t\t\t\n\t\t\t\t\t\t\t\t\t\t\t\t\t\t\t\t\t\t\t<a class=\"text-decoration-none\" href=\"https:\/\/schaedler-keramik.com\" target=\"_blank\" rel=\"noopener\">\n\t\t\t\t\t\t\t\t\t\t\thttps:\/\/schaedler-keramik.com\t\t\t\t\t\t\t\t\t\t<\/a>\n\t\t\t\t\t\t\t\t\t\t\t\t\t\t\t\t\t<\/div>\n\t\t\t\t\t\t\t<\/div>\n\n\t\t\t\t\t\t\t<a class=\"link-btn mt-4 col-lg-2\" href=\"https:\/\/bestatter.ch\/fr\/site\/schaedler-ag-atelier-de-ceramique\/\">\n\t\t\t\t\t\t\t\tVers l&rsquo;entreprise\t\t\t\t\t\t\t<\/a>\n\t\t\t\t\t\t<\/div>\n\t\t\t\t\t<\/div>\n\t\t\t\t\t\t\t\t\t<div class=\"col-lg-12 mb-4 pr-0\" kanton=\"ZUBEH\u00f6R\">\n\t\t\t\t\t\t<div class=\"card row mr-0 flex-row\">\n\t\t\t\t\t\t\t<a class=\"col-lg-2\" href=\"https:\/\/bestatter.ch\/fr\/site\/scheidegger-materiel-de-cimetiere-sa\/\">\n\t\t\t\t\t\t\t\t<div class=\"col d-flex\">\n\t\t\t\t\t\t\t\t\t\t\t\t\t\t\t\t\t\t\t<img decoding=\"async\"\n\t\t\t\t\t\t\t\t\t\t     src=\"https:\/\/bestatter.ch\/wp-content\/uploads\/2023\/03\/300x300-5.avif\"\n\t\t\t\t\t\t\t\t\t\t     class=\"mx-auto w-50 mb-4 lazy\"\n\t\t\t\t\t\t\t\t\t\t     alt=\"\">\n\t\t\t\t\t\t\t\t\t\t\t\t\t\t\t\t\t<\/div>\n\t\t\t\t\t\t\t<\/a>\n\n\t\t\t\t\t\t\t<div class=\"content col-lg-8 row flex-row\" style=\"height: unset;\">\n\t\t\t\t\t\t\t\t<a class=\"text-decoration-none\" href=\"https:\/\/bestatter.ch\/fr\/site\/scheidegger-materiel-de-cimetiere-sa\/\">\n\t\t\t\t\t\t\t\t\t<h4 class=\"h5 mb-3\">Scheidegger Mat\u00e9riel de cimeti\u00e8re SA<\/h4>\n\t\t\t\t\t\t\t\t<\/a>\n\n\t\t\t\t\t\t\t\t<div class=\"col-lg-4\">\n\t\t\t\t\t\t\t\t\t\t\t\t\t\t\t\t\t\t\tAm Hirschberg 1A<br>\n\t\t\t\t\t\t\t\t\t\t\t\t\t\t\t\t\t\t\t\t\t\t\t\t\t\t\t\t9200 Gossau\t\t\t\t\t\t\t\t\t\t\t\t\t\t\t\t\t<\/div>\n\n\t\t\t\t\t\t\t\t<div class=\"col-lg-8\">\n\t\t\t\t\t\t\t\t\t\t\t\t\t\t\t\t\t\t\t<a class=\"text-decoration-none\" href=\"mailto:zihlmann@friedhofbedarf.ch\">\n\t\t\t\t\t\t\t\t\t\t\tzihlmann@friedhofbedarf.ch\t\t\t\t\t\t\t\t\t\t<\/a><br>\n\t\t\t\t\t\t\t\t\t\n\t\t\t\t\t\t\t\t\t\t\t\t\t\t\t\t\t\t\t<a class=\"text-decoration-none\" href=\"tel:+41414672244\">\n\t\t\t\t\t\t\t\t\t\t\t+41 41 467 22 44\t\t\t\t\t\t\t\t\t\t<\/a><br>\n\t\t\t\t\t\t\t\t\t\n\t\t\t\t\t\t\t\t\t\t\t\t\t\t\t\t\t\t\t<a class=\"text-decoration-none\" href=\"https:\/\/friedhofbedarf.ch\" target=\"_blank\" rel=\"noopener\">\n\t\t\t\t\t\t\t\t\t\t\thttps:\/\/friedhofbedarf.ch\t\t\t\t\t\t\t\t\t\t<\/a>\n\t\t\t\t\t\t\t\t\t\t\t\t\t\t\t\t\t<\/div>\n\t\t\t\t\t\t\t<\/div>\n\n\t\t\t\t\t\t\t<a class=\"link-btn mt-4 col-lg-2\" href=\"https:\/\/bestatter.ch\/fr\/site\/scheidegger-materiel-de-cimetiere-sa\/\">\n\t\t\t\t\t\t\t\tVers l&rsquo;entreprise\t\t\t\t\t\t\t<\/a>\n\t\t\t\t\t\t<\/div>\n\t\t\t\t\t<\/div>\n\t\t\t\t\t\t\t\t\t<div class=\"col-lg-12 mb-4 pr-0\" kanton=\"THANATOLOGIE\">\n\t\t\t\t\t\t<div class=\"card row mr-0 flex-row\">\n\t\t\t\t\t\t\t<a class=\"col-lg-2\" href=\"https:\/\/bestatter.ch\/fr\/site\/thanatorium\/\">\n\t\t\t\t\t\t\t\t<div class=\"col d-flex\">\n\t\t\t\t\t\t\t\t\t\t\t\t\t\t\t\t\t\t\t<img decoding=\"async\"\n\t\t\t\t\t\t\t\t\t\t     src=\"https:\/\/bestatter.ch\/wp-content\/uploads\/2023\/03\/334x334.avif\"\n\t\t\t\t\t\t\t\t\t\t     class=\"mx-auto w-50 mb-4 lazy\"\n\t\t\t\t\t\t\t\t\t\t     alt=\"\">\n\t\t\t\t\t\t\t\t\t\t\t\t\t\t\t\t\t<\/div>\n\t\t\t\t\t\t\t<\/a>\n\n\t\t\t\t\t\t\t<div class=\"content col-lg-8 row flex-row\" style=\"height: unset;\">\n\t\t\t\t\t\t\t\t<a class=\"text-decoration-none\" href=\"https:\/\/bestatter.ch\/fr\/site\/thanatorium\/\">\n\t\t\t\t\t\t\t\t\t<h4 class=\"h5 mb-3\">Thanatorium Marti<\/h4>\n\t\t\t\t\t\t\t\t<\/a>\n\n\t\t\t\t\t\t\t\t<div class=\"col-lg-4\">\n\t\t\t\t\t\t\t\t\t\t\t\t\t\t\t\t\t\t\tChem. du Pr\u00e9-du-Ch\u00e2teau 18<br>\n\t\t\t\t\t\t\t\t\t\t\t\t\t\t\t\t\t\t\t\t\t\t\t\t\t\t\t\t1607 Oron\t\t\t\t\t\t\t\t\t\t\t\t\t\t\t\t\t<\/div>\n\n\t\t\t\t\t\t\t\t<div class=\"col-lg-8\">\n\t\t\t\t\t\t\t\t\t\t\t\t\t\t\t\t\t\t\t<a class=\"text-decoration-none\" href=\"mailto:mm@thanatorium.ch\">\n\t\t\t\t\t\t\t\t\t\t\tmm@thanatorium.ch\t\t\t\t\t\t\t\t\t\t<\/a><br>\n\t\t\t\t\t\t\t\t\t\n\t\t\t\t\t\t\t\t\t\t\t\t\t\t\t\t\t\t\t<a class=\"text-decoration-none\" href=\"tel:+41791340909\">\n\t\t\t\t\t\t\t\t\t\t\t+41 79 134 09 09\t\t\t\t\t\t\t\t\t\t<\/a><br>\n\t\t\t\t\t\t\t\t\t\n\t\t\t\t\t\t\t\t\t\t\t\t\t\t\t\t\t\t\t<a class=\"text-decoration-none\" href=\"https:\/\/thanatorium.ch\" target=\"_blank\" rel=\"noopener\">\n\t\t\t\t\t\t\t\t\t\t\thttps:\/\/thanatorium.ch\t\t\t\t\t\t\t\t\t\t<\/a>\n\t\t\t\t\t\t\t\t\t\t\t\t\t\t\t\t\t<\/div>\n\t\t\t\t\t\t\t<\/div>\n\n\t\t\t\t\t\t\t<a class=\"link-btn mt-4 col-lg-2\" href=\"https:\/\/bestatter.ch\/fr\/site\/thanatorium\/\">\n\t\t\t\t\t\t\t\tVers l&rsquo;entreprise\t\t\t\t\t\t\t<\/a>\n\t\t\t\t\t\t<\/div>\n\t\t\t\t\t<\/div>\n\t\t\t\t\t\t\t\t\t<div class=\"col-lg-12 mb-4 pr-0\" kanton=\"\">\n\t\t\t\t\t\t<div class=\"card row mr-0 flex-row\">\n\t\t\t\t\t\t\t<a class=\"col-lg-2\" href=\"https:\/\/bestatter.ch\/fr\/site\/urne-a-eau-ch\/\">\n\t\t\t\t\t\t\t\t<div class=\"col d-flex\">\n\t\t\t\t\t\t\t\t\t\t\t\t\t\t\t\t\t\t\t<img decoding=\"async\"\n\t\t\t\t\t\t\t\t\t\t     src=\"https:\/\/bestatter.ch\/wp-content\/uploads\/2023\/03\/213x213.avif\"\n\t\t\t\t\t\t\t\t\t\t     class=\"mx-auto w-50 mb-4 lazy\"\n\t\t\t\t\t\t\t\t\t\t     alt=\"\">\n\t\t\t\t\t\t\t\t\t\t\t\t\t\t\t\t\t<\/div>\n\t\t\t\t\t\t\t<\/a>\n\n\t\t\t\t\t\t\t<div class=\"content col-lg-8 row flex-row\" style=\"height: unset;\">\n\t\t\t\t\t\t\t\t<a class=\"text-decoration-none\" href=\"https:\/\/bestatter.ch\/fr\/site\/urne-a-eau-ch\/\">\n\t\t\t\t\t\t\t\t\t<h4 class=\"h5 mb-3\">Urne \u00e0 eau.ch<\/h4>\n\t\t\t\t\t\t\t\t<\/a>\n\n\t\t\t\t\t\t\t\t<div class=\"col-lg-4\">\n\t\t\t\t\t\t\t\t\t\t\t\t\t\t\t\t\t\t\tMuesmattstrasse 41<br>\n\t\t\t\t\t\t\t\t\t\t\t\t\t\t\t\t\t\t\t\t\t\t\t\t\t\t\t\t3012 Bern\t\t\t\t\t\t\t\t\t\t\t\t\t\t\t\t\t<\/div>\n\n\t\t\t\t\t\t\t\t<div class=\"col-lg-8\">\n\t\t\t\t\t\t\t\t\t\t\t\t\t\t\t\t\t\t\t<a class=\"text-decoration-none\" href=\"mailto:info@wasserurne.ch\">\n\t\t\t\t\t\t\t\t\t\t\tinfo@wasserurne.ch\t\t\t\t\t\t\t\t\t\t<\/a><br>\n\t\t\t\t\t\t\t\t\t\n\t\t\t\t\t\t\t\t\t\t\t\t\t\t\t\t\t\t\t<a class=\"text-decoration-none\" href=\"tel:+41795845986\">\n\t\t\t\t\t\t\t\t\t\t\t+41 79 584 59 86\t\t\t\t\t\t\t\t\t\t<\/a><br>\n\t\t\t\t\t\t\t\t\t\n\t\t\t\t\t\t\t\t\t\t\t\t\t\t\t\t\t\t\t<a class=\"text-decoration-none\" href=\"https:\/\/wasserurne.ch\" target=\"_blank\" rel=\"noopener\">\n\t\t\t\t\t\t\t\t\t\t\thttps:\/\/wasserurne.ch\t\t\t\t\t\t\t\t\t\t<\/a>\n\t\t\t\t\t\t\t\t\t\t\t\t\t\t\t\t\t<\/div>\n\t\t\t\t\t\t\t<\/div>\n\n\t\t\t\t\t\t\t<a class=\"link-btn mt-4 col-lg-2\" href=\"https:\/\/bestatter.ch\/fr\/site\/urne-a-eau-ch\/\">\n\t\t\t\t\t\t\t\tVers l&rsquo;entreprise\t\t\t\t\t\t\t<\/a>\n\t\t\t\t\t\t<\/div>\n\t\t\t\t\t<\/div>\n\t\t\t\t\t\t\t\t\t<div class=\"col-lg-12 mb-4 pr-0\" kanton=\"URNE\">\n\t\t\t\t\t\t<div class=\"card row mr-0 flex-row\">\n\t\t\t\t\t\t\t<a class=\"col-lg-2\" href=\"https:\/\/bestatter.ch\/fr\/site\/holz-urnen-engwilen\/\">\n\t\t\t\t\t\t\t\t<div class=\"col d-flex\">\n\t\t\t\t\t\t\t\t\t\t\t\t\t\t\t\t\t\t\t<img decoding=\"async\"\n\t\t\t\t\t\t\t\t\t\t     src=\"https:\/\/bestatter.ch\/wp-content\/uploads\/2023\/03\/500x500-2.avif\"\n\t\t\t\t\t\t\t\t\t\t     class=\"mx-auto w-50 mb-4 lazy\"\n\t\t\t\t\t\t\t\t\t\t     alt=\"\">\n\t\t\t\t\t\t\t\t\t\t\t\t\t\t\t\t\t<\/div>\n\t\t\t\t\t\t\t<\/a>\n\n\t\t\t\t\t\t\t<div class=\"content col-lg-8 row flex-row\" style=\"height: unset;\">\n\t\t\t\t\t\t\t\t<a class=\"text-decoration-none\" href=\"https:\/\/bestatter.ch\/fr\/site\/holz-urnen-engwilen\/\">\n\t\t\t\t\t\t\t\t\t<h4 class=\"h5 mb-3\">Urnes en bois<\/h4>\n\t\t\t\t\t\t\t\t<\/a>\n\n\t\t\t\t\t\t\t\t<div class=\"col-lg-4\">\n\t\t\t\t\t\t\t\t\t\t\t\t\t\t\t\t\t\t\tReben\u00e4cker 4<br>\n\t\t\t\t\t\t\t\t\t\t\t\t\t\t\t\t\t\t\t\t\t\t\t\t\t\t\t\t8564 Engwilen\t\t\t\t\t\t\t\t\t\t\t\t\t\t\t\t\t<\/div>\n\n\t\t\t\t\t\t\t\t<div class=\"col-lg-8\">\n\t\t\t\t\t\t\t\t\t\t\t\t\t\t\t\t\t\t\t<a class=\"text-decoration-none\" href=\"mailto:info@holz-urnen.ch\">\n\t\t\t\t\t\t\t\t\t\t\tinfo@holz-urnen.ch\t\t\t\t\t\t\t\t\t\t<\/a><br>\n\t\t\t\t\t\t\t\t\t\n\t\t\t\t\t\t\t\t\t\t\t\t\t\t\t\t\t\t\t<a class=\"text-decoration-none\" href=\"tel:+41716572288\">\n\t\t\t\t\t\t\t\t\t\t\t+41 71 657 22 88\t\t\t\t\t\t\t\t\t\t<\/a><br>\n\t\t\t\t\t\t\t\t\t\n\t\t\t\t\t\t\t\t\t\t\t\t\t\t\t\t\t\t\t<a class=\"text-decoration-none\" href=\"https:\/\/holz-urnen.ch\" target=\"_blank\" rel=\"noopener\">\n\t\t\t\t\t\t\t\t\t\t\thttps:\/\/holz-urnen.ch\t\t\t\t\t\t\t\t\t\t<\/a>\n\t\t\t\t\t\t\t\t\t\t\t\t\t\t\t\t\t<\/div>\n\t\t\t\t\t\t\t<\/div>\n\n\t\t\t\t\t\t\t<a class=\"link-btn mt-4 col-lg-2\" href=\"https:\/\/bestatter.ch\/fr\/site\/holz-urnen-engwilen\/\">\n\t\t\t\t\t\t\t\tVers l&rsquo;entreprise\t\t\t\t\t\t\t<\/a>\n\t\t\t\t\t\t<\/div>\n\t\t\t\t\t<\/div>\n\t\t\t\t\t\t\t\t\t<div class=\"col-lg-12 mb-4 pr-0\" kanton=\"URNE ZUBEH\u00f6R\">\n\t\t\t\t\t\t<div class=\"card row mr-0 flex-row\">\n\t\t\t\t\t\t\t<a class=\"col-lg-2\" href=\"https:\/\/bestatter.ch\/fr\/site\/urnesa-ag\/\">\n\t\t\t\t\t\t\t\t<div class=\"col d-flex\">\n\t\t\t\t\t\t\t\t\t\t\t\t\t\t\t\t\t\t\t<img decoding=\"async\"\n\t\t\t\t\t\t\t\t\t\t     src=\"https:\/\/bestatter.ch\/wp-content\/uploads\/2023\/03\/600x600.avif\"\n\t\t\t\t\t\t\t\t\t\t     class=\"mx-auto w-50 mb-4 lazy\"\n\t\t\t\t\t\t\t\t\t\t     alt=\"\">\n\t\t\t\t\t\t\t\t\t\t\t\t\t\t\t\t\t<\/div>\n\t\t\t\t\t\t\t<\/a>\n\n\t\t\t\t\t\t\t<div class=\"content col-lg-8 row flex-row\" style=\"height: unset;\">\n\t\t\t\t\t\t\t\t<a class=\"text-decoration-none\" href=\"https:\/\/bestatter.ch\/fr\/site\/urnesa-ag\/\">\n\t\t\t\t\t\t\t\t\t<h4 class=\"h5 mb-3\">Urnesa AG<\/h4>\n\t\t\t\t\t\t\t\t<\/a>\n\n\t\t\t\t\t\t\t\t<div class=\"col-lg-4\">\n\t\t\t\t\t\t\t\t\t\t\t\t\t\t\t\t\t\t\tWidengasse 10<br>\n\t\t\t\t\t\t\t\t\t\t\t\t\t\t\t\t\t\t\t\t\t\t\t\t\t\t\t\t5070 Frick\t\t\t\t\t\t\t\t\t\t\t\t\t\t\t\t\t<\/div>\n\n\t\t\t\t\t\t\t\t<div class=\"col-lg-8\">\n\t\t\t\t\t\t\t\t\t\t\t\t\t\t\t\t\t\t\t<a class=\"text-decoration-none\" href=\"mailto:info@urnesa.ch\">\n\t\t\t\t\t\t\t\t\t\t\tinfo@urnesa.ch\t\t\t\t\t\t\t\t\t\t<\/a><br>\n\t\t\t\t\t\t\t\t\t\n\t\t\t\t\t\t\t\t\t\t\t\t\t\t\t\t\t\t\t<a class=\"text-decoration-none\" href=\"tel:+41628734410\">\n\t\t\t\t\t\t\t\t\t\t\t+41 62 873 44 10\t\t\t\t\t\t\t\t\t\t<\/a><br>\n\t\t\t\t\t\t\t\t\t\n\t\t\t\t\t\t\t\t\t\t\t\t\t\t\t\t\t\t\t<a class=\"text-decoration-none\" href=\"https:\/\/urnesa.ch\" target=\"_blank\" rel=\"noopener\">\n\t\t\t\t\t\t\t\t\t\t\thttps:\/\/urnesa.ch\t\t\t\t\t\t\t\t\t\t<\/a>\n\t\t\t\t\t\t\t\t\t\t\t\t\t\t\t\t\t<\/div>\n\t\t\t\t\t\t\t<\/div>\n\n\t\t\t\t\t\t\t<a class=\"link-btn mt-4 col-lg-2\" href=\"https:\/\/bestatter.ch\/fr\/site\/urnesa-ag\/\">\n\t\t\t\t\t\t\t\tVers l&rsquo;entreprise\t\t\t\t\t\t\t<\/a>\n\t\t\t\t\t\t<\/div>\n\t\t\t\t\t<\/div>\n\t\t\t\t\t\t\t\t\t<div class=\"col-lg-12 mb-4 pr-0\" kanton=\"REINIGUNG DESINFEKTION ZUBEH\u00f6R\">\n\t\t\t\t\t\t<div class=\"card row mr-0 flex-row\">\n\t\t\t\t\t\t\t<a class=\"col-lg-2\" href=\"https:\/\/bestatter.ch\/fr\/site\/weita-ag\/\">\n\t\t\t\t\t\t\t\t<div class=\"col d-flex\">\n\t\t\t\t\t\t\t\t\t\t\t\t\t\t\t\t\t\t\t<img decoding=\"async\"\n\t\t\t\t\t\t\t\t\t\t     src=\"https:\/\/bestatter.ch\/wp-content\/uploads\/2025\/11\/500x500-4.avif\"\n\t\t\t\t\t\t\t\t\t\t     class=\"mx-auto w-50 mb-4 lazy\"\n\t\t\t\t\t\t\t\t\t\t     alt=\"\">\n\t\t\t\t\t\t\t\t\t\t\t\t\t\t\t\t\t<\/div>\n\t\t\t\t\t\t\t<\/a>\n\n\t\t\t\t\t\t\t<div class=\"content col-lg-8 row flex-row\" style=\"height: unset;\">\n\t\t\t\t\t\t\t\t<a class=\"text-decoration-none\" href=\"https:\/\/bestatter.ch\/fr\/site\/weita-ag\/\">\n\t\t\t\t\t\t\t\t\t<h4 class=\"h5 mb-3\">Weita AG<\/h4>\n\t\t\t\t\t\t\t\t<\/a>\n\n\t\t\t\t\t\t\t\t<div class=\"col-lg-4\">\n\t\t\t\t\t\t\t\t\t\t\t\t\t\t\t\t\t\t\tNordring 2<br>\n\t\t\t\t\t\t\t\t\t\t\t\t\t\t\t\t\t\t\t\t\t\t\t\t\t\t\t\t4147 Aesch\t\t\t\t\t\t\t\t\t\t\t\t\t\t\t\t\t<\/div>\n\n\t\t\t\t\t\t\t\t<div class=\"col-lg-8\">\n\t\t\t\t\t\t\t\t\t\t\t\t\t\t\t\t\t\t\t<a class=\"text-decoration-none\" href=\"mailto:info@weita.ch\">\n\t\t\t\t\t\t\t\t\t\t\tinfo@weita.ch\t\t\t\t\t\t\t\t\t\t<\/a><br>\n\t\t\t\t\t\t\t\t\t\n\t\t\t\t\t\t\t\t\t\t\t\t\t\t\t\t\t\t\t<a class=\"text-decoration-none\" href=\"tel:+41617066600\">\n\t\t\t\t\t\t\t\t\t\t\t+41 61 706 66 00\t\t\t\t\t\t\t\t\t\t<\/a><br>\n\t\t\t\t\t\t\t\t\t\n\t\t\t\t\t\t\t\t\t\t\t\t\t\t\t\t\t<\/div>\n\t\t\t\t\t\t\t<\/div>\n\n\t\t\t\t\t\t\t<a class=\"link-btn mt-4 col-lg-2\" href=\"https:\/\/bestatter.ch\/fr\/site\/weita-ag\/\">\n\t\t\t\t\t\t\t\tVers l&rsquo;entreprise\t\t\t\t\t\t\t<\/a>\n\t\t\t\t\t\t<\/div>\n\t\t\t\t\t<\/div>\n\t\t\t\t\t\t\t\t\t<div class=\"col-lg-12 mb-4 pr-0\" kanton=\"DIAMANTEN\">\n\t\t\t\t\t\t<div class=\"card row mr-0 flex-row\">\n\t\t\t\t\t\t\t<a class=\"col-lg-2\" href=\"https:\/\/bestatter.ch\/fr\/site\/ziemer-chodelka-diamond-technologies-ag\/\">\n\t\t\t\t\t\t\t\t<div class=\"col d-flex\">\n\t\t\t\t\t\t\t\t\t\t\t\t\t\t\t\t\t<\/div>\n\t\t\t\t\t\t\t<\/a>\n\n\t\t\t\t\t\t\t<div class=\"content col-lg-8 row flex-row\" style=\"height: unset;\">\n\t\t\t\t\t\t\t\t<a class=\"text-decoration-none\" href=\"https:\/\/bestatter.ch\/fr\/site\/ziemer-chodelka-diamond-technologies-ag\/\">\n\t\t\t\t\t\t\t\t\t<h4 class=\"h5 mb-3\">Ziemer Chodelka Diamond Technologies AG<\/h4>\n\t\t\t\t\t\t\t\t<\/a>\n\n\t\t\t\t\t\t\t\t<div class=\"col-lg-4\">\n\t\t\t\t\t\t\t\t\t\t\t\t\t\t\t\t\t\t\tAllmendstrasse n11<br>\n\t\t\t\t\t\t\t\t\t\t\t\t\t\t\t\t\t\t\t\t\t\t\t\t\t\t\t\t2562 Port\t\t\t\t\t\t\t\t\t\t\t\t\t\t\t\t\t<\/div>\n\n\t\t\t\t\t\t\t\t<div class=\"col-lg-8\">\n\t\t\t\t\t\t\t\t\t\t\t\t\t\t\t\t\t\t\t<a class=\"text-decoration-none\" href=\"mailto:robert.chodelka@abetterdiamond.com\">\n\t\t\t\t\t\t\t\t\t\t\trobert.chodelka@abetterdiamond.com\t\t\t\t\t\t\t\t\t\t<\/a><br>\n\t\t\t\t\t\t\t\t\t\n\t\t\t\t\t\t\t\t\t\t\t\t\t\t\t\t\t\t\t<a class=\"text-decoration-none\" href=\"tel:+41323327071\">\n\t\t\t\t\t\t\t\t\t\t\t+41 32 332 70 71\t\t\t\t\t\t\t\t\t\t<\/a><br>\n\t\t\t\t\t\t\t\t\t\n\t\t\t\t\t\t\t\t\t\t\t\t\t\t\t\t\t<\/div>\n\t\t\t\t\t\t\t<\/div>\n\n\t\t\t\t\t\t\t<a class=\"link-btn mt-4 col-lg-2\" href=\"https:\/\/bestatter.ch\/fr\/site\/ziemer-chodelka-diamond-technologies-ag\/\">\n\t\t\t\t\t\t\t\tVers l&rsquo;entreprise\t\t\t\t\t\t\t<\/a>\n\t\t\t\t\t\t<\/div>\n\t\t\t\t\t<\/div>\n\t\t\t\t\t\t<\/div>\n\t<\/div>\n<\/div>","protected":false},"excerpt":{"rendered":"","protected":false},"author":6,"featured_media":0,"parent":0,"menu_order":0,"comment_status":"closed","ping_status":"closed","template":"","meta":{"_acf_changed":false,"ep_latitude":0,"ep_longitude":0,"ep_address":"","ep_exclude_from_search":false,"_vp_format_video_url":"","_vp_image_focal_point":[],"footnotes":""},"class_list":["post-11281","page","type-page","status-publish","hentry"],"acf":{"background_shape":"type3"},"_links":{"self":[{"href":"https:\/\/bestatter.ch\/fr\/wp-json\/wp\/v2\/pages\/11281","targetHints":{"allow":["GET"]}}],"collection":[{"href":"https:\/\/bestatter.ch\/fr\/wp-json\/wp\/v2\/pages"}],"about":[{"href":"https:\/\/bestatter.ch\/fr\/wp-json\/wp\/v2\/types\/page"}],"author":[{"embeddable":true,"href":"https:\/\/bestatter.ch\/fr\/wp-json\/wp\/v2\/users\/6"}],"replies":[{"embeddable":true,"href":"https:\/\/bestatter.ch\/fr\/wp-json\/wp\/v2\/comments?post=11281"}],"version-history":[{"count":0,"href":"https:\/\/bestatter.ch\/fr\/wp-json\/wp\/v2\/pages\/11281\/revisions"}],"wp:attachment":[{"href":"https:\/\/bestatter.ch\/fr\/wp-json\/wp\/v2\/media?parent=11281"}],"curies":[{"name":"wp","href":"https:\/\/api.w.org\/{rel}","templated":true}]}}