{"id":7286,"date":"2022-09-08T07:39:19","date_gmt":"2022-09-08T06:39:19","guid":{"rendered":"https:\/\/bestatterportal.ch\/standort\/pompes-funebres-du-leman-sarl\/"},"modified":"2026-01-08T15:33:06","modified_gmt":"2026-01-08T14:33:06","slug":"pompes-funebres-du-leman-sarl-vevey","status":"publish","type":"standort","link":"https:\/\/bestatter.ch\/en\/location\/pompes-funebres-du-leman-sarl-vevey\/","title":{"rendered":"Pompes Fun\u00e8bres du L\u00e9man S\u00e0rl"},"content":{"rendered":"<p>Each deuil is unique and there are many different ways of saying &#8220;Au revoir&#8221;.<\/p>\n<p>A c\u00e9r\u00e9monie religieuse, spirituelle ou la\u00efque ? A musical recueillement ? In the open air or indoors? Tous vos souhaits sont les bienvenus.   <\/p>\n<p>  \u00c0 vous qui avez perdu un \u00eatre cher, nous apportons soutien et \u00e9coute. Nous vous guidons sans jugement, qui que vous soyez, pour organizer ce moment avec vous, au plus proche de vos besoins, dans une atmosph\u00e8re chaleureuse.   <\/p>\n<p>We are members of the Association suisse des services fun\u00e9raires and we are committed to respecting its ethical charter.<\/p>\n<p>\u00c0 chaque d\u00e9c\u00e8s, nous apportons notre soutien \u00e0 l&#8217;association Terre des Sourires, afin de valoriser l&#8217;acc\u00e8s \u00e0 l&#8217;eau potable.<\/p>\n","protected":false},"author":6,"featured_media":16873,"parent":0,"template":"","categories":[],"tags":[],"class_list":["post-7286","standort","type-standort","status-publish","has-post-thumbnail","hentry"],"acf":{"entitats-id":"3311","teammitglieder":[{"name":"Philippe Seidel","bezeichnung":"Co-directeur","bild":{"ID":16889,"id":16889,"title":"500x500-5","filename":"500x500-5.avif","filesize":52594,"url":"https:\/\/bestatter.ch\/wp-content\/uploads\/2022\/09\/500x500-5.avif","link":"https:\/\/bestatter.ch\/en\/location\/pompes-funebres-du-leman-sarl-vevey\/500x500-5-2\/","alt":"","author":"0","description":"","caption":"","name":"500x500-5-2","status":"inherit","uploaded_to":7286,"date":"2025-12-01 13:47:35","modified":"2025-12-01 13:47:35","menu_order":0,"mime_type":"image\/png","type":"image","subtype":"png","icon":"https:\/\/bestatter.ch\/wp-includes\/images\/media\/default.png","width":500,"height":500,"sizes":{"thumbnail":"https:\/\/bestatter.ch\/wp-content\/uploads\/2022\/09\/500x500-5-150x150.avif","thumbnail-width":150,"thumbnail-height":150,"medium":"https:\/\/bestatter.ch\/wp-content\/uploads\/2022\/09\/500x500-5-300x300.avif","medium-width":300,"medium-height":300,"medium_large":"https:\/\/bestatter.ch\/wp-content\/uploads\/2022\/09\/500x500-5.avif","medium_large-width":500,"medium_large-height":500,"large":"https:\/\/bestatter.ch\/wp-content\/uploads\/2022\/09\/500x500-5.avif","large-width":500,"large-height":500,"1536x1536":"https:\/\/bestatter.ch\/wp-content\/uploads\/2022\/09\/500x500-5.avif","1536x1536-width":500,"1536x1536-height":500,"2048x2048":"https:\/\/bestatter.ch\/wp-content\/uploads\/2022\/09\/500x500-5.avif","2048x2048-width":500,"2048x2048-height":500,"vp_sm":"https:\/\/bestatter.ch\/wp-content\/uploads\/2022\/09\/500x500-5.avif","vp_sm-width":500,"vp_sm-height":500,"vp_md":"https:\/\/bestatter.ch\/wp-content\/uploads\/2022\/09\/500x500-5.avif","vp_md-width":500,"vp_md-height":500,"vp_lg":"https:\/\/bestatter.ch\/wp-content\/uploads\/2022\/09\/500x500-5.avif","vp_lg-width":500,"vp_lg-height":500,"vp_xl":"https:\/\/bestatter.ch\/wp-content\/uploads\/2022\/09\/500x500-5.avif","vp_xl-width":500,"vp_xl-height":500,"vp_sm_popup":"https:\/\/bestatter.ch\/wp-content\/uploads\/2022\/09\/500x500-5.avif","vp_sm_popup-width":500,"vp_sm_popup-height":500,"vp_md_popup":"https:\/\/bestatter.ch\/wp-content\/uploads\/2022\/09\/500x500-5.avif","vp_md_popup-width":500,"vp_md_popup-height":500,"vp_xl_popup":"https:\/\/bestatter.ch\/wp-content\/uploads\/2022\/09\/500x500-5.avif","vp_xl_popup-width":500,"vp_xl_popup-height":500}}}],"adresse":{"zeile_1":"Rue des Tilleuls 5","zeile_2":"","stadt":"Vevey","region":"VD","postleitzahl":"1800","iso-landercode":"CH"},"angebote":[{"titel":"Preparation of the body","symbol":"fas fa-hands-wash","beschreibung":"The preparation of the body is a task done with care and respect. We encourage you to participate in this moment if you wish. The body is lav\u00e9, habill\u00e9, coiff\u00e9 puis l\u00e9g\u00e8rement maquill\u00e9.  \n\nNous le mettons ensuite dans le cercueil accompagn\u00e9 de quelques fleurs"},{"titel":"Organization par les PF","symbol":"fas fa-school","beschreibung":"Annonce aux communes, \u00e0 l'\u00e9tat civil. Reservation of the place of the ceremony, the flowers and the collation. Organization of the music (organ, cd, live music).  "},{"titel":"Cr\u00e9mation \/ inhumation","symbol":"fas fa-fire","beschreibung":"Cr\u00e9mation \/ inhumation"},{"titel":"Repos du corps","symbol":"fas fa-bed","beschreibung":"While awaiting the funeral, cremation or inhumation, the body is placed in a funeral chamber or, under certain conditions, at home. The casket may be open or closed. Objects can be deposited there. It is possible to pin it, write notes, take photos or make drawings.   "},{"titel":"C\u00e9r\u00e9monie","symbol":"fas fa-place-of-worship","beschreibung":"Recueillement musical, c\u00e9r\u00e9monie religieuse, la\u00efque ou en plein air, avec le cercueil, une urn, ou sans rien. L\u00e2cher de ballons. "}],"telefon":"+41216016361","galerie":[{"ID":16877,"id":16877,"title":"1498x1000","filename":"1498x1000.avif","filesize":887063,"url":"https:\/\/bestatter.ch\/wp-content\/uploads\/2022\/09\/1498x1000.avif","link":"https:\/\/bestatter.ch\/en\/location\/pompes-funebres-du-leman-sarl-vevey\/1498x1000-2\/","alt":"","author":"0","description":"","caption":"","name":"1498x1000-2","status":"inherit","uploaded_to":7286,"date":"2025-12-01 13:45:23","modified":"2025-12-01 13:45:23","menu_order":0,"mime_type":"image\/jpeg","type":"image","subtype":"jpeg","icon":"https:\/\/bestatter.ch\/wp-includes\/images\/media\/default.png","width":1498,"height":1000,"sizes":{"thumbnail":"https:\/\/bestatter.ch\/wp-content\/uploads\/2022\/09\/1498x1000-150x150.avif","thumbnail-width":150,"thumbnail-height":150,"medium":"https:\/\/bestatter.ch\/wp-content\/uploads\/2022\/09\/1498x1000-300x200.avif","medium-width":300,"medium-height":200,"medium_large":"https:\/\/bestatter.ch\/wp-content\/uploads\/2022\/09\/1498x1000-768x513.avif","medium_large-width":640,"medium_large-height":428,"large":"https:\/\/bestatter.ch\/wp-content\/uploads\/2022\/09\/1498x1000-1024x684.avif","large-width":640,"large-height":428,"1536x1536":"https:\/\/bestatter.ch\/wp-content\/uploads\/2022\/09\/1498x1000.avif","1536x1536-width":1498,"1536x1536-height":1000,"2048x2048":"https:\/\/bestatter.ch\/wp-content\/uploads\/2022\/09\/1498x1000.avif","2048x2048-width":1498,"2048x2048-height":1000,"vp_sm":"https:\/\/bestatter.ch\/wp-content\/uploads\/2022\/09\/1498x1000-500x334.avif","vp_sm-width":500,"vp_sm-height":334,"vp_md":"https:\/\/bestatter.ch\/wp-content\/uploads\/2022\/09\/1498x1000-800x534.avif","vp_md-width":800,"vp_md-height":534,"vp_lg":"https:\/\/bestatter.ch\/wp-content\/uploads\/2022\/09\/1498x1000-1280x854.avif","vp_lg-width":1280,"vp_lg-height":854,"vp_xl":"https:\/\/bestatter.ch\/wp-content\/uploads\/2022\/09\/1498x1000.avif","vp_xl-width":1498,"vp_xl-height":1000,"vp_sm_popup":"https:\/\/bestatter.ch\/wp-content\/uploads\/2022\/09\/1498x1000-500x334.avif","vp_sm_popup-width":500,"vp_sm_popup-height":334,"vp_md_popup":"https:\/\/bestatter.ch\/wp-content\/uploads\/2022\/09\/1498x1000-800x534.avif","vp_md_popup-width":800,"vp_md_popup-height":534,"vp_xl_popup":"https:\/\/bestatter.ch\/wp-content\/uploads\/2022\/09\/1498x1000.avif","vp_xl_popup-width":1498,"vp_xl_popup-height":1000}},{"ID":16881,"id":16881,"title":"1920x1914","filename":"1920x1914.avif","filesize":70802,"url":"https:\/\/bestatter.ch\/wp-content\/uploads\/2022\/09\/1920x1914.avif","link":"https:\/\/bestatter.ch\/en\/location\/pompes-funebres-du-leman-sarl-vevey\/1920x1914-2\/","alt":"","author":"0","description":"","caption":"","name":"1920x1914-2","status":"inherit","uploaded_to":7286,"date":"2025-12-01 13:46:02","modified":"2025-12-01 13:46:02","menu_order":0,"mime_type":"image\/jpeg","type":"image","subtype":"jpeg","icon":"https:\/\/bestatter.ch\/wp-includes\/images\/media\/default.png","width":1920,"height":1914,"sizes":{"thumbnail":"https:\/\/bestatter.ch\/wp-content\/uploads\/2022\/09\/1920x1914-150x150.avif","thumbnail-width":150,"thumbnail-height":150,"medium":"https:\/\/bestatter.ch\/wp-content\/uploads\/2022\/09\/1920x1914-300x300.avif","medium-width":300,"medium-height":300,"medium_large":"https:\/\/bestatter.ch\/wp-content\/uploads\/2022\/09\/1920x1914-768x766.avif","medium_large-width":640,"medium_large-height":638,"large":"https:\/\/bestatter.ch\/wp-content\/uploads\/2022\/09\/1920x1914-1024x1021.avif","large-width":640,"large-height":638,"1536x1536":"https:\/\/bestatter.ch\/wp-content\/uploads\/2022\/09\/1920x1914-1536x1531.avif","1536x1536-width":1536,"1536x1536-height":1531,"2048x2048":"https:\/\/bestatter.ch\/wp-content\/uploads\/2022\/09\/1920x1914.avif","2048x2048-width":1920,"2048x2048-height":1914,"vp_sm":"https:\/\/bestatter.ch\/wp-content\/uploads\/2022\/09\/1920x1914-500x498.avif","vp_sm-width":500,"vp_sm-height":498,"vp_md":"https:\/\/bestatter.ch\/wp-content\/uploads\/2022\/09\/1920x1914-800x798.avif","vp_md-width":800,"vp_md-height":798,"vp_lg":"https:\/\/bestatter.ch\/wp-content\/uploads\/2022\/09\/1920x1914-1280x1276.avif","vp_lg-width":1280,"vp_lg-height":1276,"vp_xl":"https:\/\/bestatter.ch\/wp-content\/uploads\/2022\/09\/1920x1914.avif","vp_xl-width":1920,"vp_xl-height":1914,"vp_sm_popup":"https:\/\/bestatter.ch\/wp-content\/uploads\/2022\/09\/1920x1914-500x498.avif","vp_sm_popup-width":500,"vp_sm_popup-height":498,"vp_md_popup":"https:\/\/bestatter.ch\/wp-content\/uploads\/2022\/09\/1920x1914-800x798.avif","vp_md_popup-width":800,"vp_md_popup-height":798,"vp_xl_popup":"https:\/\/bestatter.ch\/wp-content\/uploads\/2022\/09\/1920x1914.avif","vp_xl_popup-width":1920,"vp_xl_popup-height":1914}}],"sprachen":[{"sprache":"Deutsch"},{"sprache":"Fran\u00e7ais"},{"sprache":"English"}],"website-url":"https:\/\/www.pfduleman.ch\/","fahigkeitsausweise":"Bestatter mit Eidgen\u00f6ssischem Fachausweis","gutesiegel":false,"lieferant":false,"bestattungsvorsorge":true,"ansprechperson":{"name":"Sarah Joliat","telefonnummer":"021 601 63 61","e-mail":"info@pfduleman.ch","bezeichnung":"Co-directrice","bestattungsvorsorge":true,"bild":{"ID":16885,"id":16885,"title":"500x500-4","filename":"500x500-4.avif","filesize":32604,"url":"https:\/\/bestatter.ch\/wp-content\/uploads\/2022\/09\/500x500-4.avif","link":"https:\/\/bestatter.ch\/en\/location\/pompes-funebres-du-leman-sarl-vevey\/500x500-4-2\/","alt":"","author":"0","description":"","caption":"","name":"500x500-4-2","status":"inherit","uploaded_to":7286,"date":"2025-12-01 13:47:28","modified":"2025-12-01 13:47:28","menu_order":0,"mime_type":"image\/png","type":"image","subtype":"png","icon":"https:\/\/bestatter.ch\/wp-includes\/images\/media\/default.png","width":500,"height":500,"sizes":{"thumbnail":"https:\/\/bestatter.ch\/wp-content\/uploads\/2022\/09\/500x500-4-150x150.avif","thumbnail-width":150,"thumbnail-height":150,"medium":"https:\/\/bestatter.ch\/wp-content\/uploads\/2022\/09\/500x500-4-300x300.avif","medium-width":300,"medium-height":300,"medium_large":"https:\/\/bestatter.ch\/wp-content\/uploads\/2022\/09\/500x500-4.avif","medium_large-width":500,"medium_large-height":500,"large":"https:\/\/bestatter.ch\/wp-content\/uploads\/2022\/09\/500x500-4.avif","large-width":500,"large-height":500,"1536x1536":"https:\/\/bestatter.ch\/wp-content\/uploads\/2022\/09\/500x500-4.avif","1536x1536-width":500,"1536x1536-height":500,"2048x2048":"https:\/\/bestatter.ch\/wp-content\/uploads\/2022\/09\/500x500-4.avif","2048x2048-width":500,"2048x2048-height":500,"vp_sm":"https:\/\/bestatter.ch\/wp-content\/uploads\/2022\/09\/500x500-4.avif","vp_sm-width":500,"vp_sm-height":500,"vp_md":"https:\/\/bestatter.ch\/wp-content\/uploads\/2022\/09\/500x500-4.avif","vp_md-width":500,"vp_md-height":500,"vp_lg":"https:\/\/bestatter.ch\/wp-content\/uploads\/2022\/09\/500x500-4.avif","vp_lg-width":500,"vp_lg-height":500,"vp_xl":"https:\/\/bestatter.ch\/wp-content\/uploads\/2022\/09\/500x500-4.avif","vp_xl-width":500,"vp_xl-height":500,"vp_sm_popup":"https:\/\/bestatter.ch\/wp-content\/uploads\/2022\/09\/500x500-4.avif","vp_sm_popup-width":500,"vp_sm_popup-height":500,"vp_md_popup":"https:\/\/bestatter.ch\/wp-content\/uploads\/2022\/09\/500x500-4.avif","vp_md_popup-width":500,"vp_md_popup-height":500,"vp_xl_popup":"https:\/\/bestatter.ch\/wp-content\/uploads\/2022\/09\/500x500-4.avif","vp_xl_popup-width":500,"vp_xl_popup-height":500}}},"e-mails":[{"e-mail":"info@pfduleman.ch"}],"lieferantenkategorien":false,"grundungsjahr":"2011","youtube-url":"","facebook-url":"https:\/\/www.facebook.com\/pfduleman","stadtkoordinaten":{"latitude":"46.4628333","longitude":"6.8419192"}},"_links":{"self":[{"href":"https:\/\/bestatter.ch\/en\/wp-json\/wp\/v2\/standort\/7286","targetHints":{"allow":["GET"]}}],"collection":[{"href":"https:\/\/bestatter.ch\/en\/wp-json\/wp\/v2\/standort"}],"about":[{"href":"https:\/\/bestatter.ch\/en\/wp-json\/wp\/v2\/types\/standort"}],"author":[{"embeddable":true,"href":"https:\/\/bestatter.ch\/en\/wp-json\/wp\/v2\/users\/6"}],"wp:featuredmedia":[{"embeddable":true,"href":"https:\/\/bestatter.ch\/en\/wp-json\/wp\/v2\/media\/16873"}],"wp:attachment":[{"href":"https:\/\/bestatter.ch\/en\/wp-json\/wp\/v2\/media?parent=7286"}],"wp:term":[{"taxonomy":"category","embeddable":true,"href":"https:\/\/bestatter.ch\/en\/wp-json\/wp\/v2\/categories?post=7286"},{"taxonomy":"post_tag","embeddable":true,"href":"https:\/\/bestatter.ch\/en\/wp-json\/wp\/v2\/tags?post=7286"}],"curies":[{"name":"wp","href":"https:\/\/api.w.org\/{rel}","templated":true}]}}